{"id":10469,"date":"2024-05-10T08:39:00","date_gmt":"2024-05-10T08:39:00","guid":{"rendered":"https:\/\/doc.becquerel.fr\/?docs=documentation-becquerel\/medecine-ezd_ampersand-soins-de-support\/service-des-aumoneries"},"modified":"2026-02-09T10:26:27","modified_gmt":"2026-02-09T10:26:27","slug":"service-des-aumoneries","status":"publish","type":"docs","link":"https:\/\/doc.becquerel.fr\/?docs=documentation-becquerel\/medecine-ezd_ampersand-soins-de-support\/service-des-aumoneries","title":{"rendered":"Service des aum\u00f4neries"},"content":{"rendered":"\t\t<div data-elementor-type=\"wp-post\" data-elementor-id=\"10469\" class=\"elementor elementor-10469\">\n\t\t\t\t<div class=\"elementor-element elementor-element-14ec2b1 e-flex e-con-boxed wpr-particle-no wpr-jarallax-no wpr-parallax-no wpr-sticky-section-no wpr-equal-height-no e-con e-parent\" data-id=\"14ec2b1\" data-element_type=\"container\" data-e-type=\"container\">\n\t\t\t\t\t<div class=\"e-con-inner\">\n\t\t\t\t<div class=\"elementor-element elementor-element-7e7f4a0 elementor-widget elementor-widget-image\" data-id=\"7e7f4a0\" data-element_type=\"widget\" data-e-type=\"widget\" data-widget_type=\"image.default\">\n\t\t\t\t<div class=\"elementor-widget-container\">\n\t\t\t\t\t\t\t\t\t\t\t\t\t\t\t<img alt=\"\" fetchpriority=\"high\" decoding=\"async\" width=\"680\" height=\"401\" src=\"https:\/\/doc.becquerel.fr\/wp-content\/uploads\/2024\/05\/8848314-14009964.jpg\" class=\"attachment-full size-full wp-image-10598\" alt=\"\" srcset=\"https:\/\/doc.becquerel.fr\/wp-content\/uploads\/2024\/05\/8848314-14009964.jpg 680w, https:\/\/doc.becquerel.fr\/wp-content\/uploads\/2024\/05\/8848314-14009964-300x177.jpg 300w, https:\/\/doc.becquerel.fr\/wp-content\/uploads\/2024\/05\/8848314-14009964-375x220.jpg 375w\" sizes=\"(max-width: 680px) 100vw, 680px\" \/>\t\t\t\t\t\t\t\t\t\t\t\t\t\t\t<\/div>\n\t\t\t\t<\/div>\n\t\t\t\t\t<\/div>\n\t\t\t\t<\/div>\n\t\t<div class=\"elementor-element elementor-element-a6d6ad0 e-flex e-con-boxed wpr-particle-no wpr-jarallax-no wpr-parallax-no wpr-sticky-section-no wpr-equal-height-no e-con e-parent\" data-id=\"a6d6ad0\" data-element_type=\"container\" data-e-type=\"container\">\n\t\t\t\t\t<div class=\"e-con-inner\">\n\t\t\t\t<div class=\"elementor-element elementor-element-d49d9ba elementor-widget elementor-widget-text-editor\" data-id=\"d49d9ba\" data-element_type=\"widget\" data-e-type=\"widget\" data-widget_type=\"text-editor.default\">\n\t\t\t\t<div class=\"elementor-widget-container\">\n\t\t\t\t\t\t\t\t\t<p>L\u2019aum\u00f4nerie est un lieu de rencontre, de recueillement et de pri\u00e8re permettant \u00e0 chaque patient ou \u00e0 sa famille de venir se ressourcer quelque soit son approche religieuse.<br \/>La coordinatrice des cultes et l\u2019\u00e9quipe des visiteurs proposent aux patients et \u00e0 leurs proches : une visite,une pr\u00e9sence fraternelle,une \u00e9coute et un dialogue en toute libert\u00e9,le partage d\u2019une pri\u00e8re,la communion et tout autre sacrement. A la demande des patients ou de leur famille la coordinatrice des cultes assure le lien avec les repr\u00e9sentants des diff\u00e9rents cultes.<\/p>\t\t\t\t\t\t\t\t<\/div>\n\t\t\t\t<\/div>\n\t\t\t\t\t<\/div>\n\t\t\t\t<\/div>\n\t\t<div class=\"elementor-element elementor-element-b93f7e4 e-flex e-con-boxed wpr-particle-no wpr-jarallax-no wpr-parallax-no wpr-sticky-section-no wpr-equal-height-no e-con e-parent\" data-id=\"b93f7e4\" data-element_type=\"container\" data-e-type=\"container\" data-settings=\"{&quot;background_background&quot;:&quot;classic&quot;}\">\n\t\t\t\t\t<div class=\"e-con-inner\">\n\t\t\t\t<div class=\"elementor-element elementor-element-01ad115 elementor-widget elementor-widget-heading\" data-id=\"01ad115\" data-element_type=\"widget\" data-e-type=\"widget\" data-widget_type=\"heading.default\">\n\t\t\t\t<div class=\"elementor-widget-container\">\n\t\t\t\t\t<h2 class=\"elementor-heading-title elementor-size-default\">Plusieurs visages<\/h2>\t\t\t\t<\/div>\n\t\t\t\t<\/div>\n\t\t\t\t<div class=\"elementor-element elementor-element-b8f198c elementor-widget elementor-widget-text-editor\" data-id=\"b8f198c\" data-element_type=\"widget\" data-e-type=\"widget\" data-widget_type=\"text-editor.default\">\n\t\t\t\t<div class=\"elementor-widget-container\">\n\t\t\t\t\t\t\t\t\t<ul class=\"has-white-color has-text-color has-link-color\">\n<li>Aum\u00f4nerie catholique<\/li>\n<!-- \/wp:list-item --><!-- wp:list-item -->\n<li>Aum\u00f4nerie protestante<\/li>\n<!-- \/wp:list-item --><!-- wp:list-item -->\n<li>Aum\u00f4nerie musulmane<\/li>\n<!-- \/wp:list-item --><!-- wp:list-item -->\n<li>Aum\u00f4nerie isra\u00e9lite<\/li>\n<\/ul>\t\t\t\t\t\t\t\t<\/div>\n\t\t\t\t<\/div>\n\t\t\t\t\t<\/div>\n\t\t\t\t<\/div>\n\t\t<div class=\"elementor-element elementor-element-0254b79 e-flex e-con-boxed wpr-particle-no wpr-jarallax-no wpr-parallax-no wpr-sticky-section-no wpr-equal-height-no e-con e-parent\" data-id=\"0254b79\" data-element_type=\"container\" data-e-type=\"container\">\n\t\t\t\t\t<div class=\"e-con-inner\">\n\t\t\t\t<div class=\"elementor-element elementor-element-be5536b elementor-widget elementor-widget-heading\" data-id=\"be5536b\" data-element_type=\"widget\" data-e-type=\"widget\" data-widget_type=\"heading.default\">\n\t\t\t\t<div class=\"elementor-widget-container\">\n\t\t\t\t\t<h2 class=\"elementor-heading-title elementor-size-default\">Une m\u00eame vocation<\/h2>\t\t\t\t<\/div>\n\t\t\t\t<\/div>\n\t\t\t\t\t<\/div>\n\t\t\t\t<\/div>\n\t\t<div class=\"elementor-element elementor-element-dcec300 e-flex e-con-boxed wpr-particle-no wpr-jarallax-no wpr-parallax-no wpr-sticky-section-no wpr-equal-height-no e-con e-parent\" data-id=\"dcec300\" data-element_type=\"container\" data-e-type=\"container\">\n\t\t\t\t\t<div class=\"e-con-inner\">\n\t\t\t\t<div class=\"elementor-element elementor-element-867305f elementor-widget elementor-widget-text-editor\" data-id=\"867305f\" data-element_type=\"widget\" data-e-type=\"widget\" data-widget_type=\"text-editor.default\">\n\t\t\t\t<div class=\"elementor-widget-container\">\n\t\t\t\t\t\t\t\t\t<p><strong>\u00abRENCONTRER, \u00c9COUTER, ACCOMPAGNER, PRIER\u00bb<\/strong><br \/>Pour les patients et leur famille, le service propose :<\/p>\n<p><!-- \/wp:paragraph --><!-- wp:list --><\/p>\n<ul><!-- wp:list-item -->\n<li>Une pr\u00e9sence fraternelle<\/li>\n<!-- \/wp:list-item --><!-- wp:list-item -->\n<li>Une \u00e9coute en toute libert\u00e9<\/li>\n<!-- \/wp:list-item --><!-- wp:list-item -->\n<li>Un accompagnement<\/li>\n<!-- \/wp:list-item --><!-- wp:list-item -->\n<li>Un dialogue dans la foi<\/li>\n<!-- \/wp:list-item --><!-- wp:list-item -->\n<li>Une pri\u00e8re<\/li>\n<!-- \/wp:list-item --><\/ul>\n<p><!-- \/wp:list --><!-- wp:paragraph --><\/p>\t\t\t\t\t\t\t\t<\/div>\n\t\t\t\t<\/div>\n\t\t\t\t\t<\/div>\n\t\t\t\t<\/div>\n\t\t<div class=\"elementor-element elementor-element-74c325a e-flex e-con-boxed wpr-particle-no wpr-jarallax-no wpr-parallax-no wpr-sticky-section-no wpr-equal-height-no e-con e-parent\" data-id=\"74c325a\" data-element_type=\"container\" data-e-type=\"container\">\n\t\t\t\t\t<div class=\"e-con-inner\">\n\t\t\t\t<div class=\"elementor-element elementor-element-78cf058 elementor-alert-info elementor-widget elementor-widget-alert\" data-id=\"78cf058\" data-element_type=\"widget\" data-e-type=\"widget\" data-widget_type=\"alert.default\">\n\t\t\t\t<div class=\"elementor-widget-container\">\n\t\t\t\t\t\t\t<div class=\"elementor-alert\" role=\"alert\">\n\n\t\t\t\t\t\t<span class=\"elementor-alert-title\">Aum\u00f4nerie catholique<\/span>\n\t\t\t\n\t\t\t\t\t\t<span class=\"elementor-alert-description\">Madame Marie Christine Ster\n<\/br>Poste 29.29 ou 06 32 24 38 77\n<\/br>Permanences \u00e0 l\u2019Aum\u00f4nerie du Centre (niveau 0)\nle lundi, mercredi et jeudi de 13h45 \u00e0 17h<\/span>\n\t\t\t\n\t\t\t\t\t\t<button type=\"button\" class=\"elementor-alert-dismiss\" aria-label=\"Ignorer cette alerte.\">\n\t\t\t\t<i aria-hidden=\"true\" class=\" icon_contacts\"><\/i>\t\t\t<\/button>\n\t\t\t\n\t\t<\/div>\n\t\t\t\t\t\t<\/div>\n\t\t\t\t<\/div>\n\t\t\t\t\t<\/div>\n\t\t\t\t<\/div>\n\t\t<div class=\"elementor-element elementor-element-098efeb e-flex e-con-boxed wpr-particle-no wpr-jarallax-no wpr-parallax-no wpr-sticky-section-no wpr-equal-height-no e-con e-parent\" data-id=\"098efeb\" data-element_type=\"container\" data-e-type=\"container\">\n\t\t\t\t\t<div class=\"e-con-inner\">\n\t\t\t\t<div class=\"elementor-element elementor-element-71b921a elementor-alert-info elementor-widget elementor-widget-alert\" data-id=\"71b921a\" data-element_type=\"widget\" data-e-type=\"widget\" data-widget_type=\"alert.default\">\n\t\t\t\t<div class=\"elementor-widget-container\">\n\t\t\t\t\t\t\t<div class=\"elementor-alert\" role=\"alert\">\n\n\t\t\t\t\t\t<span class=\"elementor-alert-title\">Aum\u00f4nerie protestante<\/span>\n\t\t\t\n\t\t\t\t\t\t<span class=\"elementor-alert-description\">Madame Violette Dehais\n<\/br>06 87 29 63 44<\/span>\n\t\t\t\n\t\t\t\t\t\t<button type=\"button\" class=\"elementor-alert-dismiss\" aria-label=\"Ignorer cette alerte.\">\n\t\t\t\t<i aria-hidden=\"true\" class=\" icon_contacts\"><\/i>\t\t\t<\/button>\n\t\t\t\n\t\t<\/div>\n\t\t\t\t\t\t<\/div>\n\t\t\t\t<\/div>\n\t\t\t\t\t<\/div>\n\t\t\t\t<\/div>\n\t\t<div class=\"elementor-element elementor-element-7b584fe e-flex e-con-boxed wpr-particle-no wpr-jarallax-no wpr-parallax-no wpr-sticky-section-no wpr-equal-height-no e-con e-parent\" data-id=\"7b584fe\" data-element_type=\"container\" data-e-type=\"container\">\n\t\t\t\t\t<div class=\"e-con-inner\">\n\t\t\t\t<div class=\"elementor-element elementor-element-3e9ea2c elementor-alert-info elementor-widget elementor-widget-alert\" data-id=\"3e9ea2c\" data-element_type=\"widget\" data-e-type=\"widget\" data-widget_type=\"alert.default\">\n\t\t\t\t<div class=\"elementor-widget-container\">\n\t\t\t\t\t\t\t<div class=\"elementor-alert\" role=\"alert\">\n\n\t\t\t\t\t\t<span class=\"elementor-alert-title\">Aum\u00f4nerie musulmane<\/span>\n\t\t\t\n\t\t\t\t\t\t<span class=\"elementor-alert-description\">Monsieur Kamal Bahhedi\n<\/br>02 32 88 80 60\n<\/br>06 67 78 54 53<\/span>\n\t\t\t\n\t\t\t\t\t\t<button type=\"button\" class=\"elementor-alert-dismiss\" aria-label=\"Ignorer cette alerte.\">\n\t\t\t\t<i aria-hidden=\"true\" class=\" icon_contacts\"><\/i>\t\t\t<\/button>\n\t\t\t\n\t\t<\/div>\n\t\t\t\t\t\t<\/div>\n\t\t\t\t<\/div>\n\t\t\t\t\t<\/div>\n\t\t\t\t<\/div>\n\t\t<div class=\"elementor-element elementor-element-1c462f9 e-flex e-con-boxed wpr-particle-no wpr-jarallax-no wpr-parallax-no wpr-sticky-section-no wpr-equal-height-no e-con e-parent\" data-id=\"1c462f9\" data-element_type=\"container\" data-e-type=\"container\" data-settings=\"{&quot;background_background&quot;:&quot;classic&quot;}\">\n\t\t\t\t\t<div class=\"e-con-inner\">\n\t\t\t\t<div class=\"elementor-element elementor-element-b68d898 elementor-widget elementor-widget-text-editor\" data-id=\"b68d898\" data-element_type=\"widget\" data-e-type=\"widget\" data-widget_type=\"text-editor.default\">\n\t\t\t\t<div class=\"elementor-widget-container\">\n\t\t\t\t\t\t\t\t\t<p style=\"text-align: center;\"><span style=\"color: #ffffff;\"><strong>UN LIEU DE SILENCE ET DE PRI\u00c8RE<br \/><\/strong><span style=\"text-align: var(--text-align); letter-spacing: 0.15px;\">se situe au niveau 0 au Centre Henri-Becquerel<\/span><\/span><\/p><p style=\"text-align: center;\"><span style=\"color: #ffffff;\">Ouvert de 8 h \u00e0 18 h\u00a0<span style=\"text-align: var(--text-align); letter-spacing: 0.15px;\">pour les personnes en soin et leur famille<\/span><\/span><\/p>\t\t\t\t\t\t\t\t<\/div>\n\t\t\t\t<\/div>\n\t\t\t\t\t<\/div>\n\t\t\t\t<\/div>\n\t\t\t\t<\/div>\n\t\t","protected":false},"excerpt":{"rendered":"<p>L\u2019aum\u00f4nerie est un lieu de rencontre, de recueillement et de pri\u00e8re permettant \u00e0 chaque patient ou \u00e0 sa famille de venir se ressourcer quelque soit son approche religieuse.La coordinatrice des cultes et l\u2019\u00e9quipe des visiteurs proposent aux patients et \u00e0 leurs proches : une visite,une pr\u00e9sence fraternelle,une \u00e9coute et un dialogue en toute libert\u00e9,le partage d\u2019une pri\u00e8re,la communion et tout autre sacrement. A la demande des patients ou de leur famille la coordinatrice des cultes assure le lien avec les repr\u00e9sentants des diff\u00e9rents cultes. Plusieurs visages Aum\u00f4nerie catholique Aum\u00f4nerie protestante Aum\u00f4nerie musulmane Aum\u00f4nerie isra\u00e9lite Une m\u00eame vocation \u00abRENCONTRER, \u00c9COUTER, ACCOMPAGNER, PRIER\u00bbPour les patients et leur famille, le service propose : Une pr\u00e9sence fraternelle Une \u00e9coute en toute libert\u00e9 Un accompagnement Un dialogue dans la foi Une pri\u00e8re Aum\u00f4nerie catholique Madame Marie Christine Ster Poste 29.29 ou 06 32 24 38 77 Permanences \u00e0 l\u2019Aum\u00f4nerie du Centre (niveau 0) le lundi, mercredi et jeudi de 13h45 \u00e0 17h Ignorer cette alerte. Aum\u00f4nerie protestante Madame Violette Dehais 06 87 29 63 44 Ignorer cette alerte. Aum\u00f4nerie musulmane Monsieur Kamal Bahhedi 02 32 88 80 60 06 67 78 54 53 Ignorer cette alerte. UN LIEU DE SILENCE ET DE PRI\u00c8REse situe au niveau 0 au Centre Henri-Becquerel Ouvert de 8 h \u00e0 18 h\u00a0pour les personnes en soin et leur famille<\/p>\n","protected":false},"author":2,"featured_media":0,"parent":10467,"menu_order":12,"comment_status":"open","ping_status":"closed","template":"","doc_tag":[],"doc_badge":[],"class_list":["post-10469","docs","type-docs","status-publish","hentry","no-post-thumbnail"],"acf":[],"author_avatar":"https:\/\/secure.gravatar.com\/avatar\/7db39f09eb31979b238e6f566271ef1698ceafd44f34bcd05e22afdceac12d53?s=96&d=mm&r=g","author_name":"Anthony Martinez","_links":{"self":[{"href":"https:\/\/doc.becquerel.fr\/index.php?rest_route=\/wp\/v2\/docs\/10469","targetHints":{"allow":["GET"]}}],"collection":[{"href":"https:\/\/doc.becquerel.fr\/index.php?rest_route=\/wp\/v2\/docs"}],"about":[{"href":"https:\/\/doc.becquerel.fr\/index.php?rest_route=\/wp\/v2\/types\/docs"}],"author":[{"embeddable":true,"href":"https:\/\/doc.becquerel.fr\/index.php?rest_route=\/wp\/v2\/users\/2"}],"replies":[{"embeddable":true,"href":"https:\/\/doc.becquerel.fr\/index.php?rest_route=%2Fwp%2Fv2%2Fcomments&post=10469"}],"version-history":[{"count":7,"href":"https:\/\/doc.becquerel.fr\/index.php?rest_route=\/wp\/v2\/docs\/10469\/revisions"}],"predecessor-version":[{"id":10601,"href":"https:\/\/doc.becquerel.fr\/index.php?rest_route=\/wp\/v2\/docs\/10469\/revisions\/10601"}],"up":[{"embeddable":true,"href":"https:\/\/doc.becquerel.fr\/index.php?rest_route=\/wp\/v2\/docs\/10467"}],"wp:attachment":[{"href":"https:\/\/doc.becquerel.fr\/index.php?rest_route=%2Fwp%2Fv2%2Fmedia&parent=10469"}],"wp:term":[{"taxonomy":"doc_tag","embeddable":true,"href":"https:\/\/doc.becquerel.fr\/index.php?rest_route=%2Fwp%2Fv2%2Fdoc_tag&post=10469"},{"taxonomy":"doc_badge","embeddable":true,"href":"https:\/\/doc.becquerel.fr\/index.php?rest_route=%2Fwp%2Fv2%2Fdoc_badge&post=10469"}],"curies":[{"name":"wp","href":"https:\/\/api.w.org\/{rel}","templated":true}]}}