{"id":11621,"date":"2025-02-11T13:38:05","date_gmt":"2025-02-11T13:38:05","guid":{"rendered":"https:\/\/doc.becquerel.fr\/?docs=documentation-becquerel\/hopital-de-jour\/livret-daccueil-hdj"},"modified":"2026-02-09T10:26:27","modified_gmt":"2026-02-09T10:26:27","slug":"livret-daccueil-hopital-de-jour","status":"publish","type":"docs","link":"https:\/\/doc.becquerel.fr\/?docs=documentation-becquerel\/hopital-de-jour\/livret-daccueil-hopital-de-jour","title":{"rendered":"Livret d&#039;accueil H\u00f4pital de jour"},"content":{"rendered":"\t\t<div data-elementor-type=\"wp-post\" data-elementor-id=\"11621\" class=\"elementor elementor-11621\">\n\t\t\t\t<div class=\"elementor-element elementor-element-33baca8 e-flex e-con-boxed wpr-particle-no wpr-jarallax-no wpr-parallax-no wpr-sticky-section-no wpr-equal-height-no e-con e-parent\" data-id=\"33baca8\" data-element_type=\"container\" data-e-type=\"container\">\n\t\t\t\t\t<div class=\"e-con-inner\">\n\t\t\t\t<div class=\"elementor-element elementor-element-10a9566 elementor-widget elementor-widget-image\" data-id=\"10a9566\" data-element_type=\"widget\" data-e-type=\"widget\" data-widget_type=\"image.default\">\n\t\t\t\t<div class=\"elementor-widget-container\">\n\t\t\t\t\t\t\t\t\t\t\t\t\t\t\t<img alt=\"\" fetchpriority=\"high\" decoding=\"async\" width=\"681\" height=\"575\" src=\"https:\/\/doc.becquerel.fr\/wp-content\/uploads\/2025\/02\/Capture-decran-2025-02-10-160150.png\" class=\"attachment-large size-large wp-image-11417\" alt=\"\" srcset=\"https:\/\/doc.becquerel.fr\/wp-content\/uploads\/2025\/02\/Capture-decran-2025-02-10-160150.png 681w, https:\/\/doc.becquerel.fr\/wp-content\/uploads\/2025\/02\/Capture-decran-2025-02-10-160150-300x253.png 300w\" sizes=\"(max-width: 681px) 100vw, 681px\" \/>\t\t\t\t\t\t\t\t\t\t\t\t\t\t\t<\/div>\n\t\t\t\t<\/div>\n\t\t\t\t<div class=\"elementor-element elementor-element-6359547 elementor-widget elementor-widget-text-editor\" data-id=\"6359547\" data-element_type=\"widget\" data-e-type=\"widget\" data-widget_type=\"text-editor.default\">\n\t\t\t\t<div class=\"elementor-widget-container\">\n\t\t\t\t\t\t\t\t\t<blockquote><p>Ce livret a pour objet de vous accompagner tout au long de votre prise en charge en H\u00f4pital de Jour. Nous esp\u00e9rons qu\u2019il vous aidera \u00e0 mieux comprendre votre parcours de soins et qu\u2019il r\u00e9pondra \u00e0 vos diff\u00e9rentes interrogations.<\/p><p><em>L\u2019\u00e9quipe de l\u2019H\u00f4pital de Jour<\/em><\/p><\/blockquote>\t\t\t\t\t\t\t\t<\/div>\n\t\t\t\t<\/div>\n\t\t\t\t\t<\/div>\n\t\t\t\t<\/div>\n\t\t<div class=\"elementor-element elementor-element-500bb09 e-flex e-con-boxed wpr-particle-no wpr-jarallax-no wpr-parallax-no wpr-sticky-section-no wpr-equal-height-no e-con e-parent\" data-id=\"500bb09\" data-element_type=\"container\" data-e-type=\"container\">\n\t\t\t\t\t<div class=\"e-con-inner\">\n\t\t\t\t<div class=\"elementor-element elementor-element-f67c7a7 elementor-widget elementor-widget-heading\" data-id=\"f67c7a7\" data-element_type=\"widget\" data-e-type=\"widget\" data-widget_type=\"heading.default\">\n\t\t\t\t<div class=\"elementor-widget-container\">\n\t\t\t\t\t<h2 class=\"elementor-heading-title elementor-size-default\">JOINDRE L\u2019H\u00d4PITAL DE JOUR<\/h2>\t\t\t\t<\/div>\n\t\t\t\t<\/div>\n\t\t\t\t<div class=\"elementor-element elementor-element-0daa889 elementor-widget elementor-widget-text-editor\" data-id=\"0daa889\" data-element_type=\"widget\" data-e-type=\"widget\" data-widget_type=\"text-editor.default\">\n\t\t\t\t<div class=\"elementor-widget-container\">\n\t\t\t\t\t\t\t\t\t<p><strong>EN CAS DE MODIFICATION DE RENDEZ-VOUS : 02 32 08 29 15<\/strong><\/p><p><strong>EN CAS D\u2019ORGANISATION DE TRANSFUSION : 02 32 08 24 52<\/strong><\/p><p><strong>EN CAS DE PROBL\u00c8ME M\u00c9DICAL<\/strong><br \/>\u2022 En journ\u00e9e et semaine : 02 32 08 24 50 ou 02 32 08 22 29 ou 02 76 67 30 29<br \/>\u2022 En dehors des horaires d\u2019ouverture de l\u2019H\u00f4pital de Jour : 02 32 08 22 22<br \/>Le weekend, la nuit et les jours f\u00e9ri\u00e9s, un m\u00e9decin, en relation avec un oncologue et h\u00e9matologue d\u2019astreinte, assure la permanence des soins au Centre Henri Becquerel.<\/p><p><strong>POUR TRANSMETTRE VOS R\u00c9SULTATS DE PRISE DE SANG PAR FAX<br \/>\u2022 Vous \u00eates pris en charge en oncologie : 02 32 08 22 84<br \/>\u2022 Vous \u00eates pris en charge en h\u00e9matologie : 02 32 08 25 55<\/strong><\/p>\t\t\t\t\t\t\t\t<\/div>\n\t\t\t\t<\/div>\n\t\t\t\t<div class=\"elementor-element elementor-element-fd0b3bd elementor-widget elementor-widget-spacer\" data-id=\"fd0b3bd\" data-element_type=\"widget\" data-e-type=\"widget\" data-widget_type=\"spacer.default\">\n\t\t\t\t<div class=\"elementor-widget-container\">\n\t\t\t\t\t\t\t<div class=\"elementor-spacer\">\n\t\t\t<div class=\"elementor-spacer-inner\"><\/div>\n\t\t<\/div>\n\t\t\t\t\t\t<\/div>\n\t\t\t\t<\/div>\n\t\t\t\t<div class=\"elementor-element elementor-element-4d75be9 elementor-widget elementor-widget-heading\" data-id=\"4d75be9\" data-element_type=\"widget\" data-e-type=\"widget\" data-widget_type=\"heading.default\">\n\t\t\t\t<div class=\"elementor-widget-container\">\n\t\t\t\t\t<h2 class=\"elementor-heading-title elementor-size-default\">L\u2019H\u00d4PITAL DE JOUR<\/h2>\t\t\t\t<\/div>\n\t\t\t\t<\/div>\n\t\t\t\t\t<\/div>\n\t\t\t\t<\/div>\n\t\t<div class=\"elementor-element elementor-element-2867217 e-flex e-con-boxed wpr-particle-no wpr-jarallax-no wpr-parallax-no wpr-sticky-section-no wpr-equal-height-no e-con e-parent\" data-id=\"2867217\" data-element_type=\"container\" data-e-type=\"container\">\n\t\t\t\t\t<div class=\"e-con-inner\">\n\t\t<div class=\"elementor-element elementor-element-9ead3b0 e-con-full e-flex wpr-particle-no wpr-jarallax-no wpr-parallax-no wpr-sticky-section-no wpr-equal-height-no e-con e-child\" data-id=\"9ead3b0\" data-element_type=\"container\" data-e-type=\"container\">\n\t\t\t\t<div class=\"elementor-element elementor-element-526885e elementor-widget elementor-widget-text-editor\" data-id=\"526885e\" data-element_type=\"widget\" data-e-type=\"widget\" data-widget_type=\"text-editor.default\">\n\t\t\t\t<div class=\"elementor-widget-container\">\n\t\t\t\t\t\t\t\t\t<p>L\u2019H\u00f4pital de Jour est situ\u00e9 au niveau 1 du b\u00e2timent d\u2019hospitalisation du Centre Henri Becquerel. Il accueille deux sp\u00e9cialit\u00e9s : l\u2019oncologie et l\u2019h\u00e9matologie. Il est ouvert du lundi au vendredi de 8h30 \u00e0 18h30.<\/p><p>L\u2019\u00e9quipe qui vous prendra en charge comporte :<\/p><ul><li>1 cadre = infirmier ;<\/li><li>3 infirmi\u00e8res coordinatrices ;<\/li><li>1 assistante m\u00e9dicale ;<\/li><li>Des infirmiers ;<\/li><li>Des aides-soignantes ;<\/li><li>Des infirmi\u00e8res de pratique avanc\u00e9e ;<\/li><li>Des m\u00e9decins ;<\/li><li>Des \u00e9tudiants hospitaliers qui suivent aussi leur formation dans cette unit\u00e9.<\/li><\/ul>\t\t\t\t\t\t\t\t<\/div>\n\t\t\t\t<\/div>\n\t\t\t\t<\/div>\n\t\t<div class=\"elementor-element elementor-element-ba878f2 e-con-full e-flex wpr-particle-no wpr-jarallax-no wpr-parallax-no wpr-sticky-section-no wpr-equal-height-no e-con e-child\" data-id=\"ba878f2\" data-element_type=\"container\" data-e-type=\"container\">\n\t\t\t\t<div class=\"elementor-element elementor-element-5c2269f elementor-widget elementor-widget-text-editor\" data-id=\"5c2269f\" data-element_type=\"widget\" data-e-type=\"widget\" data-widget_type=\"text-editor.default\">\n\t\t\t\t<div class=\"elementor-widget-container\">\n\t\t\t\t\t\t\t\t\t<p>L\u2019attribution des places s\u2019effectue selon diff\u00e9rents crit\u00e8res, tels que la dur\u00e9e du traitement sur la journ\u00e9e, les premi\u00e8res cures de chimioth\u00e9rapie, l\u2019\u00e9tat de fatigue du patient, d\u2019\u00e9ventuels examens \u00e0 r\u00e9aliser en chambre seule et les disponibilit\u00e9s des chambres.<\/p><p>Les patients sont pris en charge en H\u00f4pital de Jour pour :<\/p><ul><li>L\u2019administration d\u2019un traitement par voie intra-veineuse ou sous-cutan\u00e9e (chimioth\u00e9rapie) ;<\/li><li>Une consultation m\u00e9dicale pour la prise d\u2019un traitement de chimioth\u00e9rapie par comprim\u00e9s \u00e0 domicile ;<\/li><li>Des transfusions sanguines ;<\/li><li>Des ponctions (ascite, pleurale, lombaire) ;<\/li><li>La surveillance de protocoles de recherche clinique.<\/li><\/ul>\t\t\t\t\t\t\t\t<\/div>\n\t\t\t\t<\/div>\n\t\t\t\t<\/div>\n\t\t<div class=\"elementor-element elementor-element-c159025 e-con-full e-flex wpr-particle-no wpr-jarallax-no wpr-parallax-no wpr-sticky-section-no wpr-equal-height-no e-con e-child\" data-id=\"c159025\" data-element_type=\"container\" data-e-type=\"container\">\n\t\t\t\t<div class=\"elementor-element elementor-element-b30ab23 elementor-widget elementor-widget-text-editor\" data-id=\"b30ab23\" data-element_type=\"widget\" data-e-type=\"widget\" data-widget_type=\"text-editor.default\">\n\t\t\t\t<div class=\"elementor-widget-container\">\n\t\t\t\t\t\t\t\t\t<p>L\u2019unit\u00e9 dispose de 44 places : 22 places en Oncologie et 22 places en H\u00e9matologie. Elle dispose \u00e9galement d\u2019une place dans une salle de soins d\u00e9di\u00e9e au parcours \u00ab injections sous cutan\u00e9es \u00bb.<\/p><p>L\u2019H\u00f4pital de Jour accueille en moyenne 130 patients par jour.<\/p>\t\t\t\t\t\t\t\t<\/div>\n\t\t\t\t<\/div>\n\t\t\t\t<div class=\"elementor-element elementor-element-09d1cee elementor-widget elementor-widget-text-editor\" data-id=\"09d1cee\" data-element_type=\"widget\" data-e-type=\"widget\" data-widget_type=\"text-editor.default\">\n\t\t\t\t<div class=\"elementor-widget-container\">\n\t\t\t\t\t\t\t\t\t<p>Votre venue en H\u00f4pital de Jour peut \u00eatre l\u2019occasion de\u00a0<strong>d\u00e9signer votre personne de confiance<\/strong>. Pour cela, il vous suffit de remettre le formulaire de d\u00e9signation rempli \u00e0 l\u2019infirmi\u00e8re coordinatrice.<\/p>\t\t\t\t\t\t\t\t<\/div>\n\t\t\t\t<\/div>\n\t\t\t\t<\/div>\n\t\t\t\t\t<\/div>\n\t\t\t\t<\/div>\n\t\t<div class=\"elementor-element elementor-element-71ebfcc e-flex e-con-boxed wpr-particle-no wpr-jarallax-no wpr-parallax-no wpr-sticky-section-no wpr-equal-height-no e-con e-parent\" data-id=\"71ebfcc\" data-element_type=\"container\" data-e-type=\"container\">\n\t\t\t\t\t<div class=\"e-con-inner\">\n\t\t<div class=\"elementor-element elementor-element-1e6a3fa e-con-full e-flex wpr-particle-no wpr-jarallax-no wpr-parallax-no wpr-sticky-section-no wpr-equal-height-no e-con e-child\" data-id=\"1e6a3fa\" data-element_type=\"container\" data-e-type=\"container\">\n\t\t\t\t<div class=\"elementor-element elementor-element-f06d46e elementor-widget-divider--view-line elementor-widget elementor-widget-divider\" data-id=\"f06d46e\" data-element_type=\"widget\" data-e-type=\"widget\" data-widget_type=\"divider.default\">\n\t\t\t\t<div class=\"elementor-widget-container\">\n\t\t\t\t\t\t\t<div class=\"elementor-divider\">\n\t\t\t<span class=\"elementor-divider-separator\">\n\t\t\t\t\t\t<\/span>\n\t\t<\/div>\n\t\t\t\t\t\t<\/div>\n\t\t\t\t<\/div>\n\t\t\t\t<div class=\"elementor-element elementor-element-2ed6c46 elementor-widget elementor-widget-heading\" data-id=\"2ed6c46\" data-element_type=\"widget\" data-e-type=\"widget\" data-widget_type=\"heading.default\">\n\t\t\t\t<div class=\"elementor-widget-container\">\n\t\t\t\t\t<h2 class=\"elementor-heading-title elementor-size-default\">LE JOUR DE VOTRE RDV<\/h2>\t\t\t\t<\/div>\n\t\t\t\t<\/div>\n\t\t\t\t<div class=\"elementor-element elementor-element-826d3ce elementor-widget elementor-widget-text-editor\" data-id=\"826d3ce\" data-element_type=\"widget\" data-e-type=\"widget\" data-widget_type=\"text-editor.default\">\n\t\t\t\t<div class=\"elementor-widget-container\">\n\t\t\t\t\t\t\t\t\t<p><strong>D\u00e8s votre arriv\u00e9e au Centre vous devez vous enregistrer :<\/strong><br \/>\u2022 Soit aupr\u00e8s des h\u00f4tesses ;<br \/>\u2022 Soit au niveau des bornes, par lecture de votre Carte Identifiant \u00e9tablie lors de votre premi\u00e8re visite.<\/p><p><strong>Vous devez ensuite vous rendre \u00e0 l\u2019accueil de l\u2019H\u00f4pital de Jour<\/strong>\u00a0situ\u00e9 dans le Hall du niveau 1. Vous serez accueilli par un agent d\u2019accueil qui s\u2019occupera, si n\u00e9cessaire, de l\u2019\u00e9dition de votre bon de transport qui sera \u00e0 faire signer par le m\u00e9decin.<\/p><p>Cet agent vous orientera selon votre parcours en H\u00f4pital de Jour en salle d\u2019attente, en salle de consultation, ou vous communiquera votre num\u00e9ro de chambre. Votre arriv\u00e9e dans le service sera ainsi enregistr\u00e9e informatiquement afin que toute l\u2019\u00e9quipe soit pr\u00e9venue de votre pr\u00e9sence.<\/p>\t\t\t\t\t\t\t\t<\/div>\n\t\t\t\t<\/div>\n\t\t\t\t<div class=\"elementor-element elementor-element-c829b31 elementor-widget-divider--view-line elementor-widget elementor-widget-divider\" data-id=\"c829b31\" data-element_type=\"widget\" data-e-type=\"widget\" data-widget_type=\"divider.default\">\n\t\t\t\t<div class=\"elementor-widget-container\">\n\t\t\t\t\t\t\t<div class=\"elementor-divider\">\n\t\t\t<span class=\"elementor-divider-separator\">\n\t\t\t\t\t\t<\/span>\n\t\t<\/div>\n\t\t\t\t\t\t<\/div>\n\t\t\t\t<\/div>\n\t\t\t\t<\/div>\n\t\t<div class=\"elementor-element elementor-element-cd365ce e-con-full e-flex wpr-particle-no wpr-jarallax-no wpr-parallax-no wpr-sticky-section-no wpr-equal-height-no e-con e-child\" data-id=\"cd365ce\" data-element_type=\"container\" data-e-type=\"container\">\n\t\t\t\t<div class=\"elementor-element elementor-element-1adbd0f elementor-widget elementor-widget-heading\" data-id=\"1adbd0f\" data-element_type=\"widget\" data-e-type=\"widget\" data-widget_type=\"heading.default\">\n\t\t\t\t<div class=\"elementor-widget-container\">\n\t\t\t\t\t<h3 class=\"elementor-heading-title elementor-size-default\">L\u2019ATTENTE<\/h3>\t\t\t\t<\/div>\n\t\t\t\t<\/div>\n\t\t\t\t<div class=\"elementor-element elementor-element-aab6724 elementor-widget elementor-widget-text-editor\" data-id=\"aab6724\" data-element_type=\"widget\" data-e-type=\"widget\" data-widget_type=\"text-editor.default\">\n\t\t\t\t<div class=\"elementor-widget-container\">\n\t\t\t\t\t\t\t\t\t<p>Nous nous effor\u00e7ons au maximum de r\u00e9duire votre attente. N\u00e9anmoins, votre venue en H\u00f4pital de Jour correspond \u00e0 une prise en charge qui doit r\u00e9pondre \u00e0 des consignes de s\u00e9curit\u00e9 strictes et des contr\u00f4les successifs, de la prescription \u00e0 l\u2019administration de votre traitement (m\u00e9decins, pharmaciens, infirmiers), ce qui explique souvent les temps d\u2019attente.<\/p><p>Il existe une t\u00e9l\u00e9vision dont la prestation est gratuite dans les chambres ainsi qu\u2019en salle d\u2019attente.<\/p><p>N\u2019h\u00e9sitez pas \u00e0 amener de la lecture, de la musique ou des activit\u00e9s manuelles pour vous occuper durant cette hospitalisation \u00e0 la journ\u00e9e.<\/p>\t\t\t\t\t\t\t\t<\/div>\n\t\t\t\t<\/div>\n\t\t\t\t<\/div>\n\t\t<div class=\"elementor-element elementor-element-427cd06 e-con-full e-flex wpr-particle-no wpr-jarallax-no wpr-parallax-no wpr-sticky-section-no wpr-equal-height-no e-con e-child\" data-id=\"427cd06\" data-element_type=\"container\" data-e-type=\"container\">\n\t\t\t\t<div class=\"elementor-element elementor-element-402011d elementor-widget elementor-widget-heading\" data-id=\"402011d\" data-element_type=\"widget\" data-e-type=\"widget\" data-widget_type=\"heading.default\">\n\t\t\t\t<div class=\"elementor-widget-container\">\n\t\t\t\t\t<h3 class=\"elementor-heading-title elementor-size-default\">L\u2019ACCOMPAGNEMENT<\/h3>\t\t\t\t<\/div>\n\t\t\t\t<\/div>\n\t\t\t\t<div class=\"elementor-element elementor-element-f8cd085 elementor-widget elementor-widget-text-editor\" data-id=\"f8cd085\" data-element_type=\"widget\" data-e-type=\"widget\" data-widget_type=\"text-editor.default\">\n\t\t\t\t<div class=\"elementor-widget-container\">\n\t\t\t\t\t\t\t\t\t<p>Vous pouvez \u00eatre accompagn\u00e9 d\u2019un proche pendant la s\u00e9ance. Cependant nous souhaitons vous sensibiliser au fait que l\u2019H\u00f4pital de Jour doit faire face \u00e0 une forte affluence et des contraintes logistiques comme le fait de disposer majoritairement de chambres doubles.<\/p><p>De ce fait nous vous conseillons si possible de vous rendre seul \u00e0 votre rendez-vous.<\/p><p>Si vous souhaitez \u00eatre accompagn\u00e9 nous comptons sur votre compr\u00e9hension quand il sera demand\u00e9 \u00e0 votre accompagnant de sortir de la chambre \u00e0 certains moments et de respecter les consignes de l\u2019\u00e9quipe soignante.<\/p>\t\t\t\t\t\t\t\t<\/div>\n\t\t\t\t<\/div>\n\t\t\t\t<\/div>\n\t\t\t\t\t<\/div>\n\t\t\t\t<\/div>\n\t\t<div class=\"elementor-element elementor-element-79de8e0 e-flex e-con-boxed wpr-particle-no wpr-jarallax-no wpr-parallax-no wpr-sticky-section-no wpr-equal-height-no e-con e-parent\" data-id=\"79de8e0\" data-element_type=\"container\" data-e-type=\"container\">\n\t\t\t\t\t<div class=\"e-con-inner\">\n\t\t\t\t<div class=\"elementor-element elementor-element-2c09b02 elementor-widget-divider--view-line elementor-widget elementor-widget-divider\" data-id=\"2c09b02\" data-element_type=\"widget\" data-e-type=\"widget\" data-widget_type=\"divider.default\">\n\t\t\t\t<div class=\"elementor-widget-container\">\n\t\t\t\t\t\t\t<div class=\"elementor-divider\">\n\t\t\t<span class=\"elementor-divider-separator\">\n\t\t\t\t\t\t<\/span>\n\t\t<\/div>\n\t\t\t\t\t\t<\/div>\n\t\t\t\t<\/div>\n\t\t\t\t<div class=\"elementor-element elementor-element-785012d elementor-widget elementor-widget-heading\" data-id=\"785012d\" data-element_type=\"widget\" data-e-type=\"widget\" data-widget_type=\"heading.default\">\n\t\t\t\t<div class=\"elementor-widget-container\">\n\t\t\t\t\t<h3 class=\"elementor-heading-title elementor-size-default\">LES REPAS<\/h3>\t\t\t\t<\/div>\n\t\t\t\t<\/div>\n\t\t\t\t<div class=\"elementor-element elementor-element-8b0bf58 elementor-widget elementor-widget-text-editor\" data-id=\"8b0bf58\" data-element_type=\"widget\" data-e-type=\"widget\" data-widget_type=\"text-editor.default\">\n\t\t\t\t<div class=\"elementor-widget-container\">\n\t\t\t\t\t\t\t\t\t<p>Pour les patients hospitalis\u00e9s toute la journ\u00e9e et install\u00e9s dans des chambres, un repas est servi vers 12h. Pour les patients pr\u00e9sents sur l\u2019heure du d\u00e9jeuner, des tickets sont distribu\u00e9s par l\u2019aide-soignante afin que vous puissiez vous restaurer \u00e0 la caf\u00e9t\u00e9ria qui se situe au m\u00eame \u00e9tage (niveau 1), une fois la visite m\u00e9dicale effectu\u00e9e.<\/p><p><strong>Si vous avez un r\u00e9gime particulier, merci de le signaler d\u00e8s votre arriv\u00e9e \u00e0 l\u2019accueil de l\u2019H\u00f4pital de Jour.<\/strong><\/p>\t\t\t\t\t\t\t\t<\/div>\n\t\t\t\t<\/div>\n\t\t\t\t<div class=\"elementor-element elementor-element-f926db9 elementor-widget-divider--view-line elementor-widget elementor-widget-divider\" data-id=\"f926db9\" data-element_type=\"widget\" data-e-type=\"widget\" data-widget_type=\"divider.default\">\n\t\t\t\t<div class=\"elementor-widget-container\">\n\t\t\t\t\t\t\t<div class=\"elementor-divider\">\n\t\t\t<span class=\"elementor-divider-separator\">\n\t\t\t\t\t\t<\/span>\n\t\t<\/div>\n\t\t\t\t\t\t<\/div>\n\t\t\t\t<\/div>\n\t\t\t\t<div class=\"elementor-element elementor-element-7a331f9 elementor-widget elementor-widget-heading\" data-id=\"7a331f9\" data-element_type=\"widget\" data-e-type=\"widget\" data-widget_type=\"heading.default\">\n\t\t\t\t<div class=\"elementor-widget-container\">\n\t\t\t\t\t<h3 class=\"elementor-heading-title elementor-size-default\">L\u2019IDENTITOVIGILANCE <\/h3>\t\t\t\t<\/div>\n\t\t\t\t<\/div>\n\t\t\t\t<div class=\"elementor-element elementor-element-73731bb elementor-widget elementor-widget-text-editor\" data-id=\"73731bb\" data-element_type=\"widget\" data-e-type=\"widget\" data-widget_type=\"text-editor.default\">\n\t\t\t\t<div class=\"elementor-widget-container\">\n\t\t\t\t\t\t\t\t\t<p><strong>Mon identit\u00e9 c\u2019est ma s\u00e9curit\u00e9 !<\/strong><\/p><p><strong>Pourquoi s\u2019assurer de votre identit\u00e9 \u00e0 chaque \u00e9tape cl\u00e9 de votre passage ?<\/strong><br \/>La v\u00e9rification de votre identit\u00e9 permet d\u2019assurer \u00e0 tout moment que l\u2019on d\u00e9livre\u00a0<strong>le BON SOIN AU BON PATIENT<\/strong>. Cela \u00e9vite la confusion en cas de patients homonymes, de patients qui ont des difficult\u00e9s \u00e0 s\u2019exprimer ou en situation d\u2019urgence.<\/p><p>En H\u00f4pital de Jour votre carte identifiant CHB vous sera r\u00e9clam\u00e9e afin d\u2019effectuer ces contr\u00f4les. De plus nous solliciterons votre participation afin de d\u00e9cliner ou v\u00e9rifier votre d\u2019identit\u00e9 au cours de soins tels que la transfusion ou la pose de chimioth\u00e9rapie, pour votre s\u00e9curit\u00e9.<\/p><p>Pensez \u00e0 v\u00e9rifier l\u2019exactitude et concordance de vos documents : carte nationale d\u2019identit\u00e9, passeport, titre ou carte de s\u00e9jour.<\/p><p>Si vous constatez une erreur, ou en cas de doute, parlez en sans tarder au bureau des entr\u00e9es ou aux soignants. Si vous avez chang\u00e9 de nom d\u2019usage, pensez \u00e0 actualiser vos documents et \u00e0 nous avertir.<\/p>\t\t\t\t\t\t\t\t<\/div>\n\t\t\t\t<\/div>\n\t\t\t\t<div class=\"elementor-element elementor-element-d3f3267 elementor-widget elementor-widget-image\" data-id=\"d3f3267\" data-element_type=\"widget\" data-e-type=\"widget\" data-widget_type=\"image.default\">\n\t\t\t\t<div class=\"elementor-widget-container\">\n\t\t\t\t\t\t\t\t\t\t\t\t\t\t\t<img alt=\"\" decoding=\"async\" width=\"448\" height=\"288\" src=\"https:\/\/doc.becquerel.fr\/wp-content\/uploads\/2025\/02\/Capture-decran-2025-02-10-160309.png\" class=\"attachment-large size-large wp-image-11416\" alt=\"\" srcset=\"https:\/\/doc.becquerel.fr\/wp-content\/uploads\/2025\/02\/Capture-decran-2025-02-10-160309.png 448w, https:\/\/doc.becquerel.fr\/wp-content\/uploads\/2025\/02\/Capture-decran-2025-02-10-160309-300x193.png 300w, https:\/\/doc.becquerel.fr\/wp-content\/uploads\/2025\/02\/Capture-decran-2025-02-10-160309-60x40.png 60w\" sizes=\"(max-width: 448px) 100vw, 448px\" \/>\t\t\t\t\t\t\t\t\t\t\t\t\t\t\t<\/div>\n\t\t\t\t<\/div>\n\t\t\t\t<div class=\"elementor-element elementor-element-71cffda elementor-widget elementor-widget-spacer\" data-id=\"71cffda\" data-element_type=\"widget\" data-e-type=\"widget\" data-widget_type=\"spacer.default\">\n\t\t\t\t<div class=\"elementor-widget-container\">\n\t\t\t\t\t\t\t<div class=\"elementor-spacer\">\n\t\t\t<div class=\"elementor-spacer-inner\"><\/div>\n\t\t<\/div>\n\t\t\t\t\t\t<\/div>\n\t\t\t\t<\/div>\n\t\t\t\t\t<\/div>\n\t\t\t\t<\/div>\n\t\t<div class=\"elementor-element elementor-element-1daa28b e-flex e-con-boxed wpr-particle-no wpr-jarallax-no wpr-parallax-no wpr-sticky-section-no wpr-equal-height-no e-con e-parent\" data-id=\"1daa28b\" data-element_type=\"container\" data-e-type=\"container\" data-settings=\"{&quot;background_background&quot;:&quot;classic&quot;}\">\n\t\t\t\t\t<div class=\"e-con-inner\">\n\t\t\t\t<div class=\"elementor-element elementor-element-49cecf4 elementor-widget elementor-widget-heading\" data-id=\"49cecf4\" data-element_type=\"widget\" data-e-type=\"widget\" data-widget_type=\"heading.default\">\n\t\t\t\t<div class=\"elementor-widget-container\">\n\t\t\t\t\t<h2 class=\"elementor-heading-title elementor-size-default\">NE PAS OUBLIER<\/h2>\t\t\t\t<\/div>\n\t\t\t\t<\/div>\n\t\t\t\t<div class=\"elementor-element elementor-element-ead6845 elementor-widget elementor-widget-text-editor\" data-id=\"ead6845\" data-element_type=\"widget\" data-e-type=\"widget\" data-widget_type=\"text-editor.default\">\n\t\t\t\t<div class=\"elementor-widget-container\">\n\t\t\t\t\t\t\t\t\t<ul><li>Une tenue vestimentaire confortable et adapt\u00e9e (chemise, chemisier, gilet) pour faciliter l\u2019accessibilit\u00e9 \u00e0 la chambre implantable ou cath\u00e9ter central. Pensez \u00e0 retirer tout collier pour ne pas entraver les soins ;<\/li><li>Si besoin un patch d\u2019EMLA\u2122 prescrit par le m\u00e9decin le jour de la chimioth\u00e9rapie pr\u00e9c\u00e9dente ;<\/li><li>Si besoin un anti\u00e9m\u00e9tique EMEND\u2122 ;<\/li><li>L\u2019ordonnance des m\u00e9dicaments en cours ;<\/li><li>Les coordonn\u00e9es de l\u2019ambulancier :\u00a0<strong>nous vous laissons le soin de rappeler votre ambulancier pour organiser votre retour \u00e0 domicile.<\/strong><\/li><\/ul><p><strong>N\u2019oubliez pas de repartir avec vos rendez-vous pour votre prochaine venue ainsi que vos ordonnances.<\/strong><\/p>\t\t\t\t\t\t\t\t<\/div>\n\t\t\t\t<\/div>\n\t\t\t\t\t<\/div>\n\t\t\t\t<\/div>\n\t\t<div class=\"elementor-element elementor-element-4a2f1ad e-flex e-con-boxed wpr-particle-no wpr-jarallax-no wpr-parallax-no wpr-sticky-section-no wpr-equal-height-no e-con e-parent\" data-id=\"4a2f1ad\" data-element_type=\"container\" data-e-type=\"container\">\n\t\t\t\t\t<div class=\"e-con-inner\">\n\t\t\t\t<div class=\"elementor-element elementor-element-e47af3b elementor-widget elementor-widget-spacer\" data-id=\"e47af3b\" data-element_type=\"widget\" data-e-type=\"widget\" data-widget_type=\"spacer.default\">\n\t\t\t\t<div class=\"elementor-widget-container\">\n\t\t\t\t\t\t\t<div class=\"elementor-spacer\">\n\t\t\t<div class=\"elementor-spacer-inner\"><\/div>\n\t\t<\/div>\n\t\t\t\t\t\t<\/div>\n\t\t\t\t<\/div>\n\t\t\t\t<div class=\"elementor-element elementor-element-aa9f39a elementor-widget-divider--view-line elementor-widget elementor-widget-divider\" data-id=\"aa9f39a\" data-element_type=\"widget\" data-e-type=\"widget\" data-widget_type=\"divider.default\">\n\t\t\t\t<div class=\"elementor-widget-container\">\n\t\t\t\t\t\t\t<div class=\"elementor-divider\">\n\t\t\t<span class=\"elementor-divider-separator\">\n\t\t\t\t\t\t<\/span>\n\t\t<\/div>\n\t\t\t\t\t\t<\/div>\n\t\t\t\t<\/div>\n\t\t\t\t<div class=\"elementor-element elementor-element-6ff5807 elementor-widget elementor-widget-heading\" data-id=\"6ff5807\" data-element_type=\"widget\" data-e-type=\"widget\" data-widget_type=\"heading.default\">\n\t\t\t\t<div class=\"elementor-widget-container\">\n\t\t\t\t\t<h2 class=\"elementor-heading-title elementor-size-default\">VOUS \u00caTES PRIS EN CHARGE EN...<\/h2>\t\t\t\t<\/div>\n\t\t\t\t<\/div>\n\t\t\t\t<div class=\"elementor-element elementor-element-de6a79d elementor-widget elementor-widget-text-editor\" data-id=\"de6a79d\" data-element_type=\"widget\" data-e-type=\"widget\" data-widget_type=\"text-editor.default\">\n\t\t\t\t<div class=\"elementor-widget-container\">\n\t\t\t\t\t\t\t\t\t<p style=\"text-align: center;\"><em>S\u00e9lectionnez la situation qui vous correspond.<\/em><\/p>\t\t\t\t\t\t\t\t<\/div>\n\t\t\t\t<\/div>\n\t\t\t\t<div class=\"elementor-element elementor-element-37b3dc4 elementor-hidden-desktop elementor-hidden-tablet elementor-widget elementor-widget-button\" data-id=\"37b3dc4\" data-element_type=\"widget\" data-e-type=\"widget\" data-widget_type=\"button.default\">\n\t\t\t\t<div class=\"elementor-widget-container\">\n\t\t\t\t\t\t\t\t\t<div class=\"elementor-button-wrapper\">\n\t\t\t\t\t<a class=\"elementor-button elementor-button-link elementor-size-sm\" href=\"#Oncologie\">\n\t\t\t\t\t\t<span class=\"elementor-button-content-wrapper\">\n\t\t\t\t\t\t\t\t\t<span class=\"elementor-button-text\">ONCOLOGIE<\/span>\n\t\t\t\t\t<\/span>\n\t\t\t\t\t<\/a>\n\t\t\t\t<\/div>\n\t\t\t\t\t\t\t\t<\/div>\n\t\t\t\t<\/div>\n\t\t\t\t<div class=\"elementor-element elementor-element-7502ced e-n-tabs-mobile elementor-widget elementor-widget-n-tabs\" data-id=\"7502ced\" data-element_type=\"widget\" data-e-type=\"widget\" data-settings=\"{&quot;horizontal_scroll_mobile&quot;:&quot;disable&quot;,&quot;horizontal_scroll&quot;:&quot;disable&quot;}\" data-widget_type=\"nested-tabs.default\">\n\t\t\t\t<div class=\"elementor-widget-container\">\n\t\t\t\t\t\t\t<div class=\"e-n-tabs\" data-widget-number=\"122694893\" aria-label=\"Onglets. Ouvrez des \u00e9l\u00e9ments avec Entrer ou Espace, fermez-les avec Echape et naviguez \u00e0 l&#039;aide des touches fl\u00e9ch\u00e9es.\">\n\t\t\t<div class=\"e-n-tabs-heading\" role=\"tablist\">\n\t\t\t\t\t<button id=\"e-n-tab-title-1226948931\" data-tab-title-id=\"e-n-tab-title-1226948931\" class=\"e-n-tab-title\" aria-selected=\"true\" data-tab-index=\"1\" role=\"tab\" tabindex=\"0\" aria-controls=\"e-n-tab-content-1226948931\" style=\"--n-tabs-title-order: 1;\">\n\t\t\t\t\t\t<span class=\"e-n-tab-title-text\">\n\t\t\t\tONCOLOGIE\t\t\t<\/span>\n\t\t<\/button>\n\t\t\t\t<button id=\"e-n-tab-title-1226948932\" data-tab-title-id=\"e-n-tab-title-1226948932\" class=\"e-n-tab-title\" aria-selected=\"false\" data-tab-index=\"2\" role=\"tab\" tabindex=\"-1\" aria-controls=\"e-n-tab-content-1226948932\" style=\"--n-tabs-title-order: 2;\">\n\t\t\t\t\t\t<span class=\"e-n-tab-title-text\">\n\t\t\t\tH\u00c9MATOLOGIE\t\t\t<\/span>\n\t\t<\/button>\n\t\t\t\t\t<\/div>\n\t\t\t<div class=\"e-n-tabs-content\">\n\t\t\t\t<div id=\"e-n-tab-content-1226948931\" role=\"tabpanel\" aria-labelledby=\"e-n-tab-title-1226948931\" data-tab-index=\"1\" style=\"--n-tabs-title-order: 1;\" class=\"e-active elementor-element elementor-element-bc44ff4 e-con-full e-flex wpr-particle-no wpr-jarallax-no wpr-parallax-no wpr-sticky-section-no wpr-equal-height-no e-con e-child\" data-id=\"bc44ff4\" data-element_type=\"container\" data-e-type=\"container\">\n\t\t\t\t<div class=\"elementor-element elementor-element-55294c9 elementor-widget-divider--view-line elementor-widget elementor-widget-divider\" data-id=\"55294c9\" data-element_type=\"widget\" data-e-type=\"widget\" data-widget_type=\"divider.default\">\n\t\t\t\t<div class=\"elementor-widget-container\">\n\t\t\t\t\t\t\t<div class=\"elementor-divider\">\n\t\t\t<span class=\"elementor-divider-separator\">\n\t\t\t\t\t\t<\/span>\n\t\t<\/div>\n\t\t\t\t\t\t<\/div>\n\t\t\t\t<\/div>\n\t\t\t\t<div class=\"elementor-element elementor-element-fcd57b8 elementor-widget elementor-widget-heading\" data-id=\"fcd57b8\" data-element_type=\"widget\" data-e-type=\"widget\" id=\"#ONCOLOGIE\" data-widget_type=\"heading.default\">\n\t\t\t\t<div class=\"elementor-widget-container\">\n\t\t\t\t\t<h2 class=\"elementor-heading-title elementor-size-default\">VOUS \u00caTES PRIS EN CHARGE EN ONCOLOGIE<\/h2>\t\t\t\t<\/div>\n\t\t\t\t<\/div>\n\t\t\t\t<div class=\"elementor-element elementor-element-85a8878 elementor-widget elementor-widget-heading\" data-id=\"85a8878\" data-element_type=\"widget\" data-e-type=\"widget\" data-widget_type=\"heading.default\">\n\t\t\t\t<div class=\"elementor-widget-container\">\n\t\t\t\t\t<h3 class=\"elementor-heading-title elementor-size-default\">LA VEILLE DE VOTRE RENDEZ-VOUS<\/h3>\t\t\t\t<\/div>\n\t\t\t\t<\/div>\n\t\t\t\t<div class=\"elementor-element elementor-element-273321f elementor-widget elementor-widget-text-editor\" data-id=\"273321f\" data-element_type=\"widget\" data-e-type=\"widget\" data-widget_type=\"text-editor.default\">\n\t\t\t\t<div class=\"elementor-widget-container\">\n\t\t\t\t\t\t\t\t\t<p>Une ordonnance vous a \u00e9t\u00e9 remise pour effectuer une prise de sang dans un laboratoire proche de votre domicile.\u00a0<strong>Les r\u00e9sultats doivent nous \u00eatre fax\u00e9s ou adress\u00e9s informatiquement (voir les num\u00e9ros page 2) par votre laboratoire.<\/strong><\/p><p>Vous \u00eates bien attendu \u00e0 l\u2019H\u00f4pital de Jour comme cela vous a \u00e9t\u00e9 indiqu\u00e9. Cependant, dans le cas o\u00f9 votre r\u00e9sultat sanguin ne serait pas conforme vous seriez pr\u00e9venu la veille par t\u00e9l\u00e9phone afin :<\/p><ul><li>D\u2019effectuer au laboratoire du Centre un nouveau pr\u00e9l\u00e8vement ;<\/li><li>Ou, de reporter votre rendez-vous \u00e0 l\u2019H\u00f4pital de Jour.<\/li><\/ul><p><strong>Nous vous remercions d\u2019\u00eatre facilement joignable sur le cr\u00e9neau de 17h \u00e0 18h30.<\/strong><\/p>\t\t\t\t\t\t\t\t<\/div>\n\t\t\t\t<\/div>\n\t\t\t\t<div class=\"elementor-element elementor-element-ec7be41 elementor-widget elementor-widget-text-editor\" data-id=\"ec7be41\" data-element_type=\"widget\" data-e-type=\"widget\" data-widget_type=\"text-editor.default\">\n\t\t\t\t<div class=\"elementor-widget-container\">\n\t\t\t\t\t\t\t\t\t<p><strong>Il est important que vous fassiez cette prise de sang la veille au matin de votre traitement<\/strong>\u00a0(ou le vendredi en cas de traitement pr\u00e9vu le lundi).<\/p><p>Si cela vous pose des difficult\u00e9s, parlez-en avec le m\u00e9decin ou une des infirmi\u00e8res coordinatrices du service.<\/p>\t\t\t\t\t\t\t\t<\/div>\n\t\t\t\t<\/div>\n\t\t\t\t<div class=\"elementor-element elementor-element-03e148c elementor-widget-divider--view-line elementor-widget elementor-widget-divider\" data-id=\"03e148c\" data-element_type=\"widget\" data-e-type=\"widget\" data-widget_type=\"divider.default\">\n\t\t\t\t<div class=\"elementor-widget-container\">\n\t\t\t\t\t\t\t<div class=\"elementor-divider\">\n\t\t\t<span class=\"elementor-divider-separator\">\n\t\t\t\t\t\t<\/span>\n\t\t<\/div>\n\t\t\t\t\t\t<\/div>\n\t\t\t\t<\/div>\n\t\t\t\t<div class=\"elementor-element elementor-element-0ed51ad elementor-widget elementor-widget-heading\" data-id=\"0ed51ad\" data-element_type=\"widget\" data-e-type=\"widget\" data-widget_type=\"heading.default\">\n\t\t\t\t<div class=\"elementor-widget-container\">\n\t\t\t\t\t<h3 class=\"elementor-heading-title elementor-size-default\">LE JOUR DE VOTRE RENDEZ-VOUS<\/h3>\t\t\t\t<\/div>\n\t\t\t\t<\/div>\n\t\t\t\t<div class=\"elementor-element elementor-element-c656afe elementor-widget elementor-widget-text-editor\" data-id=\"c656afe\" data-element_type=\"widget\" data-e-type=\"widget\" data-widget_type=\"text-editor.default\">\n\t\t\t\t<div class=\"elementor-widget-container\">\n\t\t\t\t\t\t\t\t\t<p><strong>Le jour de votre RDV, si vous avez les r\u00e9sultats de votre prise de sang en votre possession, merci de les amener.<\/strong><\/p>\t\t\t\t\t\t\t\t<\/div>\n\t\t\t\t<\/div>\n\t\t\t\t<div class=\"elementor-element elementor-element-b6dc52d elementor-widget elementor-widget-text-editor\" data-id=\"b6dc52d\" data-element_type=\"widget\" data-e-type=\"widget\" data-widget_type=\"text-editor.default\">\n\t\t\t\t<div class=\"elementor-widget-container\">\n\t\t\t\t\t\t\t\t\t<p>Vous serez examin\u00e9 par un m\u00e9decin qui v\u00e9rifiera avec vous la tol\u00e9rance du traitement pr\u00e9c\u00e9dent, les \u00e9ventuels effets secondaires que vous auriez pu ressentir (naus\u00e9es, aphtes, douleur\u2026) ainsi que tout \u00e9v\u00e9nement intervenu entre les 2 cures.<\/p><p><strong>Nous vous remercions d\u2019amener la liste de l\u2019ensemble des m\u00e9dicaments que vous prenez<\/strong>\u00a0et n\u2019h\u00e9sitez pas \u00e0 poser toutes vos questions au m\u00e9decin lors de cette consultation. Il validera alors votre traitement par voie informatique. Celui-ci sera pr\u00e9par\u00e9 \u00e0 la pharmacie du Centre, dans l\u2019Unit\u00e9 de Reconstitution Centralis\u00e9e.\u00a0<strong>La dur\u00e9e de la pr\u00e9paration est d\u2019environ 1 heure. Chaque jour, 130 traitements en moyenne sont ainsi pr\u00e9par\u00e9s.<\/strong>\u00a0Votre traitement sera ensuite achemin\u00e9 jusqu\u2019\u00e0 l\u2019H\u00f4pital de Jour o\u00f9 un infirmier le r\u00e9ceptionne. Il viendra ensuite vous l\u2019administrer.<\/p><p>Si vous disposez d\u2019une chambre implantable, des patchs d\u2019EMLA\u2122 (anesth\u00e9siants locaux) vous ont \u00e9t\u00e9 prescrits. N\u2019oubliez pas de les coller sur le bo\u00eetier de la chambre implantable (zone qui va \u00eatre piqu\u00e9e) d\u00e8s votre arriv\u00e9e. N\u2019h\u00e9sitez pas \u00e0 en r\u00e9clamer un si besoin (l\u2019efficacit\u00e9 du patch est de 4h).<\/p><p>Si le m\u00e9decin oncologue vous a prescrit le m\u00e9dicament EMEND\u2122 (contre les naus\u00e9es), prenez-le d\u00e8s que vous avez eu l\u2019accord du m\u00e9decin de l\u2019H\u00f4pital de Jour.<\/p>\t\t\t\t\t\t\t\t<\/div>\n\t\t\t\t<\/div>\n\t\t\t\t<\/div>\n\t\t<div id=\"e-n-tab-content-1226948932\" role=\"tabpanel\" aria-labelledby=\"e-n-tab-title-1226948932\" data-tab-index=\"2\" style=\"--n-tabs-title-order: 2;\" class=\" elementor-element elementor-element-e333245 e-con-full e-flex wpr-particle-no wpr-jarallax-no wpr-parallax-no wpr-sticky-section-no wpr-equal-height-no e-con e-child\" data-id=\"e333245\" data-element_type=\"container\" data-e-type=\"container\">\n\t\t\t\t<div class=\"elementor-element elementor-element-8a6f0e4 elementor-widget-divider--view-line elementor-widget elementor-widget-divider\" data-id=\"8a6f0e4\" data-element_type=\"widget\" data-e-type=\"widget\" data-widget_type=\"divider.default\">\n\t\t\t\t<div class=\"elementor-widget-container\">\n\t\t\t\t\t\t\t<div class=\"elementor-divider\">\n\t\t\t<span class=\"elementor-divider-separator\">\n\t\t\t\t\t\t<\/span>\n\t\t<\/div>\n\t\t\t\t\t\t<\/div>\n\t\t\t\t<\/div>\n\t\t\t\t<div class=\"elementor-element elementor-element-e8a3802 elementor-widget elementor-widget-heading\" data-id=\"e8a3802\" data-element_type=\"widget\" data-e-type=\"widget\" data-widget_type=\"heading.default\">\n\t\t\t\t<div class=\"elementor-widget-container\">\n\t\t\t\t\t<h2 class=\"elementor-heading-title elementor-size-default\">VOUS \u00caTES PRIS EN CHARGE EN H\u00c9MATOLOGIE<\/h2>\t\t\t\t<\/div>\n\t\t\t\t<\/div>\n\t\t\t\t<div class=\"elementor-element elementor-element-19b9a06 elementor-widget elementor-widget-text-editor\" data-id=\"19b9a06\" data-element_type=\"widget\" data-e-type=\"widget\" data-widget_type=\"text-editor.default\">\n\t\t\t\t<div class=\"elementor-widget-container\">\n\t\t\t\t\t\t\t\t\t<p style=\"text-align: center;\"><em>S\u00e9lectionnez la situation qui vous correspond.<\/em><\/p>\t\t\t\t\t\t\t\t<\/div>\n\t\t\t\t<\/div>\n\t\t\t\t<div class=\"elementor-element elementor-element-fae2691 e-n-tabs-mobile elementor-widget elementor-widget-n-tabs\" data-id=\"fae2691\" data-element_type=\"widget\" data-e-type=\"widget\" data-settings=\"{&quot;horizontal_scroll&quot;:&quot;disable&quot;}\" data-widget_type=\"nested-tabs.default\">\n\t\t\t\t<div class=\"elementor-widget-container\">\n\t\t\t\t\t\t\t<div class=\"e-n-tabs\" data-widget-number=\"263071377\" aria-label=\"Onglets. Ouvrez des \u00e9l\u00e9ments avec Entrer ou Espace, fermez-les avec Echape et naviguez \u00e0 l&#039;aide des touches fl\u00e9ch\u00e9es.\">\n\t\t\t<div class=\"e-n-tabs-heading\" role=\"tablist\">\n\t\t\t\t\t<button id=\"e-n-tab-title-2630713771\" data-tab-title-id=\"e-n-tab-title-2630713771\" class=\"e-n-tab-title\" aria-selected=\"true\" data-tab-index=\"1\" role=\"tab\" tabindex=\"0\" aria-controls=\"e-n-tab-content-2630713771\" style=\"--n-tabs-title-order: 1;\">\n\t\t\t\t\t\t<span class=\"e-n-tab-title-text\">\n\t\t\t\tVOUS VENEZ POUR UN TRAITEMENT\t\t\t<\/span>\n\t\t<\/button>\n\t\t\t\t<button id=\"e-n-tab-title-2630713772\" data-tab-title-id=\"e-n-tab-title-2630713772\" class=\"e-n-tab-title\" aria-selected=\"false\" data-tab-index=\"2\" role=\"tab\" tabindex=\"-1\" aria-controls=\"e-n-tab-content-2630713772\" style=\"--n-tabs-title-order: 2;\">\n\t\t\t\t\t\t<span class=\"e-n-tab-title-text\">\n\t\t\t\tVOUS VENEZ POUR UNE TRANSFUSION\t\t\t<\/span>\n\t\t<\/button>\n\t\t\t\t<button id=\"e-n-tab-title-2630713773\" data-tab-title-id=\"e-n-tab-title-2630713773\" class=\"e-n-tab-title\" aria-selected=\"false\" data-tab-index=\"3\" role=\"tab\" tabindex=\"-1\" aria-controls=\"e-n-tab-content-2630713773\" style=\"--n-tabs-title-order: 3;\">\n\t\t\t\t\t\t<span class=\"e-n-tab-title-text\">\n\t\t\t\tVOUS VENEZ POUR UN GESTE DIAGNOSTIQUE (MY\u00c9LOGRAMME, BIOPSIE OST\u00c9O-M\u00c9DULLAIRE)\t\t\t<\/span>\n\t\t<\/button>\n\t\t\t\t\t<\/div>\n\t\t\t<div class=\"e-n-tabs-content\">\n\t\t\t\t<div id=\"e-n-tab-content-2630713771\" role=\"tabpanel\" aria-labelledby=\"e-n-tab-title-2630713771\" data-tab-index=\"1\" style=\"--n-tabs-title-order: 1;\" class=\"e-active elementor-element elementor-element-f2d7d5a e-con-full e-flex wpr-particle-no wpr-jarallax-no wpr-parallax-no wpr-sticky-section-no wpr-equal-height-no e-con e-child\" data-id=\"f2d7d5a\" data-element_type=\"container\" data-e-type=\"container\">\n\t\t\t\t<div class=\"elementor-element elementor-element-6871db2 elementor-widget-divider--view-line elementor-widget elementor-widget-divider\" data-id=\"6871db2\" data-element_type=\"widget\" data-e-type=\"widget\" data-widget_type=\"divider.default\">\n\t\t\t\t<div class=\"elementor-widget-container\">\n\t\t\t\t\t\t\t<div class=\"elementor-divider\">\n\t\t\t<span class=\"elementor-divider-separator\">\n\t\t\t\t\t\t<\/span>\n\t\t<\/div>\n\t\t\t\t\t\t<\/div>\n\t\t\t\t<\/div>\n\t\t\t\t<div class=\"elementor-element elementor-element-d97a3b6 elementor-widget elementor-widget-heading\" data-id=\"d97a3b6\" data-element_type=\"widget\" data-e-type=\"widget\" data-widget_type=\"heading.default\">\n\t\t\t\t<div class=\"elementor-widget-container\">\n\t\t\t\t\t<h3 class=\"elementor-heading-title elementor-size-default\">VOUS VENEZ POUR UN TRAITEMENT<\/h3>\t\t\t\t<\/div>\n\t\t\t\t<\/div>\n\t\t\t\t<div class=\"elementor-element elementor-element-77a6176 elementor-widget elementor-widget-heading\" data-id=\"77a6176\" data-element_type=\"widget\" data-e-type=\"widget\" data-widget_type=\"heading.default\">\n\t\t\t\t<div class=\"elementor-widget-container\">\n\t\t\t\t\t<h4 class=\"elementor-heading-title elementor-size-default\">EN AMONT DE VOTRE RENDEZ-VOUS <\/h4>\t\t\t\t<\/div>\n\t\t\t\t<\/div>\n\t\t\t\t<div class=\"elementor-element elementor-element-3fb6d9d elementor-widget elementor-widget-text-editor\" data-id=\"3fb6d9d\" data-element_type=\"widget\" data-e-type=\"widget\" data-widget_type=\"text-editor.default\">\n\t\t\t\t<div class=\"elementor-widget-container\">\n\t\t\t\t\t\t\t\t\t<p>Une ordonnance vous a \u00e9t\u00e9 remise pour effectuer une prise de sang dans un laboratoire proche de votre domicile. Cette prise de sang doit \u00eatre effectu\u00e9e 48h \u00e0 24h avant votre traitement (ou le vendredi en cas de traitement pr\u00e9vu un lundi).<\/p><p>Les r\u00e9sultats doivent nous \u00eatre fax\u00e9s ou adress\u00e9s informatiquement (voir les num\u00e9ros page 2) par votre laboratoire.<\/p><p>Vous \u00eates bien attendu \u00e0 l\u2019H\u00f4pital de Jour comme cela vous a \u00e9t\u00e9 indiqu\u00e9.<\/p><p>Cependant, dans le cas o\u00f9 votre r\u00e9sultat sanguin ne serait pas conforme, vous seriez pr\u00e9venu en amont par t\u00e9l\u00e9phone afin :<\/p><ul><li>D\u2019effectuer au laboratoire du Centre un nouveau pr\u00e9l\u00e8vement ;<\/li><li>Ou, de reporter votre rendez-vous \u00e0 l\u2019H\u00f4pital de Jour.<\/li><\/ul><p><strong>Nous vous remercions d\u2019\u00eatre facilement joignable sur le cr\u00e9neau de 17h \u00e0 18h30.<\/strong><\/p>\t\t\t\t\t\t\t\t<\/div>\n\t\t\t\t<\/div>\n\t\t\t\t<div class=\"elementor-element elementor-element-9439013 elementor-widget-divider--view-line elementor-widget elementor-widget-divider\" data-id=\"9439013\" data-element_type=\"widget\" data-e-type=\"widget\" data-widget_type=\"divider.default\">\n\t\t\t\t<div class=\"elementor-widget-container\">\n\t\t\t\t\t\t\t<div class=\"elementor-divider\">\n\t\t\t<span class=\"elementor-divider-separator\">\n\t\t\t\t\t\t<\/span>\n\t\t<\/div>\n\t\t\t\t\t\t<\/div>\n\t\t\t\t<\/div>\n\t\t\t\t<div class=\"elementor-element elementor-element-2f52372 elementor-widget elementor-widget-heading\" data-id=\"2f52372\" data-element_type=\"widget\" data-e-type=\"widget\" data-widget_type=\"heading.default\">\n\t\t\t\t<div class=\"elementor-widget-container\">\n\t\t\t\t\t<h4 class=\"elementor-heading-title elementor-size-default\">LE JOUR DE VOTRE RENDEZ-VOUS<\/h4>\t\t\t\t<\/div>\n\t\t\t\t<\/div>\n\t\t\t\t<div class=\"elementor-element elementor-element-54a404a elementor-widget elementor-widget-text-editor\" data-id=\"54a404a\" data-element_type=\"widget\" data-e-type=\"widget\" data-widget_type=\"text-editor.default\">\n\t\t\t\t<div class=\"elementor-widget-container\">\n\t\t\t\t\t\t\t\t\t<p>Le jour de votre RDV si vous avez les r\u00e9sultats de votre prise de sang en votre possession, merci de les amener.<\/p>\t\t\t\t\t\t\t\t<\/div>\n\t\t\t\t<\/div>\n\t\t\t\t<div class=\"elementor-element elementor-element-0893a74 elementor-widget elementor-widget-text-editor\" data-id=\"0893a74\" data-element_type=\"widget\" data-e-type=\"widget\" data-widget_type=\"text-editor.default\">\n\t\t\t\t<div class=\"elementor-widget-container\">\n\t\t\t\t\t\t\t\t\t<p><strong>S\u2019il s\u2019agit du premier jour de votre\u00a0<\/strong><strong>cure :<\/strong><br \/>Vous serez examin\u00e9 par un m\u00e9decin qui v\u00e9rifiera avec vous la tol\u00e9rance du traitement pr\u00e9c\u00e9dent, les \u00e9ventuels effets secondaires que vous auriez pu ressentir (naus\u00e9es, aphtes, douleur\u2026) ainsi que tout \u00e9v\u00e9nement intervenu entre les deux cures.<\/p><p>Nous vous remercions d\u2019amener la liste de l\u2019ensemble des m\u00e9dicaments que vous prenez et n\u2019h\u00e9sitez pas \u00e0 poser toutes vos questions au m\u00e9decin lors de cette consultation.<\/p><p>Le m\u00e9decin validera alors votre traitement par voie informatique.<\/p><p>Celui-ci sera pr\u00e9par\u00e9 \u00e0 la pharmacie du Centre, dans l\u2019Unit\u00e9 de Reconstitution Centralis\u00e9e La dur\u00e9e de la pr\u00e9paration est d\u2019environ 1 heure. Chaque jour, 130 traitements en moyenne sont ainsi pr\u00e9par\u00e9s. Votre traitement sera ensuite achemin\u00e9 jusqu\u2019\u00e0 l\u2019H\u00f4pital de Jour o\u00f9 un infirmier le r\u00e9ceptionne. Il viendra ensuite vous l\u2019administrer.<\/p><p>Si vous disposez d\u2019une chambre implantable, des patchs d\u2019EMLA\u2122 (anesth\u00e9siants locaux) vous ont \u00e9t\u00e9 prescrits. N\u2019oubliez pas de les coller sur le bo\u00eetier de la chambre implantable (Zone qui va \u00eatre piqu\u00e9e) d\u00e8s votre arriv\u00e9e. N\u2019h\u00e9sitez pas \u00e0 en r\u00e9clamer un si besoin (l\u2019efficacit\u00e9 du patch est de 4h).\u00a0<\/p><p><strong>S\u2019il s\u2019agit des jours suivants la validation de votre cure :<\/strong><br \/>Vous serez directement accueilli en chambre pour recevoir votre traitement qui sera valid\u00e9 par le m\u00e9decin, apr\u00e8s qu\u2019un certain nombre de param\u00e8tres aient \u00e9t\u00e9 v\u00e9rifi\u00e9s :<\/p><ul><li>R\u00e9sultats biologiques<\/li><li>Constantes<\/li><li>Interrogatoire r\u00e9alis\u00e9 par l\u2019infirmi\u00e8re<\/li><\/ul><p><strong>Merci de signaler tout probl\u00e8me \u00e0 l\u2019\u00e9quipe soignante. Si n\u00e9cessaire une consultation m\u00e9dicale sera r\u00e9alis\u00e9e.<\/strong><\/p>\t\t\t\t\t\t\t\t<\/div>\n\t\t\t\t<\/div>\n\t\t\t\t<div class=\"elementor-element elementor-element-89ea48f elementor-widget elementor-widget-text-editor\" data-id=\"89ea48f\" data-element_type=\"widget\" data-e-type=\"widget\" data-widget_type=\"text-editor.default\">\n\t\t\t\t<div class=\"elementor-widget-container\">\n\t\t\t\t\t\t\t\t\t<p>La plupart des traitements n\u00e9cessitent l\u2019administration initiale d\u2019une perfusion et de m\u00e9dicaments destin\u00e9s \u00e0 pr\u00e9venir certains effets secondaires imm\u00e9diats (naus\u00e9es, vomissements, r\u00e9actions allergiques). Certains traitements sont administr\u00e9s par injection intraveineuse directe ou sous cutan\u00e9e, d\u2019autres n\u00e9cessitent plusieurs heures de perfusion. L\u2019infirmi\u00e8re vous prenant en charge vous pr\u00e9cisera\u00a0<strong>la dur\u00e9e de votre traitement<\/strong>.<\/p>\t\t\t\t\t\t\t\t<\/div>\n\t\t\t\t<\/div>\n\t\t\t\t<\/div>\n\t\t<div id=\"e-n-tab-content-2630713772\" role=\"tabpanel\" aria-labelledby=\"e-n-tab-title-2630713772\" data-tab-index=\"2\" style=\"--n-tabs-title-order: 2;\" class=\" elementor-element elementor-element-7af478e e-con-full e-flex wpr-particle-no wpr-jarallax-no wpr-parallax-no wpr-sticky-section-no wpr-equal-height-no e-con e-child\" data-id=\"7af478e\" data-element_type=\"container\" data-e-type=\"container\">\n\t\t\t\t<div class=\"elementor-element elementor-element-b8e8eca elementor-widget-divider--view-line elementor-widget elementor-widget-divider\" data-id=\"b8e8eca\" data-element_type=\"widget\" data-e-type=\"widget\" data-widget_type=\"divider.default\">\n\t\t\t\t<div class=\"elementor-widget-container\">\n\t\t\t\t\t\t\t<div class=\"elementor-divider\">\n\t\t\t<span class=\"elementor-divider-separator\">\n\t\t\t\t\t\t<\/span>\n\t\t<\/div>\n\t\t\t\t\t\t<\/div>\n\t\t\t\t<\/div>\n\t\t\t\t<div class=\"elementor-element elementor-element-7ec926b elementor-widget elementor-widget-heading\" data-id=\"7ec926b\" data-element_type=\"widget\" data-e-type=\"widget\" data-widget_type=\"heading.default\">\n\t\t\t\t<div class=\"elementor-widget-container\">\n\t\t\t\t\t<h3 class=\"elementor-heading-title elementor-size-default\">VOUS VENEZ POUR UNE TRANSFUSION<\/h3>\t\t\t\t<\/div>\n\t\t\t\t<\/div>\n\t\t\t\t<div class=\"elementor-element elementor-element-feaee64 elementor-widget elementor-widget-text-editor\" data-id=\"feaee64\" data-element_type=\"widget\" data-e-type=\"widget\" data-widget_type=\"text-editor.default\">\n\t\t\t\t<div class=\"elementor-widget-container\">\n\t\t\t\t\t\t\t\t\t<p>L\u2019H\u00f4pital de Jour d\u2019H\u00e9matologie organise des transfusions de CGR (Concentr\u00e9 de Globules Rouges) et de Plaquettes sur la journ\u00e9e.<\/p><p>Votre transfusion est organis\u00e9e selon l\u2019attitude transfusionnelle prescrite par votre m\u00e9decin h\u00e9matologue r\u00e9f\u00e9rent. Elle d\u00e9termine votre seuil transfusionnel : taux plaquettaire, taux d\u2019h\u00e9moglobine, si vous \u00eates un patient fragile ou un patient \u00e2g\u00e9 fragile (80 ans ou<br \/>plus). Un document \u00abd\u2019information pr\u00e9 transfusionnelle\u00bb vous est remis \u00e0 la premi\u00e8re transfusion.<\/p><p>Selon le r\u00e9sultat de votre prise de sang de ville ou r\u00e9alis\u00e9e au Centre, un rendez-vous vous est propos\u00e9. Vous devez arriver \u00e0 l\u2019heure programm\u00e9e.\u00a0<strong>Si vous ne pouvez pas venir \u00e0 ce rdv, vous devez nous en informer d\u00e8s que possible.<\/strong><\/p><p>Votre transfusion sera organis\u00e9e selon plusieurs crit\u00e8res : r\u00e9sultats de RAI (Recherche d\u2019Agglutinines Irr\u00e9guli\u00e8res), planning de l\u2019H\u00f4pital de Jour, consultation pr\u00e9vue au Centre, RDV d\u2019examens, etc\u2026 Dans tous les cas, votre transfusion sera personnalis\u00e9e.<\/p>\t\t\t\t\t\t\t\t<\/div>\n\t\t\t\t<\/div>\n\t\t\t\t<div class=\"elementor-element elementor-element-efef1b1 elementor-widget elementor-widget-text-editor\" data-id=\"efef1b1\" data-element_type=\"widget\" data-e-type=\"widget\" data-widget_type=\"text-editor.default\">\n\t\t\t\t<div class=\"elementor-widget-container\">\n\t\t\t\t\t\t\t\t\t<ul><li>L\u2018organisation des transfusions de CGR n\u00e9cessite un r\u00e9sultat de RAI valable 3 jours. Il peut \u00eatre pr\u00e9lev\u00e9 \u00e0 domicile ou au Centre. Si la RAI est positive, cela n\u00e9cessite un examen suppl\u00e9mentaire r\u00e9alis\u00e9 \u00e0 l\u2019EFS, ce qui peut rallonger le temps de d\u00e9livrance des CGR ;<\/li><li>Pour les patients \u00e2g\u00e9s fragiles ou patients fragiles, elle est organis\u00e9e de pr\u00e9f\u00e9rence le matin \u00e0 8h30 ;<\/li><li>Pour les patients non fragiles, elle est organis\u00e9e en g\u00e9n\u00e9ral \u00e0 14h30 ;<\/li><li>La transfusion de Plaquettes est organis\u00e9e de pr\u00e9f\u00e9rence \u00e0 15h30.<\/li><\/ul>\t\t\t\t\t\t\t\t<\/div>\n\t\t\t\t<\/div>\n\t\t\t\t<div class=\"elementor-element elementor-element-840ce25 elementor-widget elementor-widget-text-editor\" data-id=\"840ce25\" data-element_type=\"widget\" data-e-type=\"widget\" data-widget_type=\"text-editor.default\">\n\t\t\t\t<div class=\"elementor-widget-container\">\n\t\t\t\t\t\t\t\t\t<p>Votre transfusion est termin\u00e9e, vous pouvez sortir d\u00e8s que l\u2019Infirmi\u00e8re vous en informe.<\/p><p>Un document \u00ab d\u2019information post transfusionnelle\u00bb vous est remis avant votre sortie \u00e0 la premi\u00e8re transfusion d\u00e9taillant les consignes en cas de complications post transfusionnelles (fi\u00e8vre, frissons, urticaire\u2026).<\/p>\t\t\t\t\t\t\t\t<\/div>\n\t\t\t\t<\/div>\n\t\t\t\t<\/div>\n\t\t<div id=\"e-n-tab-content-2630713773\" role=\"tabpanel\" aria-labelledby=\"e-n-tab-title-2630713773\" data-tab-index=\"3\" style=\"--n-tabs-title-order: 3;\" class=\" elementor-element elementor-element-9e6cde2 e-con-full e-flex wpr-particle-no wpr-jarallax-no wpr-parallax-no wpr-sticky-section-no wpr-equal-height-no e-con e-child\" data-id=\"9e6cde2\" data-element_type=\"container\" data-e-type=\"container\">\n\t\t\t\t<div class=\"elementor-element elementor-element-7e8f322 elementor-widget-divider--view-line elementor-widget elementor-widget-divider\" data-id=\"7e8f322\" data-element_type=\"widget\" data-e-type=\"widget\" data-widget_type=\"divider.default\">\n\t\t\t\t<div class=\"elementor-widget-container\">\n\t\t\t\t\t\t\t<div class=\"elementor-divider\">\n\t\t\t<span class=\"elementor-divider-separator\">\n\t\t\t\t\t\t<\/span>\n\t\t<\/div>\n\t\t\t\t\t\t<\/div>\n\t\t\t\t<\/div>\n\t\t\t\t<div class=\"elementor-element elementor-element-971dd9b elementor-widget elementor-widget-heading\" data-id=\"971dd9b\" data-element_type=\"widget\" data-e-type=\"widget\" data-widget_type=\"heading.default\">\n\t\t\t\t<div class=\"elementor-widget-container\">\n\t\t\t\t\t<h3 class=\"elementor-heading-title elementor-size-default\">VOUS VENEZ POUR UN GESTE DIAGNOSTIQUE (MY\u00c9LOGRAMME, BIOPSIE OST\u00c9O-M\u00c9DULLAIRE)<\/h3>\t\t\t\t<\/div>\n\t\t\t\t<\/div>\n\t\t\t\t<div class=\"elementor-element elementor-element-41f1305 elementor-widget elementor-widget-text-editor\" data-id=\"41f1305\" data-element_type=\"widget\" data-e-type=\"widget\" data-widget_type=\"text-editor.default\">\n\t\t\t\t<div class=\"elementor-widget-container\">\n\t\t\t\t\t\t\t\t\t<p>Habituellement ces examens sont programm\u00e9s l\u2019apr\u00e8s-midi. Vous n\u2019avez pas besoin d\u2019\u00eatre \u00e0 jeun. Vous serez accompagn\u00e9 dans une pi\u00e8ce de consultation d\u00e9di\u00e9e \u00e0 la r\u00e9alisation de ces gestes.<\/p><p>Apr\u00e8s avoir v\u00e9rifi\u00e9 votre dossier (type de geste \u00e0 effectuer, absence de contre-indication\u2026), le m\u00e9decin effectuera l\u2019examen sous anesth\u00e9sie locale. Il vous sera \u00e9ventuellement propos\u00e9 afin de vous d\u00e9tendre de respirer un gaz (Protoxyde d\u2019azote) dont les effets se dissipent en quelques minutes.<\/p><p><strong>Apr\u00e8s une biopsie osseuse, pr\u00e9voyez de vous faire raccompagner par un tiers ou une ambulance.<\/strong><\/p>\t\t\t\t\t\t\t\t<\/div>\n\t\t\t\t<\/div>\n\t\t\t\t<div class=\"elementor-element elementor-element-00d16c3 elementor-widget elementor-widget-text-editor\" data-id=\"00d16c3\" data-element_type=\"widget\" data-e-type=\"widget\" data-widget_type=\"text-editor.default\">\n\t\t\t\t<div class=\"elementor-widget-container\">\n\t\t\t\t\t\t\t\t\t<p>La prise d\u2019aspirine, d\u2019antiagr\u00e9gants plaquettaires ou d\u2019anticoagulants contre-indique la r\u00e9alisation d\u2019une biopsie osseuse. Assurez-vous que ce type de traitement a bien \u00e9t\u00e9 arr\u00eat\u00e9 par votre m\u00e9decin dans les 5 \u00e0 7 jours qui pr\u00e9c\u00e8dent ce geste. Ils peuvent \u00eatre repris le lendemain de la biopsie.<\/p>\t\t\t\t\t\t\t\t<\/div>\n\t\t\t\t<\/div>\n\t\t\t\t<\/div>\n\t\t\t\t\t<\/div>\n\t\t<\/div>\n\t\t\t\t\t\t<\/div>\n\t\t\t\t<\/div>\n\t\t\t\t<\/div>\n\t\t\t\t\t<\/div>\n\t\t<\/div>\n\t\t\t\t\t\t<\/div>\n\t\t\t\t<\/div>\n\t\t\t\t\t<\/div>\n\t\t\t\t<\/div>\n\t\t<div class=\"elementor-element elementor-element-e62bb6d e-con-full e-flex wpr-particle-no wpr-jarallax-no wpr-parallax-no wpr-sticky-section-no wpr-equal-height-no e-con e-parent\" data-id=\"e62bb6d\" data-element_type=\"container\" data-e-type=\"container\">\n\t\t\t\t<div class=\"elementor-element elementor-element-7886c0b elementor-widget-divider--view-line elementor-widget elementor-widget-divider\" data-id=\"7886c0b\" data-element_type=\"widget\" data-e-type=\"widget\" data-widget_type=\"divider.default\">\n\t\t\t\t<div class=\"elementor-widget-container\">\n\t\t\t\t\t\t\t<div class=\"elementor-divider\">\n\t\t\t<span class=\"elementor-divider-separator\">\n\t\t\t\t\t\t<\/span>\n\t\t<\/div>\n\t\t\t\t\t\t<\/div>\n\t\t\t\t<\/div>\n\t\t\t\t<div class=\"elementor-element elementor-element-d1647f1 elementor-widget elementor-widget-heading\" data-id=\"d1647f1\" data-element_type=\"widget\" data-e-type=\"widget\" data-widget_type=\"heading.default\">\n\t\t\t\t<div class=\"elementor-widget-container\">\n\t\t\t\t\t<h3 class=\"elementor-heading-title elementor-size-default\">LES EFFETS SECONDAIRES<\/h3>\t\t\t\t<\/div>\n\t\t\t\t<\/div>\n\t\t\t\t<div class=\"elementor-element elementor-element-4853ec7 e-n-tabs-mobile elementor-widget elementor-widget-n-tabs\" data-id=\"4853ec7\" data-element_type=\"widget\" data-e-type=\"widget\" data-settings=\"{&quot;horizontal_scroll&quot;:&quot;disable&quot;}\" data-widget_type=\"nested-tabs.default\">\n\t\t\t\t<div class=\"elementor-widget-container\">\n\t\t\t\t\t\t\t<div class=\"e-n-tabs\" data-widget-number=\"75841223\" aria-label=\"Onglets. Ouvrez des \u00e9l\u00e9ments avec Entrer ou Espace, fermez-les avec Echape et naviguez \u00e0 l&#039;aide des touches fl\u00e9ch\u00e9es.\">\n\t\t\t<div class=\"e-n-tabs-heading\" role=\"tablist\">\n\t\t\t\t\t<button id=\"e-n-tab-title-758412231\" data-tab-title-id=\"e-n-tab-title-758412231\" class=\"e-n-tab-title\" aria-selected=\"true\" data-tab-index=\"1\" role=\"tab\" tabindex=\"0\" aria-controls=\"e-n-tab-content-758412231\" style=\"--n-tabs-title-order: 1;\">\n\t\t\t\t\t\t<span class=\"e-n-tab-title-text\">\n\t\t\t\tL'APLASIE\t\t\t<\/span>\n\t\t<\/button>\n\t\t\t\t<button id=\"e-n-tab-title-758412232\" data-tab-title-id=\"e-n-tab-title-758412232\" class=\"e-n-tab-title\" aria-selected=\"false\" data-tab-index=\"2\" role=\"tab\" tabindex=\"-1\" aria-controls=\"e-n-tab-content-758412232\" style=\"--n-tabs-title-order: 2;\">\n\t\t\t\t\t\t<span class=\"e-n-tab-title-text\">\n\t\t\t\tL\u2019ALOP\u00c9CIE\t\t\t<\/span>\n\t\t<\/button>\n\t\t\t\t<button id=\"e-n-tab-title-758412233\" data-tab-title-id=\"e-n-tab-title-758412233\" class=\"e-n-tab-title\" aria-selected=\"false\" data-tab-index=\"3\" role=\"tab\" tabindex=\"-1\" aria-controls=\"e-n-tab-content-758412233\" style=\"--n-tabs-title-order: 3;\">\n\t\t\t\t\t\t<span class=\"e-n-tab-title-text\">\n\t\t\t\tLA MUCITE\t\t\t<\/span>\n\t\t<\/button>\n\t\t\t\t<button id=\"e-n-tab-title-758412234\" data-tab-title-id=\"e-n-tab-title-758412234\" class=\"e-n-tab-title\" aria-selected=\"false\" data-tab-index=\"4\" role=\"tab\" tabindex=\"-1\" aria-controls=\"e-n-tab-content-758412234\" style=\"--n-tabs-title-order: 4;\">\n\t\t\t\t\t\t<span class=\"e-n-tab-title-text\">\n\t\t\t\tR\u00c9ACTIONS CUTAN\u00c9ES\t\t\t<\/span>\n\t\t<\/button>\n\t\t\t\t<button id=\"e-n-tab-title-758412235\" data-tab-title-id=\"e-n-tab-title-758412235\" class=\"e-n-tab-title\" aria-selected=\"false\" data-tab-index=\"5\" role=\"tab\" tabindex=\"-1\" aria-controls=\"e-n-tab-content-758412235\" style=\"--n-tabs-title-order: 5;\">\n\t\t\t\t\t\t<span class=\"e-n-tab-title-text\">\n\t\t\t\tLES NAUS\u00c9ES, LES VOMISSEMENTS, LE MANQUE D\u2019APP\u00c9TIT\t\t\t<\/span>\n\t\t<\/button>\n\t\t\t\t<button id=\"e-n-tab-title-758412236\" data-tab-title-id=\"e-n-tab-title-758412236\" class=\"e-n-tab-title\" aria-selected=\"false\" data-tab-index=\"6\" role=\"tab\" tabindex=\"-1\" aria-controls=\"e-n-tab-content-758412236\" style=\"--n-tabs-title-order: 6;\">\n\t\t\t\t\t\t<span class=\"e-n-tab-title-text\">\n\t\t\t\tLES ONGLES\t\t\t<\/span>\n\t\t<\/button>\n\t\t\t\t<button id=\"e-n-tab-title-758412237\" data-tab-title-id=\"e-n-tab-title-758412237\" class=\"e-n-tab-title\" aria-selected=\"false\" data-tab-index=\"7\" role=\"tab\" tabindex=\"-1\" aria-controls=\"e-n-tab-content-758412237\" style=\"--n-tabs-title-order: 7;\">\n\t\t\t\t\t\t<span class=\"e-n-tab-title-text\">\n\t\t\t\tLA FATIGUE\t\t\t<\/span>\n\t\t<\/button>\n\t\t\t\t<button id=\"e-n-tab-title-758412238\" data-tab-title-id=\"e-n-tab-title-758412238\" class=\"e-n-tab-title\" aria-selected=\"false\" data-tab-index=\"8\" role=\"tab\" tabindex=\"-1\" aria-controls=\"e-n-tab-content-758412238\" style=\"--n-tabs-title-order: 8;\">\n\t\t\t\t\t\t<span class=\"e-n-tab-title-text\">\n\t\t\t\tVIE AFFECTIVE ET INTIME\t\t\t<\/span>\n\t\t<\/button>\n\t\t\t\t<button id=\"e-n-tab-title-758412239\" data-tab-title-id=\"e-n-tab-title-758412239\" class=\"e-n-tab-title\" aria-selected=\"false\" data-tab-index=\"9\" role=\"tab\" tabindex=\"-1\" aria-controls=\"e-n-tab-content-758412239\" style=\"--n-tabs-title-order: 9;\">\n\t\t\t\t\t\t<span class=\"e-n-tab-title-text\">\n\t\t\t\tEN CAS D\u2019URGENCE\t\t\t<\/span>\n\t\t<\/button>\n\t\t\t\t\t<\/div>\n\t\t\t<div class=\"e-n-tabs-content\">\n\t\t\t\t<div id=\"e-n-tab-content-758412231\" role=\"tabpanel\" aria-labelledby=\"e-n-tab-title-758412231\" data-tab-index=\"1\" style=\"--n-tabs-title-order: 1;\" class=\"e-active elementor-element elementor-element-621c161 e-con-full e-flex wpr-particle-no wpr-jarallax-no wpr-parallax-no wpr-sticky-section-no wpr-equal-height-no e-con e-child\" data-id=\"621c161\" data-element_type=\"container\" data-e-type=\"container\">\n\t\t\t\t<div class=\"elementor-element elementor-element-3b3e40f elementor-widget-divider--view-line elementor-widget elementor-widget-divider\" data-id=\"3b3e40f\" data-element_type=\"widget\" data-e-type=\"widget\" data-widget_type=\"divider.default\">\n\t\t\t\t<div class=\"elementor-widget-container\">\n\t\t\t\t\t\t\t<div class=\"elementor-divider\">\n\t\t\t<span class=\"elementor-divider-separator\">\n\t\t\t\t\t\t<\/span>\n\t\t<\/div>\n\t\t\t\t\t\t<\/div>\n\t\t\t\t<\/div>\n\t\t\t\t<div class=\"elementor-element elementor-element-27e0b53 elementor-widget elementor-widget-heading\" data-id=\"27e0b53\" data-element_type=\"widget\" data-e-type=\"widget\" data-widget_type=\"heading.default\">\n\t\t\t\t<div class=\"elementor-widget-container\">\n\t\t\t\t\t<h4 class=\"elementor-heading-title elementor-size-default\">L'APLASIE<\/h4>\t\t\t\t<\/div>\n\t\t\t\t<\/div>\n\t\t\t\t<div class=\"elementor-element elementor-element-be6223f elementor-widget elementor-widget-text-editor\" data-id=\"be6223f\" data-element_type=\"widget\" data-e-type=\"widget\" data-widget_type=\"text-editor.default\">\n\t\t\t\t<div class=\"elementor-widget-container\">\n\t\t\t\t\t\t\t\t\t<p>L\u2019aplasie est une diminution transitoire des cellules sanguines (globules blancs, globules rouges et plaquettes). Cette diminution d\u00e9pend des produits et des doses de chimioth\u00e9rapie utilis\u00e9s. Elle survient g\u00e9n\u00e9ralement entre le 6\u00e8me et le 15\u00e8me jour apr\u00e8s votre traitement.<\/p><p>La baisse des globules blancs correspond \u00e0 une leucop\u00e9nie avec un risque de fi\u00e8vre et d\u2019infection. En cas de frissons ou de sensation fi\u00e9vreuse, contr\u00f4lez votre temp\u00e9rature sous le bras.<\/p><p>Selon les cas, un traitement antibiotique pourra vous \u00eatre prescrit par voie orale par votre m\u00e9decin traitant, soit par voie intraveineuse en hospitalisation.<\/p><p>\u00c9vitez le contact avec des personnes ayant des infections m\u00eame banales (rhume, angine, grippe\u2026) ou une maladie infectieuse (rougeole, varicelle, zona\u2026).<\/p><p>\u00c9vitez de vous blesser. En cas de blessure, d\u00e9sinfectez bien (eau + savon si vous n\u2019avez pas de produit d\u00e9sinfectant chez vous) et surveillez l\u2019\u00e9volution.<\/p><p>En cas d\u2019infection (cutan\u00e9e, bronchite\u2026), n\u2019h\u00e9sitez pas \u00e0 faire appel \u00e0 votre m\u00e9decin traitant qui jugera de la conduite \u00e0 tenir ou \u00e0 votre oncologue r\u00e9f\u00e9rent, \u00e0 l\u2019infirmi\u00e8re coordinatrice ou \u00e0 l\u2019\u00e9quipe soignante du Centre Henri Becquerel. Dans certains cas, le m\u00e9decin r\u00e9f\u00e9rent peut \u00eatre amen\u00e9 \u00e0 vous prescrire un traitement par facteurs de croissance, administr\u00e9 en injections sous-cutan\u00e9es \u00e0 la maison.<\/p><p>La baisse des plaquettes correspond \u00e0 une thrombop\u00e9nie. Elle peut entra\u00eener : des saignements des gencives, saignements de nez, saignements au niveau d\u2019une plaie, h\u00e9matomes (\u00abbleus\u00bb) ou des saignements gyn\u00e9cologiques. De tels signes sont\u00a0 \u00e0 signaler \u00e0 votre m\u00e9decin, qui pourra d\u00e9cider de la n\u00e9cessit\u00e9 d\u2019une transfusion.<\/p><p>La baisse des globules rouges et de l\u2019h\u00e9moglobine correspond \u00e0 une an\u00e9mie. Les sympt\u00f4mes peuvent \u00eatre une p\u00e2leur, une fatigue, un essoufflement \u00e0 l\u2019effort, des bourdonnements d\u2019oreille, parfois des \u00e9tourdissements. Il est l\u00e0 aussi important de les signaler \u00e0 votre m\u00e9decin qui pourra d\u00e9cider de l\u2019administration d\u2019un traitement par injections sous-cutan\u00e9es, stimulant la production des globules rouges ou d\u2019une transfusion de globules rouges. Vous devrez alors passer au laboratoire du Centre le matin pour effectuer une prise de sang, n\u00e9cessaire \u00e0 la commande des produits sanguins, qui ne vous seront administr\u00e9s que l\u2019apr\u00e8s-midi. En effet, la pr\u00e9paration de cette commande est r\u00e9alis\u00e9e par l\u2019\u00c9tablissement Fran\u00e7ais du Sang (EFS) qui n\u00e9cessite de nombreuses \u00e9tapes avant la d\u00e9livrance des produits.<\/p><p><strong>Enfin, en cas de soins dentaires, de consultation m\u00e9dicale ou chirurgicale, signalez que vous \u00eates en cours de traitement au Centre Henri Becquerel.<\/strong><\/p>\t\t\t\t\t\t\t\t<\/div>\n\t\t\t\t<\/div>\n\t\t\t\t<\/div>\n\t\t<div id=\"e-n-tab-content-758412232\" role=\"tabpanel\" aria-labelledby=\"e-n-tab-title-758412232\" data-tab-index=\"2\" style=\"--n-tabs-title-order: 2;\" class=\" elementor-element elementor-element-07fc085 e-con-full e-flex wpr-particle-no wpr-jarallax-no wpr-parallax-no wpr-sticky-section-no wpr-equal-height-no e-con e-child\" data-id=\"07fc085\" data-element_type=\"container\" data-e-type=\"container\">\n\t\t\t\t<div class=\"elementor-element elementor-element-4ff0b5d elementor-widget-divider--view-line elementor-widget elementor-widget-divider\" data-id=\"4ff0b5d\" data-element_type=\"widget\" data-e-type=\"widget\" data-widget_type=\"divider.default\">\n\t\t\t\t<div class=\"elementor-widget-container\">\n\t\t\t\t\t\t\t<div class=\"elementor-divider\">\n\t\t\t<span class=\"elementor-divider-separator\">\n\t\t\t\t\t\t<\/span>\n\t\t<\/div>\n\t\t\t\t\t\t<\/div>\n\t\t\t\t<\/div>\n\t\t\t\t<div class=\"elementor-element elementor-element-5ecab93 elementor-widget elementor-widget-heading\" data-id=\"5ecab93\" data-element_type=\"widget\" data-e-type=\"widget\" data-widget_type=\"heading.default\">\n\t\t\t\t<div class=\"elementor-widget-container\">\n\t\t\t\t\t<h4 class=\"elementor-heading-title elementor-size-default\">L\u2019ALOP\u00c9CIE<\/h4>\t\t\t\t<\/div>\n\t\t\t\t<\/div>\n\t\t\t\t<div class=\"elementor-element elementor-element-d7e3cfe elementor-widget elementor-widget-text-editor\" data-id=\"d7e3cfe\" data-element_type=\"widget\" data-e-type=\"widget\" data-widget_type=\"text-editor.default\">\n\t\t\t\t<div class=\"elementor-widget-container\">\n\t\t\t\t\t\t\t\t\t<p>L\u2019alop\u00e9cie est une perte transitoire des cheveux due \u00e0 certaines chimioth\u00e9rapies.<\/p><p>Pour tenter de r\u00e9duire cette chute, un des moyens propos\u00e9s est le port d\u2019un casque r\u00e9frig\u00e9rant pendant la perfusion de chimioth\u00e9rapie.<\/p><p>Le froid appliqu\u00e9 par l\u2019interm\u00e9diaire du casque (poche contenant un gel glac\u00e9) sur le cuir chevelu provoque une diminution de la circulation sanguine dans les vaisseaux qui alimentent le cuir chevelu.<\/p><p>De ce fait, le m\u00e9dicament perfus\u00e9 dans le sang arrive en moindre quantit\u00e9 au niveau du cuir chevelu, il est moins absorb\u00e9 et donc les follicules pileux peuvent \u00eatre moins atteints.<\/p><p>Le port du casque n\u2019est pas tr\u00e8s confortable, il peut \u00eatre responsable de maux de t\u00eate, de douleurs de la nuque, quelquefois de sinusite.<\/p><p>Nous vous conseillons de vous laver les cheveux la veille ou le jour m\u00eame de votre traitement<\/p><p><strong>Comment optimiser l\u2019efficacit\u00e9 du casque :<\/strong><\/p><ul><li>\u00c9viter de vous laver les cheveux trop fr\u00e9quemment dans les jours qui suivent la chimioth\u00e9rapie ;<\/li><li>Nous vous demanderons de vous mouiller \u00e0 l\u2019eau froide les cheveux avant l\u2019application du casque ;<\/li><li>Ne pas vous brosser les cheveux trop \u00e9nergiquement (surtout aux alentours de la 3\u00e8me semaine) ;<\/li><li>Faire une coupe de cheveux plus courte qu\u2019\u00e0 l\u2019habitude ;<\/li><li>Proscrire les traitements agressifs des cheveux (permanente, d\u00e9coloration, brushing, s\u00e8che-cheveux trop chaud, mise en plis).<\/li><\/ul><p>Une prescription de proth\u00e8se capillaire (perruque) vous sera propos\u00e9e.<\/p><p>Par ailleurs, n\u2019h\u00e9sitez pas \u00e0 demander des conseils aupr\u00e8s de nos socio-esth\u00e9ticiennes (prendre contact aupr\u00e8s du secr\u00e9tariat des Soins de support au 02 32 08 29 18) ou des informations aupr\u00e8s de l\u2019ERI (Espace de Rencontres et d\u2019Informations).<\/p>\t\t\t\t\t\t\t\t<\/div>\n\t\t\t\t<\/div>\n\t\t\t\t<div class=\"elementor-element elementor-element-bca01f9 elementor-widget elementor-widget-text-editor\" data-id=\"bca01f9\" data-element_type=\"widget\" data-e-type=\"widget\" data-widget_type=\"text-editor.default\">\n\t\t\t\t<div class=\"elementor-widget-container\">\n\t\t\t\t\t\t\t\t\t<p><strong>Les cheveux commencent \u00e0 repousser le plus souvent 1 \u00e0 2 mois apr\u00e8s l\u2019arr\u00eat du traitement.<\/strong><\/p>\t\t\t\t\t\t\t\t<\/div>\n\t\t\t\t<\/div>\n\t\t\t\t<\/div>\n\t\t<div id=\"e-n-tab-content-758412233\" role=\"tabpanel\" aria-labelledby=\"e-n-tab-title-758412233\" data-tab-index=\"3\" style=\"--n-tabs-title-order: 3;\" class=\" elementor-element elementor-element-7d2e063 e-con-full e-flex wpr-particle-no wpr-jarallax-no wpr-parallax-no wpr-sticky-section-no wpr-equal-height-no e-con e-child\" data-id=\"7d2e063\" data-element_type=\"container\" data-e-type=\"container\">\n\t\t\t\t<div class=\"elementor-element elementor-element-ae6fe26 elementor-widget-divider--view-line elementor-widget elementor-widget-divider\" data-id=\"ae6fe26\" data-element_type=\"widget\" data-e-type=\"widget\" data-widget_type=\"divider.default\">\n\t\t\t\t<div class=\"elementor-widget-container\">\n\t\t\t\t\t\t\t<div class=\"elementor-divider\">\n\t\t\t<span class=\"elementor-divider-separator\">\n\t\t\t\t\t\t<\/span>\n\t\t<\/div>\n\t\t\t\t\t\t<\/div>\n\t\t\t\t<\/div>\n\t\t\t\t<div class=\"elementor-element elementor-element-611b9c1 elementor-widget elementor-widget-heading\" data-id=\"611b9c1\" data-element_type=\"widget\" data-e-type=\"widget\" data-widget_type=\"heading.default\">\n\t\t\t\t<div class=\"elementor-widget-container\">\n\t\t\t\t\t<h4 class=\"elementor-heading-title elementor-size-default\">LA MUCITE<\/h4>\t\t\t\t<\/div>\n\t\t\t\t<\/div>\n\t\t\t\t<div class=\"elementor-element elementor-element-cf48597 elementor-widget elementor-widget-text-editor\" data-id=\"cf48597\" data-element_type=\"widget\" data-e-type=\"widget\" data-widget_type=\"text-editor.default\">\n\t\t\t\t<div class=\"elementor-widget-container\">\n\t\t\t\t\t\t\t\t\t<p>La mucite est une irritation de la muqueuse buccale et digestive induite par certaines chimioth\u00e9rapies.<\/p><p>Les mesures pr\u00e9ventives sont importantes et une hygi\u00e8ne bucco-dentaire correcte est indispensable.<\/p><p>Faites des bains de bouche avec la solution qui vous aura \u00e9t\u00e9 prescrite 4 \u00e0 6 fois\/jour (\u00e9viter les bains de bouche contenant une solution alcoolique), lavez-vous les dents matin et soir avec une brosse \u00e0 dents souple et n\u2019h\u00e9sitez pas \u00e0 demander des m\u00e9dicaments antidouleur (antalgiques) si besoin.<\/p><p>Enfin, il est important de r\u00e9aliser un contr\u00f4le dentaire r\u00e9guli\u00e8rement aupr\u00e8s de votre dentiste.<\/p><p>Des plaquettes d\u2019information sont \u00e0 votre disposition au Centre.<\/p>\t\t\t\t\t\t\t\t<\/div>\n\t\t\t\t<\/div>\n\t\t\t\t<\/div>\n\t\t<div id=\"e-n-tab-content-758412234\" role=\"tabpanel\" aria-labelledby=\"e-n-tab-title-758412234\" data-tab-index=\"4\" style=\"--n-tabs-title-order: 4;\" class=\" elementor-element elementor-element-7b875cb e-flex e-con-boxed wpr-particle-no wpr-jarallax-no wpr-parallax-no wpr-sticky-section-no wpr-equal-height-no e-con e-child\" data-id=\"7b875cb\" data-element_type=\"container\" data-e-type=\"container\">\n\t\t\t\t\t<div class=\"e-con-inner\">\n\t\t\t\t<div class=\"elementor-element elementor-element-c3e0486 elementor-widget-divider--view-line elementor-widget elementor-widget-divider\" data-id=\"c3e0486\" data-element_type=\"widget\" data-e-type=\"widget\" data-widget_type=\"divider.default\">\n\t\t\t\t<div class=\"elementor-widget-container\">\n\t\t\t\t\t\t\t<div class=\"elementor-divider\">\n\t\t\t<span class=\"elementor-divider-separator\">\n\t\t\t\t\t\t<\/span>\n\t\t<\/div>\n\t\t\t\t\t\t<\/div>\n\t\t\t\t<\/div>\n\t\t\t\t<div class=\"elementor-element elementor-element-2ff37bd elementor-widget elementor-widget-heading\" data-id=\"2ff37bd\" data-element_type=\"widget\" data-e-type=\"widget\" data-widget_type=\"heading.default\">\n\t\t\t\t<div class=\"elementor-widget-container\">\n\t\t\t\t\t<h4 class=\"elementor-heading-title elementor-size-default\">R\u00c9ACTIONS CUTAN\u00c9ES<\/h4>\t\t\t\t<\/div>\n\t\t\t\t<\/div>\n\t\t\t\t<div class=\"elementor-element elementor-element-afc505b elementor-widget elementor-widget-text-editor\" data-id=\"afc505b\" data-element_type=\"widget\" data-e-type=\"widget\" data-widget_type=\"text-editor.default\">\n\t\t\t\t<div class=\"elementor-widget-container\">\n\t\t\t\t\t\t\t\t\t<p>Certains traitements peuvent provoquer des r\u00e9actions de la peau (rougeurs, boutons, urticaire avec d\u00e9mangeaisons, s\u00e9cheresse). Les expositions solaires sont \u00e0 \u00e9viter. Il est important d\u2019utiliser des moyens de protections efficaces (chapeau, v\u00eatements \u00e0 manches longues\u2026).<\/p><p>Si besoin, demander avis aupr\u00e8s du m\u00e9decin que vous verrez en consultation.<\/p>\t\t\t\t\t\t\t\t<\/div>\n\t\t\t\t<\/div>\n\t\t\t\t\t<\/div>\n\t\t\t\t<\/div>\n\t\t<div id=\"e-n-tab-content-758412235\" role=\"tabpanel\" aria-labelledby=\"e-n-tab-title-758412235\" data-tab-index=\"5\" style=\"--n-tabs-title-order: 5;\" class=\" elementor-element elementor-element-e4c17c9 e-flex e-con-boxed wpr-particle-no wpr-jarallax-no wpr-parallax-no wpr-sticky-section-no wpr-equal-height-no e-con e-child\" data-id=\"e4c17c9\" data-element_type=\"container\" data-e-type=\"container\">\n\t\t\t\t\t<div class=\"e-con-inner\">\n\t\t\t\t<div class=\"elementor-element elementor-element-86ad5eb elementor-widget-divider--view-line elementor-widget elementor-widget-divider\" data-id=\"86ad5eb\" data-element_type=\"widget\" data-e-type=\"widget\" data-widget_type=\"divider.default\">\n\t\t\t\t<div class=\"elementor-widget-container\">\n\t\t\t\t\t\t\t<div class=\"elementor-divider\">\n\t\t\t<span class=\"elementor-divider-separator\">\n\t\t\t\t\t\t<\/span>\n\t\t<\/div>\n\t\t\t\t\t\t<\/div>\n\t\t\t\t<\/div>\n\t\t\t\t<div class=\"elementor-element elementor-element-cbe985f elementor-widget elementor-widget-heading\" data-id=\"cbe985f\" data-element_type=\"widget\" data-e-type=\"widget\" data-widget_type=\"heading.default\">\n\t\t\t\t<div class=\"elementor-widget-container\">\n\t\t\t\t\t<h4 class=\"elementor-heading-title elementor-size-default\">LES NAUS\u00c9ES, LES VOMISSEMENTS, LE MANQUE D\u2019APP\u00c9TIT<\/h4>\t\t\t\t<\/div>\n\t\t\t\t<\/div>\n\t\t\t\t<div class=\"elementor-element elementor-element-24a1c70 elementor-widget elementor-widget-text-editor\" data-id=\"24a1c70\" data-element_type=\"widget\" data-e-type=\"widget\" data-widget_type=\"text-editor.default\">\n\t\t\t\t<div class=\"elementor-widget-container\">\n\t\t\t\t\t\t\t\t\t<p>Ce sont des effets secondaires fr\u00e9quents des chimioth\u00e9rapies, mais le plus souvent bien contr\u00f4l\u00e9s.<\/p><p>Afin de les pr\u00e9venir, les m\u00e9decins prescrivent des m\u00e9dicaments sp\u00e9cifiques anti\u00e9m\u00e9tiques.<\/p><p>Certains sont \u00e0 prendre avant, pendant et\/ou apr\u00e8s la chimioth\u00e9rapie. Suivez bien les prescriptions et les conseils de votre m\u00e9decin et n\u2019h\u00e9sitez pas \u00e0 en parler lors de la consultation qui pr\u00e9c\u00e8de votre chimioth\u00e9rapie. Une di\u00e9t\u00e9ticienne du Centre est susceptible d\u2019intervenir en cas d\u2019amaigrissement ou de perte d\u2019app\u00e9tit pour vous conseiller.<\/p>\t\t\t\t\t\t\t\t<\/div>\n\t\t\t\t<\/div>\n\t\t\t\t\t<\/div>\n\t\t\t\t<\/div>\n\t\t<div id=\"e-n-tab-content-758412236\" role=\"tabpanel\" aria-labelledby=\"e-n-tab-title-758412236\" data-tab-index=\"6\" style=\"--n-tabs-title-order: 6;\" class=\" elementor-element elementor-element-84e7316 e-flex e-con-boxed wpr-particle-no wpr-jarallax-no wpr-parallax-no wpr-sticky-section-no wpr-equal-height-no e-con e-child\" data-id=\"84e7316\" data-element_type=\"container\" data-e-type=\"container\">\n\t\t\t\t\t<div class=\"e-con-inner\">\n\t\t\t\t<div class=\"elementor-element elementor-element-ce6e16b elementor-widget-divider--view-line elementor-widget elementor-widget-divider\" data-id=\"ce6e16b\" data-element_type=\"widget\" data-e-type=\"widget\" data-widget_type=\"divider.default\">\n\t\t\t\t<div class=\"elementor-widget-container\">\n\t\t\t\t\t\t\t<div class=\"elementor-divider\">\n\t\t\t<span class=\"elementor-divider-separator\">\n\t\t\t\t\t\t<\/span>\n\t\t<\/div>\n\t\t\t\t\t\t<\/div>\n\t\t\t\t<\/div>\n\t\t\t\t<div class=\"elementor-element elementor-element-6888871 elementor-widget elementor-widget-heading\" data-id=\"6888871\" data-element_type=\"widget\" data-e-type=\"widget\" data-widget_type=\"heading.default\">\n\t\t\t\t<div class=\"elementor-widget-container\">\n\t\t\t\t\t<h4 class=\"elementor-heading-title elementor-size-default\">LES ONGLES<\/h4>\t\t\t\t<\/div>\n\t\t\t\t<\/div>\n\t\t\t\t<div class=\"elementor-element elementor-element-53cb9c3 elementor-widget elementor-widget-text-editor\" data-id=\"53cb9c3\" data-element_type=\"widget\" data-e-type=\"widget\" data-widget_type=\"text-editor.default\">\n\t\t\t\t<div class=\"elementor-widget-container\">\n\t\t\t\t\t\t\t\t\t<p>Certains produits de chimioth\u00e9rapie rendent les ongles plus fragiles, stri\u00e9s ou color\u00e9s. Ils reviendront \u00e0 la normale \u00e0 l\u2019issue du traitement.<\/p><p>On peut utiliser des moufles r\u00e9frig\u00e9rantes (m\u00eame mode d\u2019action que le casque) le jour de la chimioth\u00e9rapie pour tenter de diminuer ces complications. Un vernis fonc\u00e9 ou avec une action anti-UV, non nacr\u00e9, peut s\u2019av\u00e9rer efficace pour prot\u00e9ger les ongles de la lumi\u00e8re.<\/p><p>N\u2019h\u00e9sitez pas \u00e0 demander des conseils aupr\u00e8s des socio-esth\u00e9ticiennes (prendre contact aupr\u00e8s du secr\u00e9tariat des Soins de support au 02 32 08 29 18).<\/p>\t\t\t\t\t\t\t\t<\/div>\n\t\t\t\t<\/div>\n\t\t\t\t\t<\/div>\n\t\t\t\t<\/div>\n\t\t<div id=\"e-n-tab-content-758412237\" role=\"tabpanel\" aria-labelledby=\"e-n-tab-title-758412237\" data-tab-index=\"7\" style=\"--n-tabs-title-order: 7;\" class=\" elementor-element elementor-element-925cf4a e-flex e-con-boxed wpr-particle-no wpr-jarallax-no wpr-parallax-no wpr-sticky-section-no wpr-equal-height-no e-con e-child\" data-id=\"925cf4a\" data-element_type=\"container\" data-e-type=\"container\">\n\t\t\t\t\t<div class=\"e-con-inner\">\n\t\t\t\t<div class=\"elementor-element elementor-element-dad8d51 elementor-widget-divider--view-line elementor-widget elementor-widget-divider\" data-id=\"dad8d51\" data-element_type=\"widget\" data-e-type=\"widget\" data-widget_type=\"divider.default\">\n\t\t\t\t<div class=\"elementor-widget-container\">\n\t\t\t\t\t\t\t<div class=\"elementor-divider\">\n\t\t\t<span class=\"elementor-divider-separator\">\n\t\t\t\t\t\t<\/span>\n\t\t<\/div>\n\t\t\t\t\t\t<\/div>\n\t\t\t\t<\/div>\n\t\t\t\t<div class=\"elementor-element elementor-element-51bc0e2 elementor-widget elementor-widget-heading\" data-id=\"51bc0e2\" data-element_type=\"widget\" data-e-type=\"widget\" data-widget_type=\"heading.default\">\n\t\t\t\t<div class=\"elementor-widget-container\">\n\t\t\t\t\t<h4 class=\"elementor-heading-title elementor-size-default\">LA FATIGUE<\/h4>\t\t\t\t<\/div>\n\t\t\t\t<\/div>\n\t\t\t\t<div class=\"elementor-element elementor-element-7432e4b elementor-widget elementor-widget-text-editor\" data-id=\"7432e4b\" data-element_type=\"widget\" data-e-type=\"widget\" data-widget_type=\"text-editor.default\">\n\t\t\t\t<div class=\"elementor-widget-container\">\n\t\t\t\t\t\t\t\t\t<p>Elle est pr\u00e9sente de fa\u00e7on plus ou moins importante selon chacun et selon les traitements utilis\u00e9s. Maintenez autant que possible vos activit\u00e9s \u00e0 votre rythme.<\/p><p>Une activit\u00e9 physique adapt\u00e9e peut \u00e9galement vous permettre d\u2019avoir un effet b\u00e9n\u00e9fique sur la fatigue. Un coach sportif intervient r\u00e9guli\u00e8rement en H\u00f4pital de Jour, un entretien pour vous conseiller dans ce domaine peut vous \u00eatre propos\u00e9.<\/p><p>Vous pouvez \u00e9galement ressentir des difficult\u00e9s de concentration ou de m\u00e9morisation en rapport avec les traitements et la fatigue. Une consultation m\u00e9moire peut vous \u00eatre \u00e9galement propos\u00e9e. N\u2019h\u00e9sitez pas \u00e0 en parler \u00e0 votre m\u00e9decin qui pourra vous conseiller.<\/p>\t\t\t\t\t\t\t\t<\/div>\n\t\t\t\t<\/div>\n\t\t\t\t\t<\/div>\n\t\t\t\t<\/div>\n\t\t<div id=\"e-n-tab-content-758412238\" role=\"tabpanel\" aria-labelledby=\"e-n-tab-title-758412238\" data-tab-index=\"8\" style=\"--n-tabs-title-order: 8;\" class=\" elementor-element elementor-element-420ef43 e-flex e-con-boxed wpr-particle-no wpr-jarallax-no wpr-parallax-no wpr-sticky-section-no wpr-equal-height-no e-con e-child\" data-id=\"420ef43\" data-element_type=\"container\" data-e-type=\"container\">\n\t\t\t\t\t<div class=\"e-con-inner\">\n\t\t\t\t<div class=\"elementor-element elementor-element-99ca6f8 elementor-widget-divider--view-line elementor-widget elementor-widget-divider\" data-id=\"99ca6f8\" data-element_type=\"widget\" data-e-type=\"widget\" data-widget_type=\"divider.default\">\n\t\t\t\t<div class=\"elementor-widget-container\">\n\t\t\t\t\t\t\t<div class=\"elementor-divider\">\n\t\t\t<span class=\"elementor-divider-separator\">\n\t\t\t\t\t\t<\/span>\n\t\t<\/div>\n\t\t\t\t\t\t<\/div>\n\t\t\t\t<\/div>\n\t\t\t\t<div class=\"elementor-element elementor-element-715a300 elementor-widget elementor-widget-heading\" data-id=\"715a300\" data-element_type=\"widget\" data-e-type=\"widget\" data-widget_type=\"heading.default\">\n\t\t\t\t<div class=\"elementor-widget-container\">\n\t\t\t\t\t<h4 class=\"elementor-heading-title elementor-size-default\">VIE AFFECTIVE ET INTIME<\/h4>\t\t\t\t<\/div>\n\t\t\t\t<\/div>\n\t\t\t\t<div class=\"elementor-element elementor-element-89add47 elementor-widget elementor-widget-text-editor\" data-id=\"89add47\" data-element_type=\"widget\" data-e-type=\"widget\" data-widget_type=\"text-editor.default\">\n\t\t\t\t<div class=\"elementor-widget-container\">\n\t\t\t\t\t\t\t\t\t<p>Les traitements contre votre maladie et leurs effets secondaires tels que les naus\u00e9es, les vomissements, la fatigue ou les douleurs peuvent alt\u00e9rer le d\u00e9sir<br \/>sexuel.<\/p><p>La chimioth\u00e9rapie entra\u00eene parfois des irritations des muqueuses :<\/p><ul><li>Au niveau de la bouche sous forme de mucite ;<\/li><li>Au niveau des muqueuses g\u00e9nitales en provoquant parfois des douleurs lors des rapports sexuels.<\/li><\/ul><p>Face \u00e0 ces sympt\u00f4mes, la tendresse, la vie affective et la parole seront tr\u00e8s importantes.<\/p><p>N\u2019h\u00e9sitez pas \u00e0 nous en parler, nous pourrons vous aider \u00e0 comprendre et \u00e0 am\u00e9liorer ces effets secondaires.<\/p>\t\t\t\t\t\t\t\t<\/div>\n\t\t\t\t<\/div>\n\t\t\t\t\t<\/div>\n\t\t\t\t<\/div>\n\t\t<div id=\"e-n-tab-content-758412239\" role=\"tabpanel\" aria-labelledby=\"e-n-tab-title-758412239\" data-tab-index=\"9\" style=\"--n-tabs-title-order: 9;\" class=\" elementor-element elementor-element-aa2f450 e-flex e-con-boxed wpr-particle-no wpr-jarallax-no wpr-parallax-no wpr-sticky-section-no wpr-equal-height-no e-con e-child\" data-id=\"aa2f450\" data-element_type=\"container\" data-e-type=\"container\">\n\t\t\t\t\t<div class=\"e-con-inner\">\n\t\t\t\t<div class=\"elementor-element elementor-element-e6a91f6 elementor-widget-divider--view-line elementor-widget elementor-widget-divider\" data-id=\"e6a91f6\" data-element_type=\"widget\" data-e-type=\"widget\" data-widget_type=\"divider.default\">\n\t\t\t\t<div class=\"elementor-widget-container\">\n\t\t\t\t\t\t\t<div class=\"elementor-divider\">\n\t\t\t<span class=\"elementor-divider-separator\">\n\t\t\t\t\t\t<\/span>\n\t\t<\/div>\n\t\t\t\t\t\t<\/div>\n\t\t\t\t<\/div>\n\t\t\t\t<div class=\"elementor-element elementor-element-9509f34 elementor-widget elementor-widget-heading\" data-id=\"9509f34\" data-element_type=\"widget\" data-e-type=\"widget\" data-widget_type=\"heading.default\">\n\t\t\t\t<div class=\"elementor-widget-container\">\n\t\t\t\t\t<h4 class=\"elementor-heading-title elementor-size-default\">EN CAS D\u2019URGENCE<\/h4>\t\t\t\t<\/div>\n\t\t\t\t<\/div>\n\t\t\t\t<div class=\"elementor-element elementor-element-2b05fb6 elementor-widget elementor-widget-text-editor\" data-id=\"2b05fb6\" data-element_type=\"widget\" data-e-type=\"widget\" data-widget_type=\"text-editor.default\">\n\t\t\t\t<div class=\"elementor-widget-container\">\n\t\t\t\t\t\t\t\t\t<p>Le Centre Henri Becquerel ne disposant pas de service d\u2019accueil d\u2019urgence, ne vous d\u00e9placez pas directement. Contactez-nous par t\u00e9l\u00e9phone.<\/p><p><span style=\"text-decoration: underline;\"><strong>Si votre temp\u00e9rature axillaire (sous le bras) est sup\u00e9rieure \u00e0 38\u00b0C :<\/strong><\/span><\/p><ul><li>R\u00e9alisez une prise de sang en urgence (ordonnance donn\u00e9e \u00e0 la sortie), puis faxez les r\u00e9sultats \u00e0 l\u2019H\u00f4pital de Jour d\u2019Oncologie \u2013 fax 02 32 08 22 84 ;<\/li><li>Pr\u00e9venez votre m\u00e9decin traitant et l\u2019H\u00f4pital de Jour d\u2019Oncologie au 02 32 08 24 50 ou 02 32 08 22 32.<\/li><\/ul><p><strong><span style=\"text-decoration: underline;\">Si vous \u00eates pris en charge par une infirmi\u00e8re coordinatrice du parcours de soins au Centre<\/span>,<\/strong>\u00a0celle-ci peut \u00eatre sollicit\u00e9e en cas de complications lors de vos traitements, n\u2019h\u00e9sitez pas \u00e0 la joindre.<\/p><p><strong>ATTENTION : Durant le traitement, il vaut mieux \u00e9viter de prendre du PARACETAMOL, cela pourrait masquer une hausse de votre temp\u00e9rature et donc une infection.<\/strong><\/p>\t\t\t\t\t\t\t\t<\/div>\n\t\t\t\t<\/div>\n\t\t\t\t\t<\/div>\n\t\t\t\t<\/div>\n\t\t\t\t\t<\/div>\n\t\t<\/div>\n\t\t\t\t\t\t<\/div>\n\t\t\t\t<\/div>\n\t\t\t\t<\/div>\n\t\t\t\t<\/div>\n\t\t","protected":false},"excerpt":{"rendered":"<p>Ce livret a pour objet de vous accompagner tout au long de votre prise en charge en H\u00f4pital de Jour. Nous esp\u00e9rons qu\u2019il vous aidera \u00e0 mieux comprendre votre parcours de soins et qu\u2019il r\u00e9pondra \u00e0 vos diff\u00e9rentes interrogations. L\u2019\u00e9quipe de l\u2019H\u00f4pital de Jour JOINDRE L\u2019H\u00d4PITAL DE JOUR EN CAS DE MODIFICATION DE RENDEZ-VOUS : 02 32 08 29 15 EN CAS D\u2019ORGANISATION DE TRANSFUSION : 02 32 08 24 52 EN CAS DE PROBL\u00c8ME M\u00c9DICAL\u2022 En journ\u00e9e et semaine : 02 32 08 24 50 ou 02 32 08 22 29 ou 02 76 67 30 29\u2022 En dehors des horaires d\u2019ouverture de l\u2019H\u00f4pital de Jour : 02 32 08 22 22Le weekend, la nuit et les jours f\u00e9ri\u00e9s, un m\u00e9decin, en relation avec un oncologue et h\u00e9matologue d\u2019astreinte, assure la permanence des soins au Centre Henri Becquerel. POUR TRANSMETTRE VOS R\u00c9SULTATS DE PRISE DE SANG PAR FAX\u2022 Vous \u00eates pris en charge en oncologie : 02 32 08 22 84\u2022 Vous \u00eates pris en charge en h\u00e9matologie : 02 32 08 25 55 L\u2019H\u00d4PITAL DE JOUR L\u2019H\u00f4pital de Jour est situ\u00e9 au niveau 1 du b\u00e2timent d\u2019hospitalisation du Centre Henri Becquerel. Il accueille deux sp\u00e9cialit\u00e9s : l\u2019oncologie et l\u2019h\u00e9matologie. Il est ouvert du lundi au vendredi de 8h30 \u00e0 18h30. L\u2019\u00e9quipe qui vous prendra en charge comporte : 1 cadre = infirmier ; 3 infirmi\u00e8res coordinatrices ; 1 assistante m\u00e9dicale ; Des infirmiers ; Des aides-soignantes ; Des infirmi\u00e8res de pratique avanc\u00e9e ; Des m\u00e9decins ; Des \u00e9tudiants hospitaliers qui suivent aussi leur formation dans cette unit\u00e9. L\u2019attribution des places s\u2019effectue selon diff\u00e9rents crit\u00e8res, tels que la dur\u00e9e du traitement sur la journ\u00e9e, les premi\u00e8res cures de chimioth\u00e9rapie, l\u2019\u00e9tat de fatigue du patient, d\u2019\u00e9ventuels examens \u00e0 r\u00e9aliser en chambre seule et les disponibilit\u00e9s des chambres. Les patients sont pris en charge en H\u00f4pital de Jour pour : L\u2019administration d\u2019un traitement par voie intra-veineuse ou sous-cutan\u00e9e (chimioth\u00e9rapie) ; Une consultation m\u00e9dicale pour la prise d\u2019un traitement de chimioth\u00e9rapie par comprim\u00e9s \u00e0 domicile ; Des transfusions sanguines ; Des ponctions (ascite, pleurale, lombaire) ; La surveillance de protocoles de recherche clinique. L\u2019unit\u00e9 dispose de 44 places : 22 places en Oncologie et 22 places en H\u00e9matologie. Elle dispose \u00e9galement d\u2019une place dans une salle de soins d\u00e9di\u00e9e au parcours \u00ab injections sous cutan\u00e9es \u00bb. L\u2019H\u00f4pital de Jour accueille en moyenne 130 patients par jour. Votre venue en H\u00f4pital de Jour peut \u00eatre l\u2019occasion de\u00a0d\u00e9signer votre personne de confiance. Pour cela, il vous suffit de remettre le formulaire de d\u00e9signation rempli \u00e0 l\u2019infirmi\u00e8re coordinatrice. LE JOUR DE VOTRE RDV D\u00e8s votre arriv\u00e9e au Centre vous devez vous enregistrer :\u2022 Soit aupr\u00e8s des h\u00f4tesses ;\u2022 Soit au niveau des bornes, par lecture de votre Carte Identifiant \u00e9tablie lors de votre premi\u00e8re visite. Vous devez ensuite vous rendre \u00e0 l\u2019accueil de l\u2019H\u00f4pital de Jour\u00a0situ\u00e9 dans le Hall du niveau 1. Vous serez accueilli par un agent d\u2019accueil qui s\u2019occupera, si n\u00e9cessaire, de l\u2019\u00e9dition de votre bon de transport qui sera \u00e0 faire signer par le m\u00e9decin. Cet agent vous orientera selon votre parcours en H\u00f4pital de Jour en salle d\u2019attente, en salle de consultation, ou vous communiquera votre num\u00e9ro de chambre. Votre arriv\u00e9e dans le service sera ainsi enregistr\u00e9e informatiquement afin que toute l\u2019\u00e9quipe soit pr\u00e9venue de votre pr\u00e9sence. L\u2019ATTENTE Nous nous effor\u00e7ons au maximum de r\u00e9duire votre attente. N\u00e9anmoins, votre venue en H\u00f4pital de Jour correspond \u00e0 une prise en charge qui doit r\u00e9pondre \u00e0 des consignes de s\u00e9curit\u00e9 strictes et des contr\u00f4les successifs, de la prescription \u00e0 l\u2019administration de votre traitement (m\u00e9decins, pharmaciens, infirmiers), ce qui explique souvent les temps d\u2019attente. Il existe une t\u00e9l\u00e9vision dont la prestation est gratuite dans les chambres ainsi qu\u2019en salle d\u2019attente. N\u2019h\u00e9sitez pas \u00e0 amener de la lecture, de la musique ou des activit\u00e9s manuelles pour vous occuper durant cette hospitalisation \u00e0 la journ\u00e9e. L\u2019ACCOMPAGNEMENT Vous pouvez \u00eatre accompagn\u00e9 d\u2019un proche pendant la s\u00e9ance. Cependant nous souhaitons vous sensibiliser au fait que l\u2019H\u00f4pital de Jour doit faire face \u00e0 une forte affluence et des contraintes logistiques comme le fait de disposer majoritairement de chambres doubles. De ce fait nous vous conseillons si possible de vous rendre seul \u00e0 votre rendez-vous. Si vous souhaitez \u00eatre accompagn\u00e9 nous comptons sur votre compr\u00e9hension quand il sera demand\u00e9 \u00e0 votre accompagnant de sortir de la chambre \u00e0 certains moments et de respecter les consignes de l\u2019\u00e9quipe soignante. LES REPAS Pour les patients hospitalis\u00e9s toute la journ\u00e9e et install\u00e9s dans des chambres, un repas est servi vers 12h. Pour les patients pr\u00e9sents sur l\u2019heure du d\u00e9jeuner, des tickets sont distribu\u00e9s par l\u2019aide-soignante afin que vous puissiez vous restaurer \u00e0 la caf\u00e9t\u00e9ria qui se situe au m\u00eame \u00e9tage (niveau 1), une fois la visite m\u00e9dicale effectu\u00e9e. Si vous avez un r\u00e9gime particulier, merci de le signaler d\u00e8s votre arriv\u00e9e \u00e0 l\u2019accueil de l\u2019H\u00f4pital de Jour. L\u2019IDENTITOVIGILANCE Mon identit\u00e9 c\u2019est ma s\u00e9curit\u00e9 ! Pourquoi s\u2019assurer de votre identit\u00e9 \u00e0 chaque \u00e9tape cl\u00e9 de votre passage ?La v\u00e9rification de votre identit\u00e9 permet d\u2019assurer \u00e0 tout moment que l\u2019on d\u00e9livre\u00a0le BON SOIN AU BON PATIENT. Cela \u00e9vite la confusion en cas de patients homonymes, de patients qui ont des difficult\u00e9s \u00e0 s\u2019exprimer ou en situation d\u2019urgence. En H\u00f4pital de Jour votre carte identifiant CHB vous sera r\u00e9clam\u00e9e afin d\u2019effectuer ces contr\u00f4les. De plus nous solliciterons votre participation afin de d\u00e9cliner ou v\u00e9rifier votre d\u2019identit\u00e9 au cours de soins tels que la transfusion ou la pose de chimioth\u00e9rapie, pour votre s\u00e9curit\u00e9. Pensez \u00e0 v\u00e9rifier l\u2019exactitude et concordance de vos documents : carte nationale d\u2019identit\u00e9, passeport, titre ou carte de s\u00e9jour. Si vous constatez une erreur, ou en cas de doute, parlez en sans tarder au bureau des entr\u00e9es ou aux soignants. Si vous avez chang\u00e9 de nom d\u2019usage, pensez \u00e0 actualiser vos documents et \u00e0 nous avertir. NE PAS OUBLIER Une tenue vestimentaire confortable et adapt\u00e9e (chemise, chemisier, gilet) pour faciliter l\u2019accessibilit\u00e9 \u00e0 la chambre implantable ou cath\u00e9ter central. Pensez \u00e0 retirer tout collier pour ne pas entraver les soins ; Si besoin un<\/p>\n","protected":false},"author":2,"featured_media":0,"parent":11366,"menu_order":32,"comment_status":"open","ping_status":"closed","template":"","doc_tag":[],"doc_badge":[],"class_list":["post-11621","docs","type-docs","status-publish","hentry","no-post-thumbnail"],"acf":[],"author_avatar":"https:\/\/secure.gravatar.com\/avatar\/7db39f09eb31979b238e6f566271ef1698ceafd44f34bcd05e22afdceac12d53?s=96&d=mm&r=g","author_name":"Anthony Martinez","_links":{"self":[{"href":"https:\/\/doc.becquerel.fr\/index.php?rest_route=\/wp\/v2\/docs\/11621","targetHints":{"allow":["GET"]}}],"collection":[{"href":"https:\/\/doc.becquerel.fr\/index.php?rest_route=\/wp\/v2\/docs"}],"about":[{"href":"https:\/\/doc.becquerel.fr\/index.php?rest_route=\/wp\/v2\/types\/docs"}],"author":[{"embeddable":true,"href":"https:\/\/doc.becquerel.fr\/index.php?rest_route=\/wp\/v2\/users\/2"}],"replies":[{"embeddable":true,"href":"https:\/\/doc.becquerel.fr\/index.php?rest_route=%2Fwp%2Fv2%2Fcomments&post=11621"}],"version-history":[{"count":50,"href":"https:\/\/doc.becquerel.fr\/index.php?rest_route=\/wp\/v2\/docs\/11621\/revisions"}],"predecessor-version":[{"id":12088,"href":"https:\/\/doc.becquerel.fr\/index.php?rest_route=\/wp\/v2\/docs\/11621\/revisions\/12088"}],"up":[{"embeddable":true,"href":"https:\/\/doc.becquerel.fr\/index.php?rest_route=\/wp\/v2\/docs\/11366"}],"wp:attachment":[{"href":"https:\/\/doc.becquerel.fr\/index.php?rest_route=%2Fwp%2Fv2%2Fmedia&parent=11621"}],"wp:term":[{"taxonomy":"doc_tag","embeddable":true,"href":"https:\/\/doc.becquerel.fr\/index.php?rest_route=%2Fwp%2Fv2%2Fdoc_tag&post=11621"},{"taxonomy":"doc_badge","embeddable":true,"href":"https:\/\/doc.becquerel.fr\/index.php?rest_route=%2Fwp%2Fv2%2Fdoc_badge&post=11621"}],"curies":[{"name":"wp","href":"https:\/\/api.w.org\/{rel}","templated":true}]}}