{"id":12261,"date":"2025-07-16T12:24:15","date_gmt":"2025-07-16T12:24:15","guid":{"rendered":"https:\/\/doc.becquerel.fr\/?docs=documentation-becquerel\/infos-pratiques\/creche-les-petits-becqs-dispositif-enfants-de-patients"},"modified":"2026-02-09T10:26:27","modified_gmt":"2026-02-09T10:26:27","slug":"creche-les-petits-becqs-dispositif-enfants-de-patients","status":"publish","type":"docs","link":"https:\/\/doc.becquerel.fr\/?docs=documentation-becquerel\/infos-pratiques\/creche-les-petits-becqs-dispositif-enfants-de-patients","title":{"rendered":"Cr\u00e8che Les Petits Becqs &#8211; Dispositif Enfants de patients"},"content":{"rendered":"\t\t<div data-elementor-type=\"wp-post\" data-elementor-id=\"12261\" class=\"elementor elementor-12261\">\n\t\t\t\t<div class=\"elementor-element elementor-element-384cb8a e-flex e-con-boxed wpr-particle-no wpr-jarallax-no wpr-parallax-no wpr-sticky-section-no wpr-equal-height-no e-con e-parent\" data-id=\"384cb8a\" data-element_type=\"container\" data-e-type=\"container\">\n\t\t\t\t\t<div class=\"e-con-inner\">\n\t\t\t\t<div class=\"elementor-element elementor-element-aed049c elementor-widget elementor-widget-image\" data-id=\"aed049c\" data-element_type=\"widget\" data-e-type=\"widget\" data-widget_type=\"image.default\">\n\t\t\t\t<div class=\"elementor-widget-container\">\n\t\t\t\t\t\t\t\t\t\t\t\t\t\t\t<img alt=\"\" fetchpriority=\"high\" decoding=\"async\" width=\"1024\" height=\"512\" src=\"https:\/\/doc.becquerel.fr\/wp-content\/uploads\/2025\/07\/une-petite-fille-aux-cheveux-boucles-sourit-et-les-deux-autres-sourient-1024x512.jpg\" class=\"attachment-large size-large wp-image-12263\" alt=\"\" srcset=\"https:\/\/doc.becquerel.fr\/wp-content\/uploads\/2025\/07\/une-petite-fille-aux-cheveux-boucles-sourit-et-les-deux-autres-sourient-1024x512.jpg 1024w, https:\/\/doc.becquerel.fr\/wp-content\/uploads\/2025\/07\/une-petite-fille-aux-cheveux-boucles-sourit-et-les-deux-autres-sourient-300x150.jpg 300w, https:\/\/doc.becquerel.fr\/wp-content\/uploads\/2025\/07\/une-petite-fille-aux-cheveux-boucles-sourit-et-les-deux-autres-sourient-768x384.jpg 768w, https:\/\/doc.becquerel.fr\/wp-content\/uploads\/2025\/07\/une-petite-fille-aux-cheveux-boucles-sourit-et-les-deux-autres-sourient-1536x768.jpg 1536w, https:\/\/doc.becquerel.fr\/wp-content\/uploads\/2025\/07\/une-petite-fille-aux-cheveux-boucles-sourit-et-les-deux-autres-sourient-2048x1024.jpg 2048w\" sizes=\"(max-width: 1024px) 100vw, 1024px\" \/>\t\t\t\t\t\t\t\t\t\t\t\t\t\t\t<\/div>\n\t\t\t\t<\/div>\n\t\t\t\t\t<\/div>\n\t\t\t\t<\/div>\n\t\t<div class=\"elementor-element elementor-element-c3b43ac e-flex e-con-boxed wpr-particle-no wpr-jarallax-no wpr-parallax-no wpr-sticky-section-no wpr-equal-height-no e-con e-parent\" data-id=\"c3b43ac\" data-element_type=\"container\" data-e-type=\"container\">\n\t\t\t\t\t<div class=\"e-con-inner\">\n\t\t<div class=\"elementor-element elementor-element-29337bd e-con-full e-flex wpr-particle-no wpr-jarallax-no wpr-parallax-no wpr-sticky-section-no wpr-equal-height-no e-con e-child\" data-id=\"29337bd\" data-element_type=\"container\" data-e-type=\"container\">\n\t\t\t\t<div class=\"elementor-element elementor-element-f05ca60 elementor-widget elementor-widget-image\" data-id=\"f05ca60\" data-element_type=\"widget\" data-e-type=\"widget\" data-widget_type=\"image.default\">\n\t\t\t\t<div class=\"elementor-widget-container\">\n\t\t\t\t\t\t\t\t\t\t\t\t\t\t\t<img alt=\"\" decoding=\"async\" width=\"1024\" height=\"683\" src=\"https:\/\/doc.becquerel.fr\/wp-content\/uploads\/2025\/07\/VIGNETTE-INTERNET-PETITS-BECQS-1-1024x683.jpg\" class=\"attachment-large size-large wp-image-12264\" alt=\"\" srcset=\"https:\/\/doc.becquerel.fr\/wp-content\/uploads\/2025\/07\/VIGNETTE-INTERNET-PETITS-BECQS-1-1024x683.jpg 1024w, https:\/\/doc.becquerel.fr\/wp-content\/uploads\/2025\/07\/VIGNETTE-INTERNET-PETITS-BECQS-1-300x200.jpg 300w, https:\/\/doc.becquerel.fr\/wp-content\/uploads\/2025\/07\/VIGNETTE-INTERNET-PETITS-BECQS-1-768x512.jpg 768w, https:\/\/doc.becquerel.fr\/wp-content\/uploads\/2025\/07\/VIGNETTE-INTERNET-PETITS-BECQS-1-60x40.jpg 60w, https:\/\/doc.becquerel.fr\/wp-content\/uploads\/2025\/07\/VIGNETTE-INTERNET-PETITS-BECQS-1-1536x1024.jpg 1536w, https:\/\/doc.becquerel.fr\/wp-content\/uploads\/2025\/07\/VIGNETTE-INTERNET-PETITS-BECQS-1.jpg 1875w\" sizes=\"(max-width: 1024px) 100vw, 1024px\" \/>\t\t\t\t\t\t\t\t\t\t\t\t\t\t\t<\/div>\n\t\t\t\t<\/div>\n\t\t\t\t<\/div>\n\t\t<div class=\"elementor-element elementor-element-a7ab9a0 e-con-full e-flex wpr-particle-no wpr-jarallax-no wpr-parallax-no wpr-sticky-section-no wpr-equal-height-no e-con e-child\" data-id=\"a7ab9a0\" data-element_type=\"container\" data-e-type=\"container\">\n\t\t\t\t<div class=\"elementor-element elementor-element-f003986 elementor-widget elementor-widget-text-editor\" data-id=\"f003986\" data-element_type=\"widget\" data-e-type=\"widget\" data-widget_type=\"text-editor.default\">\n\t\t\t\t<div class=\"elementor-widget-container\">\n\t\t\t\t\t\t\t\t\t<p>Accueille vos tout-petits pour vous aider \u00e0 venir sereinement au Centre Henri Becquerel<\/p>\t\t\t\t\t\t\t\t<\/div>\n\t\t\t\t<\/div>\n\t\t\t\t<\/div>\n\t\t\t\t\t<\/div>\n\t\t\t\t<\/div>\n\t\t<div class=\"elementor-element elementor-element-774ab51 e-flex e-con-boxed wpr-particle-no wpr-jarallax-no wpr-parallax-no wpr-sticky-section-no wpr-equal-height-no e-con e-parent\" data-id=\"774ab51\" data-element_type=\"container\" data-e-type=\"container\">\n\t\t\t\t\t<div class=\"e-con-inner\">\n\t\t\t\t<div class=\"elementor-element elementor-element-95c6385 elementor-widget elementor-widget-spacer\" data-id=\"95c6385\" data-element_type=\"widget\" data-e-type=\"widget\" data-widget_type=\"spacer.default\">\n\t\t\t\t<div class=\"elementor-widget-container\">\n\t\t\t\t\t\t\t<div class=\"elementor-spacer\">\n\t\t\t<div class=\"elementor-spacer-inner\"><\/div>\n\t\t<\/div>\n\t\t\t\t\t\t<\/div>\n\t\t\t\t<\/div>\n\t\t\t\t<div class=\"elementor-element elementor-element-8349ed0 elementor-widget elementor-widget-heading\" data-id=\"8349ed0\" data-element_type=\"widget\" data-e-type=\"widget\" data-widget_type=\"heading.default\">\n\t\t\t\t<div class=\"elementor-widget-container\">\n\t\t\t\t\t<h3 class=\"elementor-heading-title elementor-size-default\">LA CR\u00c8CHE \"LES PETITS BECQS\"<\/h3>\t\t\t\t<\/div>\n\t\t\t\t<\/div>\n\t\t\t\t\t<\/div>\n\t\t\t\t<\/div>\n\t\t<div class=\"elementor-element elementor-element-301f04d e-flex e-con-boxed wpr-particle-no wpr-jarallax-no wpr-parallax-no wpr-sticky-section-no wpr-equal-height-no e-con e-parent\" data-id=\"301f04d\" data-element_type=\"container\" data-e-type=\"container\">\n\t\t\t\t\t<div class=\"e-con-inner\">\n\t\t\t\t<div class=\"elementor-element elementor-element-cda308e elementor-widget elementor-widget-text-editor\" data-id=\"cda308e\" data-element_type=\"widget\" data-e-type=\"widget\" data-widget_type=\"text-editor.default\">\n\t\t\t\t<div class=\"elementor-widget-container\">\n\t\t\t\t\t\t\t\t\t<p>Depuis 2018, notre cr\u00e8che, principalement r\u00e9serv\u00e9e aux enfants de nos professionnels de sant\u00e9, offre <strong>une solution simple et rassurante aux patients ou \u00e0 leurs proches-aidants qui rencontrent des difficult\u00e9s de garde.<\/strong><br \/>En confiant votre enfant (moins de 4 ans) \u00e0 notre \u00e9quipe pendant votre pr\u00e9sence au Centre, vous pouvez vous concentrer sur l\u2019essentiel : vos soins ou le soutien \u00e0 votre proche.<\/p><p><span style=\"text-decoration: underline;\">Votre enfant est accueilli<\/span> :<\/p><ul><li>Par des professionnels de la petite enfance exp\u00e9riment\u00e9s<\/li><li>Dans des locaux proches du Centre, chaleureux et adapt\u00e9s<\/li><li>Avec jeux, espaces de vie, ext\u00e9rieur s\u00e9curis\u00e9 et am\u00e9nag\u00e9s, coin repos avec un lit r\u00e9serv\u00e9 et des repas adapt\u00e9s<\/li><\/ul><p>Chaque enfant b\u00e9n\u00e9ficie d\u2019un accompagnement personnalis\u00e9, selon ses habitudes et son rythme.<\/p>\t\t\t\t\t\t\t\t<\/div>\n\t\t\t\t<\/div>\n\t\t\t\t\t<\/div>\n\t\t\t\t<\/div>\n\t\t<div class=\"elementor-element elementor-element-53a8c06 e-flex e-con-boxed wpr-particle-no wpr-jarallax-no wpr-parallax-no wpr-sticky-section-no wpr-equal-height-no e-con e-parent\" data-id=\"53a8c06\" data-element_type=\"container\" data-e-type=\"container\">\n\t\t\t\t\t<div class=\"e-con-inner\">\n\t\t\t\t<div class=\"elementor-element elementor-element-5efd32d elementor-widget elementor-widget-image\" data-id=\"5efd32d\" data-element_type=\"widget\" data-e-type=\"widget\" data-widget_type=\"image.default\">\n\t\t\t\t<div class=\"elementor-widget-container\">\n\t\t\t\t\t\t\t\t\t\t\t\t\t\t\t<img decoding=\"async\" src=\"https:\/\/doc.becquerel.fr\/wp-content\/uploads\/elementor\/thumbs\/Capture-decran-2025-07-16-152651-rhe7e3l07o1b9a3azitzmj5pikpnl5vocsojcoogfs.png\" title=\"Capture d\u2019\u00e9cran 2025-07-16 152651\" alt=\"Capture d\u2019\u00e9cran 2025-07-16 152651\" loading=\"lazy\" \/>\t\t\t\t\t\t\t\t\t\t\t\t\t\t\t<\/div>\n\t\t\t\t<\/div>\n\t\t\t\t\t<\/div>\n\t\t\t\t<\/div>\n\t\t<div class=\"elementor-element elementor-element-7168bc6 e-flex e-con-boxed wpr-particle-no wpr-jarallax-no wpr-parallax-no wpr-sticky-section-no wpr-equal-height-no e-con e-parent\" data-id=\"7168bc6\" data-element_type=\"container\" data-e-type=\"container\">\n\t\t\t\t\t<div class=\"e-con-inner\">\n\t\t\t\t<div class=\"elementor-element elementor-element-38c6e4c elementor-widget elementor-widget-spacer\" data-id=\"38c6e4c\" data-element_type=\"widget\" data-e-type=\"widget\" data-widget_type=\"spacer.default\">\n\t\t\t\t<div class=\"elementor-widget-container\">\n\t\t\t\t\t\t\t<div class=\"elementor-spacer\">\n\t\t\t<div class=\"elementor-spacer-inner\"><\/div>\n\t\t<\/div>\n\t\t\t\t\t\t<\/div>\n\t\t\t\t<\/div>\n\t\t\t\t<div class=\"elementor-element elementor-element-8bf8583 elementor-widget elementor-widget-heading\" data-id=\"8bf8583\" data-element_type=\"widget\" data-e-type=\"widget\" data-widget_type=\"heading.default\">\n\t\t\t\t<div class=\"elementor-widget-container\">\n\t\t\t\t\t<h3 class=\"elementor-heading-title elementor-size-default\">POUR QUI ? DANS QUELLES SITUATIONS ?<\/h3>\t\t\t\t<\/div>\n\t\t\t\t<\/div>\n\t\t\t\t\t<\/div>\n\t\t\t\t<\/div>\n\t\t<div class=\"elementor-element elementor-element-b1cbf11 e-flex e-con-boxed wpr-particle-no wpr-jarallax-no wpr-parallax-no wpr-sticky-section-no wpr-equal-height-no e-con e-parent\" data-id=\"b1cbf11\" data-element_type=\"container\" data-e-type=\"container\">\n\t\t\t\t\t<div class=\"e-con-inner\">\n\t\t\t\t<div class=\"elementor-element elementor-element-63f6928 elementor-widget elementor-widget-text-editor\" data-id=\"63f6928\" data-element_type=\"widget\" data-e-type=\"widget\" data-widget_type=\"text-editor.default\">\n\t\t\t\t<div class=\"elementor-widget-container\">\n\t\t\t\t\t\t\t\t\t<p><span style=\"text-decoration: underline;\">Vous pouvez b\u00e9n\u00e9ficier gratuitement de cet accueil si<\/span> :<\/p><ul><li>Vous venez pour une consultation, un soin ou un examen au Centre Henri Becquerel ;<\/li><li>Vous accompagnez un proche hospitalis\u00e9 ;<\/li><li>Vous avez besoin d\u2019un temps de r\u00e9pit pendant une p\u00e9riode de prise en charge ;<\/li><li>Vous rencontrez ponctuellement un souci de garde.<\/li><\/ul><p style=\"text-align: center;\"><strong>Prendre soin de votre enfant,<\/strong><br \/><strong>sans renoncer \u00e0 vos soins.<\/strong><\/p>\t\t\t\t\t\t\t\t<\/div>\n\t\t\t\t<\/div>\n\t\t\t\t\t<\/div>\n\t\t\t\t<\/div>\n\t\t<div class=\"elementor-element elementor-element-48eb5d1 e-flex e-con-boxed wpr-particle-no wpr-jarallax-no wpr-parallax-no wpr-sticky-section-no wpr-equal-height-no e-con e-parent\" data-id=\"48eb5d1\" data-element_type=\"container\" data-e-type=\"container\">\n\t\t\t\t\t<div class=\"e-con-inner\">\n\t\t\t\t<div class=\"elementor-element elementor-element-e8cf534 elementor-widget elementor-widget-image\" data-id=\"e8cf534\" data-element_type=\"widget\" data-e-type=\"widget\" data-widget_type=\"image.default\">\n\t\t\t\t<div class=\"elementor-widget-container\">\n\t\t\t\t\t\t\t\t\t\t\t\t\t\t\t<img alt=\"\" decoding=\"async\" width=\"920\" height=\"496\" src=\"https:\/\/doc.becquerel.fr\/wp-content\/uploads\/2025\/07\/Capture-decran-2025-07-16-154906.png\" class=\"attachment-large size-large wp-image-12271\" alt=\"\" srcset=\"https:\/\/doc.becquerel.fr\/wp-content\/uploads\/2025\/07\/Capture-decran-2025-07-16-154906.png 920w, https:\/\/doc.becquerel.fr\/wp-content\/uploads\/2025\/07\/Capture-decran-2025-07-16-154906-300x162.png 300w, https:\/\/doc.becquerel.fr\/wp-content\/uploads\/2025\/07\/Capture-decran-2025-07-16-154906-768x414.png 768w, https:\/\/doc.becquerel.fr\/wp-content\/uploads\/2025\/07\/Capture-decran-2025-07-16-154906-410x220.png 410w, https:\/\/doc.becquerel.fr\/wp-content\/uploads\/2025\/07\/Capture-decran-2025-07-16-154906-370x200.png 370w\" sizes=\"(max-width: 920px) 100vw, 920px\" \/>\t\t\t\t\t\t\t\t\t\t\t\t\t\t\t<\/div>\n\t\t\t\t<\/div>\n\t\t\t\t\t<\/div>\n\t\t\t\t<\/div>\n\t\t<div class=\"elementor-element elementor-element-88afba3 e-flex e-con-boxed wpr-particle-no wpr-jarallax-no wpr-parallax-no wpr-sticky-section-no wpr-equal-height-no e-con e-parent\" data-id=\"88afba3\" data-element_type=\"container\" data-e-type=\"container\">\n\t\t\t\t\t<div class=\"e-con-inner\">\n\t\t\t\t<div class=\"elementor-element elementor-element-e63b79a elementor-widget elementor-widget-spacer\" data-id=\"e63b79a\" data-element_type=\"widget\" data-e-type=\"widget\" data-widget_type=\"spacer.default\">\n\t\t\t\t<div class=\"elementor-widget-container\">\n\t\t\t\t\t\t\t<div class=\"elementor-spacer\">\n\t\t\t<div class=\"elementor-spacer-inner\"><\/div>\n\t\t<\/div>\n\t\t\t\t\t\t<\/div>\n\t\t\t\t<\/div>\n\t\t\t\t<div class=\"elementor-element elementor-element-a770cb9 elementor-widget elementor-widget-heading\" data-id=\"a770cb9\" data-element_type=\"widget\" data-e-type=\"widget\" data-widget_type=\"heading.default\">\n\t\t\t\t<div class=\"elementor-widget-container\">\n\t\t\t\t\t<h3 class=\"elementor-heading-title elementor-size-default\">O\u00d9 SE TROUVE LA CR\u00c8CHE :<\/h3>\t\t\t\t<\/div>\n\t\t\t\t<\/div>\n\t\t\t\t\t<\/div>\n\t\t\t\t<\/div>\n\t\t<div class=\"elementor-element elementor-element-31a5f30 e-flex e-con-boxed wpr-particle-no wpr-jarallax-no wpr-parallax-no wpr-sticky-section-no wpr-equal-height-no e-con e-parent\" data-id=\"31a5f30\" data-element_type=\"container\" data-e-type=\"container\">\n\t\t\t\t\t<div class=\"e-con-inner\">\n\t\t\t\t<div class=\"elementor-element elementor-element-23c0774 elementor-widget elementor-widget-image\" data-id=\"23c0774\" data-element_type=\"widget\" data-e-type=\"widget\" data-widget_type=\"image.default\">\n\t\t\t\t<div class=\"elementor-widget-container\">\n\t\t\t\t\t\t\t\t\t\t\t\t\t\t\t<img alt=\"\" loading=\"lazy\" decoding=\"async\" width=\"658\" height=\"838\" src=\"https:\/\/doc.becquerel.fr\/wp-content\/uploads\/2025\/07\/Capture-decran-2025-07-16-154637.png\" class=\"attachment-large size-large wp-image-12270\" alt=\"\" srcset=\"https:\/\/doc.becquerel.fr\/wp-content\/uploads\/2025\/07\/Capture-decran-2025-07-16-154637.png 658w, https:\/\/doc.becquerel.fr\/wp-content\/uploads\/2025\/07\/Capture-decran-2025-07-16-154637-236x300.png 236w\" sizes=\"(max-width: 658px) 100vw, 658px\" \/>\t\t\t\t\t\t\t\t\t\t\t\t\t\t\t<\/div>\n\t\t\t\t<\/div>\n\t\t\t\t\t<\/div>\n\t\t\t\t<\/div>\n\t\t<div class=\"elementor-element elementor-element-9475d0c e-flex e-con-boxed wpr-particle-no wpr-jarallax-no wpr-parallax-no wpr-sticky-section-no wpr-equal-height-no e-con e-parent\" data-id=\"9475d0c\" data-element_type=\"container\" data-e-type=\"container\" data-settings=\"{&quot;background_background&quot;:&quot;classic&quot;}\">\n\t\t\t\t\t<div class=\"e-con-inner\">\n\t\t\t\t<div class=\"elementor-element elementor-element-75e85d2 elementor-widget elementor-widget-heading\" data-id=\"75e85d2\" data-element_type=\"widget\" data-e-type=\"widget\" data-widget_type=\"heading.default\">\n\t\t\t\t<div class=\"elementor-widget-container\">\n\t\t\t\t\t<h3 class=\"elementor-heading-title elementor-size-default\">HORAIRES<\/h3>\t\t\t\t<\/div>\n\t\t\t\t<\/div>\n\t\t\t\t<div class=\"elementor-element elementor-element-b7182ac elementor-widget elementor-widget-text-editor\" data-id=\"b7182ac\" data-element_type=\"widget\" data-e-type=\"widget\" data-widget_type=\"text-editor.default\">\n\t\t\t\t<div class=\"elementor-widget-container\">\n\t\t\t\t\t\t\t\t\t<p>Du lundi au vendredi de 8h \u00e0 18h<br \/>(hors jours f\u00e9ri\u00e9s)<br \/>Autres horaires possibles sur demande<\/p>\t\t\t\t\t\t\t\t<\/div>\n\t\t\t\t<\/div>\n\t\t\t\t\t<\/div>\n\t\t\t\t<\/div>\n\t\t<div class=\"elementor-element elementor-element-189a074 e-flex e-con-boxed wpr-particle-no wpr-jarallax-no wpr-parallax-no wpr-sticky-section-no wpr-equal-height-no e-con e-parent\" data-id=\"189a074\" data-element_type=\"container\" data-e-type=\"container\">\n\t\t\t\t\t<div class=\"e-con-inner\">\n\t\t\t\t<div class=\"elementor-element elementor-element-2ec3c25 elementor-widget elementor-widget-spacer\" data-id=\"2ec3c25\" data-element_type=\"widget\" data-e-type=\"widget\" data-widget_type=\"spacer.default\">\n\t\t\t\t<div class=\"elementor-widget-container\">\n\t\t\t\t\t\t\t<div class=\"elementor-spacer\">\n\t\t\t<div class=\"elementor-spacer-inner\"><\/div>\n\t\t<\/div>\n\t\t\t\t\t\t<\/div>\n\t\t\t\t<\/div>\n\t\t\t\t\t<\/div>\n\t\t\t\t<\/div>\n\t\t<div class=\"elementor-element elementor-element-fbed7e8 e-flex e-con-boxed wpr-particle-no wpr-jarallax-no wpr-parallax-no wpr-sticky-section-no wpr-equal-height-no e-con e-parent\" data-id=\"fbed7e8\" data-element_type=\"container\" data-e-type=\"container\" data-settings=\"{&quot;background_background&quot;:&quot;classic&quot;}\">\n\t\t\t\t\t<div class=\"e-con-inner\">\n\t\t\t\t<div class=\"elementor-element elementor-element-34e832e elementor-widget elementor-widget-heading\" data-id=\"34e832e\" data-element_type=\"widget\" data-e-type=\"widget\" data-widget_type=\"heading.default\">\n\t\t\t\t<div class=\"elementor-widget-container\">\n\t\t\t\t\t<h3 class=\"elementor-heading-title elementor-size-default\">CONTACT<\/h3>\t\t\t\t<\/div>\n\t\t\t\t<\/div>\n\t\t\t\t<div class=\"elementor-element elementor-element-68c4274 elementor-widget elementor-widget-text-editor\" data-id=\"68c4274\" data-element_type=\"widget\" data-e-type=\"widget\" data-widget_type=\"text-editor.default\">\n\t\t\t\t<div class=\"elementor-widget-container\">\n\t\t\t\t\t\t\t\t\t<p><strong>Contactez Agn\u00e8s ou Audrey <\/strong><strong>au 02 32 08 22 08.<\/strong><br \/>Elles r\u00e9pondront \u00e0 toutes vos questions et pr\u00e9pareront l\u2019accueil de votre enfant avec vous.<\/p>\t\t\t\t\t\t\t\t<\/div>\n\t\t\t\t<\/div>\n\t\t\t\t\t<\/div>\n\t\t\t\t<\/div>\n\t\t<div class=\"elementor-element elementor-element-0bff6cb e-flex e-con-boxed wpr-particle-no wpr-jarallax-no wpr-parallax-no wpr-sticky-section-no wpr-equal-height-no e-con e-parent\" data-id=\"0bff6cb\" data-element_type=\"container\" data-e-type=\"container\">\n\t\t\t\t\t<div class=\"e-con-inner\">\n\t\t\t\t<div class=\"elementor-element elementor-element-cdf009e elementor-widget elementor-widget-spacer\" data-id=\"cdf009e\" data-element_type=\"widget\" data-e-type=\"widget\" data-widget_type=\"spacer.default\">\n\t\t\t\t<div class=\"elementor-widget-container\">\n\t\t\t\t\t\t\t<div class=\"elementor-spacer\">\n\t\t\t<div class=\"elementor-spacer-inner\"><\/div>\n\t\t<\/div>\n\t\t\t\t\t\t<\/div>\n\t\t\t\t<\/div>\n\t\t\t\t\t<\/div>\n\t\t\t\t<\/div>\n\t\t<div class=\"elementor-element elementor-element-4cc78ac e-flex e-con-boxed wpr-particle-no wpr-jarallax-no wpr-parallax-no wpr-sticky-section-no wpr-equal-height-no e-con e-parent\" data-id=\"4cc78ac\" data-element_type=\"container\" data-e-type=\"container\">\n\t\t\t\t\t<div class=\"e-con-inner\">\n\t\t<div class=\"elementor-element elementor-element-5fc761c e-con-full e-flex wpr-particle-no wpr-jarallax-no wpr-parallax-no wpr-sticky-section-no wpr-equal-height-no e-con e-child\" data-id=\"5fc761c\" data-element_type=\"container\" data-e-type=\"container\">\n\t\t\t\t<div class=\"elementor-element elementor-element-01fbe7c elementor-widget elementor-widget-image\" data-id=\"01fbe7c\" data-element_type=\"widget\" data-e-type=\"widget\" data-widget_type=\"image.default\">\n\t\t\t\t<div class=\"elementor-widget-container\">\n\t\t\t\t\t\t\t\t\t\t\t\t\t\t\t<img alt=\"\" loading=\"lazy\" decoding=\"async\" width=\"628\" height=\"928\" src=\"https:\/\/doc.becquerel.fr\/wp-content\/uploads\/2025\/07\/Logo-Caf-76-fond-transparent-1.png\" class=\"attachment-full size-full wp-image-12269\" alt=\"\" srcset=\"https:\/\/doc.becquerel.fr\/wp-content\/uploads\/2025\/07\/Logo-Caf-76-fond-transparent-1.png 628w, https:\/\/doc.becquerel.fr\/wp-content\/uploads\/2025\/07\/Logo-Caf-76-fond-transparent-1-203x300.png 203w\" sizes=\"(max-width: 628px) 100vw, 628px\" \/>\t\t\t\t\t\t\t\t\t\t\t\t\t\t\t<\/div>\n\t\t\t\t<\/div>\n\t\t\t\t<\/div>\n\t\t<div class=\"elementor-element elementor-element-0f2a133 e-con-full e-flex wpr-particle-no wpr-jarallax-no wpr-parallax-no wpr-sticky-section-no wpr-equal-height-no e-con e-child\" data-id=\"0f2a133\" data-element_type=\"container\" data-e-type=\"container\">\n\t\t\t\t<div class=\"elementor-element elementor-element-1700a52 elementor-widget elementor-widget-text-editor\" data-id=\"1700a52\" data-element_type=\"widget\" data-e-type=\"widget\" data-widget_type=\"text-editor.default\">\n\t\t\t\t<div class=\"elementor-widget-container\">\n\t\t\t\t\t\t\t\t\t<p>Ce dispositif est financ\u00e9 par le Centre Henri Becquerel <br \/>et par la Caisse d\u2019Allocations Familliales<br \/>de Seine-Maritime<\/p>\t\t\t\t\t\t\t\t<\/div>\n\t\t\t\t<\/div>\n\t\t\t\t<\/div>\n\t\t\t\t\t<\/div>\n\t\t\t\t<\/div>\n\t\t\t\t<\/div>\n\t\t","protected":false},"excerpt":{"rendered":"<p>Accueille vos tout-petits pour vous aider \u00e0 venir sereinement au Centre Henri Becquerel LA CR\u00c8CHE \u00ab\u00a0LES PETITS BECQS\u00a0\u00bb Depuis 2018, notre cr\u00e8che, principalement r\u00e9serv\u00e9e aux enfants de nos professionnels de sant\u00e9, offre une solution simple et rassurante aux patients ou \u00e0 leurs proches-aidants qui rencontrent des difficult\u00e9s de garde.En confiant votre enfant (moins de 4 ans) \u00e0 notre \u00e9quipe pendant votre pr\u00e9sence au Centre, vous pouvez vous concentrer sur l\u2019essentiel : vos soins ou le soutien \u00e0 votre proche. Votre enfant est accueilli : Par des professionnels de la petite enfance exp\u00e9riment\u00e9s Dans des locaux proches du Centre, chaleureux et adapt\u00e9s Avec jeux, espaces de vie, ext\u00e9rieur s\u00e9curis\u00e9 et am\u00e9nag\u00e9s, coin repos avec un lit r\u00e9serv\u00e9 et des repas adapt\u00e9s Chaque enfant b\u00e9n\u00e9ficie d\u2019un accompagnement personnalis\u00e9, selon ses habitudes et son rythme. POUR QUI ? DANS QUELLES SITUATIONS ? Vous pouvez b\u00e9n\u00e9ficier gratuitement de cet accueil si : Vous venez pour une consultation, un soin ou un examen au Centre Henri Becquerel ; Vous accompagnez un proche hospitalis\u00e9 ; Vous avez besoin d\u2019un temps de r\u00e9pit pendant une p\u00e9riode de prise en charge ; Vous rencontrez ponctuellement un souci de garde. Prendre soin de votre enfant,sans renoncer \u00e0 vos soins. O\u00d9 SE TROUVE LA CR\u00c8CHE : HORAIRES Du lundi au vendredi de 8h \u00e0 18h(hors jours f\u00e9ri\u00e9s)Autres horaires possibles sur demande CONTACT Contactez Agn\u00e8s ou Audrey au 02 32 08 22 08.Elles r\u00e9pondront \u00e0 toutes vos questions et pr\u00e9pareront l\u2019accueil de votre enfant avec vous. Ce dispositif est financ\u00e9 par le Centre Henri Becquerel et par la Caisse d\u2019Allocations Famillialesde Seine-Maritime<\/p>\n","protected":false},"author":2,"featured_media":0,"parent":12259,"menu_order":33,"comment_status":"open","ping_status":"closed","template":"","doc_tag":[],"doc_badge":[],"class_list":["post-12261","docs","type-docs","status-publish","hentry","no-post-thumbnail"],"acf":[],"author_avatar":"https:\/\/secure.gravatar.com\/avatar\/7db39f09eb31979b238e6f566271ef1698ceafd44f34bcd05e22afdceac12d53?s=96&d=mm&r=g","author_name":"Anthony Martinez","_links":{"self":[{"href":"https:\/\/doc.becquerel.fr\/index.php?rest_route=\/wp\/v2\/docs\/12261","targetHints":{"allow":["GET"]}}],"collection":[{"href":"https:\/\/doc.becquerel.fr\/index.php?rest_route=\/wp\/v2\/docs"}],"about":[{"href":"https:\/\/doc.becquerel.fr\/index.php?rest_route=\/wp\/v2\/types\/docs"}],"author":[{"embeddable":true,"href":"https:\/\/doc.becquerel.fr\/index.php?rest_route=\/wp\/v2\/users\/2"}],"replies":[{"embeddable":true,"href":"https:\/\/doc.becquerel.fr\/index.php?rest_route=%2Fwp%2Fv2%2Fcomments&post=12261"}],"version-history":[{"count":7,"href":"https:\/\/doc.becquerel.fr\/index.php?rest_route=\/wp\/v2\/docs\/12261\/revisions"}],"predecessor-version":[{"id":12277,"href":"https:\/\/doc.becquerel.fr\/index.php?rest_route=\/wp\/v2\/docs\/12261\/revisions\/12277"}],"up":[{"embeddable":true,"href":"https:\/\/doc.becquerel.fr\/index.php?rest_route=\/wp\/v2\/docs\/12259"}],"wp:attachment":[{"href":"https:\/\/doc.becquerel.fr\/index.php?rest_route=%2Fwp%2Fv2%2Fmedia&parent=12261"}],"wp:term":[{"taxonomy":"doc_tag","embeddable":true,"href":"https:\/\/doc.becquerel.fr\/index.php?rest_route=%2Fwp%2Fv2%2Fdoc_tag&post=12261"},{"taxonomy":"doc_badge","embeddable":true,"href":"https:\/\/doc.becquerel.fr\/index.php?rest_route=%2Fwp%2Fv2%2Fdoc_badge&post=12261"}],"curies":[{"name":"wp","href":"https:\/\/api.w.org\/{rel}","templated":true}]}}