{"id":12420,"date":"2025-09-24T09:45:32","date_gmt":"2025-09-24T09:45:32","guid":{"rendered":"https:\/\/doc.becquerel.fr\/?docs=documentation-becquerel\/parcours-de-soin\/journee-sein"},"modified":"2026-02-09T10:26:27","modified_gmt":"2026-02-09T10:26:27","slug":"journee-sein","status":"publish","type":"docs","link":"https:\/\/doc.becquerel.fr\/?docs=documentation-becquerel\/parcours-de-soin\/journee-sein","title":{"rendered":"Journ\u00e9e Sein"},"content":{"rendered":"\t\t<div data-elementor-type=\"wp-post\" data-elementor-id=\"12420\" class=\"elementor elementor-12420\">\n\t\t\t\t<div class=\"elementor-element elementor-element-f4de15c e-flex e-con-boxed wpr-particle-no wpr-jarallax-no wpr-parallax-no wpr-sticky-section-no wpr-equal-height-no e-con e-parent\" data-id=\"f4de15c\" data-element_type=\"container\" data-e-type=\"container\">\n\t\t\t\t\t<div class=\"e-con-inner\">\n\t\t\t\t<div class=\"elementor-element elementor-element-009e344 elementor-widget elementor-widget-heading\" data-id=\"009e344\" data-element_type=\"widget\" data-e-type=\"widget\" data-widget_type=\"heading.default\">\n\t\t\t\t<div class=\"elementor-widget-container\">\n\t\t\t\t\t<h2 class=\"elementor-heading-title elementor-size-default\">Diagnostic rapide \ndes anomalies suspectes du sein<\/h2>\t\t\t\t<\/div>\n\t\t\t\t<\/div>\n\t\t\t\t\t<\/div>\n\t\t\t\t<\/div>\n\t\t<div class=\"elementor-element elementor-element-4d58972 e-flex e-con-boxed wpr-particle-no wpr-jarallax-no wpr-parallax-no wpr-sticky-section-no wpr-equal-height-no e-con e-parent\" data-id=\"4d58972\" data-element_type=\"container\" data-e-type=\"container\">\n\t\t\t\t\t<div class=\"e-con-inner\">\n\t\t\t\t<div class=\"elementor-element elementor-element-e5867f2 elementor-widget elementor-widget-image\" data-id=\"e5867f2\" data-element_type=\"widget\" data-e-type=\"widget\" data-widget_type=\"image.default\">\n\t\t\t\t<div class=\"elementor-widget-container\">\n\t\t\t\t\t\t\t\t\t\t\t\t\t\t\t<img alt=\"\" fetchpriority=\"high\" decoding=\"async\" width=\"1024\" height=\"342\" src=\"https:\/\/doc.becquerel.fr\/wp-content\/uploads\/2025\/09\/Image-couverture-plaquette-1024x342.jpg\" class=\"attachment-large size-large wp-image-12423\" alt=\"\" srcset=\"https:\/\/doc.becquerel.fr\/wp-content\/uploads\/2025\/09\/Image-couverture-plaquette-1024x342.jpg 1024w, https:\/\/doc.becquerel.fr\/wp-content\/uploads\/2025\/09\/Image-couverture-plaquette-300x100.jpg 300w, https:\/\/doc.becquerel.fr\/wp-content\/uploads\/2025\/09\/Image-couverture-plaquette-768x256.jpg 768w, https:\/\/doc.becquerel.fr\/wp-content\/uploads\/2025\/09\/Image-couverture-plaquette-1536x513.jpg 1536w, https:\/\/doc.becquerel.fr\/wp-content\/uploads\/2025\/09\/Image-couverture-plaquette-2048x683.jpg 2048w\" sizes=\"(max-width: 1024px) 100vw, 1024px\" \/>\t\t\t\t\t\t\t\t\t\t\t\t\t\t\t<\/div>\n\t\t\t\t<\/div>\n\t\t\t\t\t<\/div>\n\t\t\t\t<\/div>\n\t\t<div class=\"elementor-element elementor-element-ec4ee44 e-flex e-con-boxed wpr-particle-no wpr-jarallax-no wpr-parallax-no wpr-sticky-section-no wpr-equal-height-no e-con e-parent\" data-id=\"ec4ee44\" data-element_type=\"container\" data-e-type=\"container\">\n\t\t\t\t\t<div class=\"e-con-inner\">\n\t\t\t\t<div class=\"elementor-element elementor-element-52031a3 elementor-widget elementor-widget-text-editor\" data-id=\"52031a3\" data-element_type=\"widget\" data-e-type=\"widget\" data-widget_type=\"text-editor.default\">\n\t\t\t\t<div class=\"elementor-widget-container\">\n\t\t\t\t\t\t\t\t\t<p>Votre m\u00e9decin traitant, gyn\u00e9cologue, sage-femme ou radiologue, a rep\u00e9r\u00e9 une anomalie (clinique ou radiologique) dans l\u2019un de vos seins. <br \/>Il a souhait\u00e9 que vous preniez rendez-vous \u00e0 la Journ\u00e9e Sein qui a lieu tous les mardis au Centre Henri Becquerel.<\/p>\t\t\t\t\t\t\t\t<\/div>\n\t\t\t\t<\/div>\n\t\t\t\t\t<\/div>\n\t\t\t\t<\/div>\n\t\t<div class=\"elementor-element elementor-element-761cec9 e-flex e-con-boxed wpr-particle-no wpr-jarallax-no wpr-parallax-no wpr-sticky-section-no wpr-equal-height-no e-con e-parent\" data-id=\"761cec9\" data-element_type=\"container\" data-e-type=\"container\" data-settings=\"{&quot;background_background&quot;:&quot;classic&quot;}\">\n\t\t\t\t\t<div class=\"e-con-inner\">\n\t\t\t\t<div class=\"elementor-element elementor-element-e4d48ee elementor-widget elementor-widget-heading\" data-id=\"e4d48ee\" data-element_type=\"widget\" data-e-type=\"widget\" data-widget_type=\"heading.default\">\n\t\t\t\t<div class=\"elementor-widget-container\">\n\t\t\t\t\t<h2 class=\"elementor-heading-title elementor-size-default\">Demander un rendez-vous \n\u00e0 la Journ\u00e9e Sein<\/h2>\t\t\t\t<\/div>\n\t\t\t\t<\/div>\n\t\t\t\t<div class=\"elementor-element elementor-element-6d8844f elementor-widget elementor-widget-image\" data-id=\"6d8844f\" data-element_type=\"widget\" data-e-type=\"widget\" data-widget_type=\"image.default\">\n\t\t\t\t<div class=\"elementor-widget-container\">\n\t\t\t\t\t\t\t\t\t\t\t\t\t\t\t<img alt=\"\" decoding=\"async\" width=\"724\" height=\"159\" src=\"https:\/\/doc.becquerel.fr\/wp-content\/uploads\/2025\/09\/Contact-journee-sein-1.jpg\" class=\"attachment-large size-large wp-image-12425\" alt=\"\" srcset=\"https:\/\/doc.becquerel.fr\/wp-content\/uploads\/2025\/09\/Contact-journee-sein-1.jpg 724w, https:\/\/doc.becquerel.fr\/wp-content\/uploads\/2025\/09\/Contact-journee-sein-1-300x66.jpg 300w\" sizes=\"(max-width: 724px) 100vw, 724px\" \/>\t\t\t\t\t\t\t\t\t\t\t\t\t\t\t<\/div>\n\t\t\t\t<\/div>\n\t\t\t\t<div class=\"elementor-element elementor-element-39cb58e elementor-widget elementor-widget-text-editor\" data-id=\"39cb58e\" data-element_type=\"widget\" data-e-type=\"widget\" data-widget_type=\"text-editor.default\">\n\t\t\t\t<div class=\"elementor-widget-container\">\n\t\t\t\t\t\t\t\t\t<p>Vous devrez transmettre :<\/p><ul><li>Le courrier du m\u00e9decin qui vous adresse<\/li><li>Les r\u00e9sultats d\u2019examens r\u00e9cents <br \/>(mammographies, \u00e9chographies, prise de sang)<\/li><\/ul><p>Votre dossier sera alors \u00e9tudi\u00e9 en comit\u00e9 d\u2019imagerie afin de valider l\u2019accord de rendez-vous.<\/p>\t\t\t\t\t\t\t\t<\/div>\n\t\t\t\t<\/div>\n\t\t\t\t\t<\/div>\n\t\t\t\t<\/div>\n\t\t<div class=\"elementor-element elementor-element-defbc9a e-flex e-con-boxed wpr-particle-no wpr-jarallax-no wpr-parallax-no wpr-sticky-section-no wpr-equal-height-no e-con e-parent\" data-id=\"defbc9a\" data-element_type=\"container\" data-e-type=\"container\">\n\t\t\t\t\t<div class=\"e-con-inner\">\n\t\t\t\t<div class=\"elementor-element elementor-element-51c0bd2 elementor-widget elementor-widget-spacer\" data-id=\"51c0bd2\" data-element_type=\"widget\" data-e-type=\"widget\" data-widget_type=\"spacer.default\">\n\t\t\t\t<div class=\"elementor-widget-container\">\n\t\t\t\t\t\t\t<div class=\"elementor-spacer\">\n\t\t\t<div class=\"elementor-spacer-inner\"><\/div>\n\t\t<\/div>\n\t\t\t\t\t\t<\/div>\n\t\t\t\t<\/div>\n\t\t\t\t<div class=\"elementor-element elementor-element-3da58a9 elementor-widget elementor-widget-heading\" data-id=\"3da58a9\" data-element_type=\"widget\" data-e-type=\"widget\" data-widget_type=\"heading.default\">\n\t\t\t\t<div class=\"elementor-widget-container\">\n\t\t\t\t\t<h2 class=\"elementor-heading-title elementor-size-default\">Qu'est-ce que\nla Journ\u00e9e Sein<\/h2>\t\t\t\t<\/div>\n\t\t\t\t<\/div>\n\t\t\t\t<div class=\"elementor-element elementor-element-1a84764 elementor-widget elementor-widget-text-editor\" data-id=\"1a84764\" data-element_type=\"widget\" data-e-type=\"widget\" data-widget_type=\"text-editor.default\">\n\t\t\t\t<div class=\"elementor-widget-container\">\n\t\t\t\t\t\t\t\t\t<p>C\u2019est une journ\u00e9e pendant laquelle vous passerez tous les examens permettant d\u2019avoir un <strong>premier diagnostic le jour m\u00eame<\/strong>.<\/p><p><strong>Vous serez prise en charge par l\u2019\u00e9quipe de l\u2019Unit\u00e9 Sein<\/strong> :<\/p><ul><li>M\u00e9decins : chirurgien s\u00e9nologue, radiologue, anatomopathologiste, si besoin oncologue et radioth\u00e9rapeute<\/li><li>Infirmi\u00e8re, aide-soignante<\/li><li>Manipulateur en radiologie<\/li><li>Assistante m\u00e9dicale<\/li><\/ul>\t\t\t\t\t\t\t\t<\/div>\n\t\t\t\t<\/div>\n\t\t\t\t\t<\/div>\n\t\t\t\t<\/div>\n\t\t<div class=\"elementor-element elementor-element-8f7309d e-flex e-con-boxed wpr-particle-no wpr-jarallax-no wpr-parallax-no wpr-sticky-section-no wpr-equal-height-no e-con e-parent\" data-id=\"8f7309d\" data-element_type=\"container\" data-e-type=\"container\">\n\t\t\t\t\t<div class=\"e-con-inner\">\n\t\t\t\t<div class=\"elementor-element elementor-element-038f7c5 elementor-widget elementor-widget-heading\" data-id=\"038f7c5\" data-element_type=\"widget\" data-e-type=\"widget\" data-widget_type=\"heading.default\">\n\t\t\t\t<div class=\"elementor-widget-container\">\n\t\t\t\t\t<h3 class=\"elementor-heading-title elementor-size-default\">Vid\u00e9o informative  de la Journ\u00e9e Sein <\/h3>\t\t\t\t<\/div>\n\t\t\t\t<\/div>\n\t\t\t\t<div class=\"elementor-element elementor-element-43d98d7 elementor-widget elementor-widget-video\" data-id=\"43d98d7\" data-element_type=\"widget\" data-e-type=\"widget\" data-settings=\"{&quot;youtube_url&quot;:&quot;https:\\\/\\\/youtu.be\\\/_sbmNT97mKM?si=I7drOXXki7wfYy4U&quot;,&quot;video_type&quot;:&quot;youtube&quot;,&quot;controls&quot;:&quot;yes&quot;}\" data-widget_type=\"video.default\">\n\t\t\t\t<div class=\"elementor-widget-container\">\n\t\t\t\t\t\t\t<div class=\"elementor-wrapper elementor-open-inline\">\n\t\t\t<div class=\"elementor-video\"><\/div>\t\t<\/div>\n\t\t\t\t\t\t<\/div>\n\t\t\t\t<\/div>\n\t\t\t\t\t<\/div>\n\t\t\t\t<\/div>\n\t\t<div class=\"elementor-element elementor-element-d11efe2 e-flex e-con-boxed wpr-particle-no wpr-jarallax-no wpr-parallax-no wpr-sticky-section-no wpr-equal-height-no e-con e-parent\" data-id=\"d11efe2\" data-element_type=\"container\" data-e-type=\"container\">\n\t\t\t\t\t<div class=\"e-con-inner\">\n\t\t\t\t<div class=\"elementor-element elementor-element-c6a15d8 elementor-widget elementor-widget-spacer\" data-id=\"c6a15d8\" data-element_type=\"widget\" data-e-type=\"widget\" data-widget_type=\"spacer.default\">\n\t\t\t\t<div class=\"elementor-widget-container\">\n\t\t\t\t\t\t\t<div class=\"elementor-spacer\">\n\t\t\t<div class=\"elementor-spacer-inner\"><\/div>\n\t\t<\/div>\n\t\t\t\t\t\t<\/div>\n\t\t\t\t<\/div>\n\t\t\t\t<div class=\"elementor-element elementor-element-2ce1747 elementor-widget elementor-widget-heading\" data-id=\"2ce1747\" data-element_type=\"widget\" data-e-type=\"widget\" data-widget_type=\"heading.default\">\n\t\t\t\t<div class=\"elementor-widget-container\">\n\t\t\t\t\t<h2 class=\"elementor-heading-title elementor-size-default\">D\u00e9roulement de la journ\u00e9e<\/h2>\t\t\t\t<\/div>\n\t\t\t\t<\/div>\n\t\t\t\t<div class=\"elementor-element elementor-element-cecd1d7 elementor-widget elementor-widget-heading\" data-id=\"cecd1d7\" data-element_type=\"widget\" data-e-type=\"widget\" data-widget_type=\"heading.default\">\n\t\t\t\t<div class=\"elementor-widget-container\">\n\t\t\t\t\t<h3 class=\"elementor-heading-title elementor-size-default\">1. Accueil administratif<\/h3>\t\t\t\t<\/div>\n\t\t\t\t<\/div>\n\t\t\t\t<div class=\"elementor-element elementor-element-cd045e4 elementor-widget elementor-widget-text-editor\" data-id=\"cd045e4\" data-element_type=\"widget\" data-e-type=\"widget\" data-widget_type=\"text-editor.default\">\n\t\t\t\t<div class=\"elementor-widget-container\">\n\t\t\t\t\t\t\t\t\t<p>Pr\u00e9sentez-vous \u00e0 l\u2019accueil principal de Becquerel, puis au Bureau des Entr\u00e9es (BE) pour enregistrer votre dossier.<\/p>\t\t\t\t\t\t\t\t<\/div>\n\t\t\t\t<\/div>\n\t\t\t\t<div class=\"elementor-element elementor-element-d7e38e1 elementor-widget elementor-widget-heading\" data-id=\"d7e38e1\" data-element_type=\"widget\" data-e-type=\"widget\" data-widget_type=\"heading.default\">\n\t\t\t\t<div class=\"elementor-widget-container\">\n\t\t\t\t\t<h3 class=\"elementor-heading-title elementor-size-default\">2. Accueil dans l'unit\u00e9 sein<\/h3>\t\t\t\t<\/div>\n\t\t\t\t<\/div>\n\t\t\t\t<div class=\"elementor-element elementor-element-31e3e89 elementor-widget elementor-widget-text-editor\" data-id=\"31e3e89\" data-element_type=\"widget\" data-e-type=\"widget\" data-widget_type=\"text-editor.default\">\n\t\t\t\t<div class=\"elementor-widget-container\">\n\t\t\t\t\t\t\t\t\t<p>Vous \u00eates dirig\u00e9e vers l\u2019Unit\u00e9 Sein, d\u00e9di\u00e9e \u00e0 la Journ\u00e9e Sein.<\/p>\t\t\t\t\t\t\t\t<\/div>\n\t\t\t\t<\/div>\n\t\t\t\t<div class=\"elementor-element elementor-element-e2e0c98 elementor-widget elementor-widget-heading\" data-id=\"e2e0c98\" data-element_type=\"widget\" data-e-type=\"widget\" data-widget_type=\"heading.default\">\n\t\t\t\t<div class=\"elementor-widget-container\">\n\t\t\t\t\t<h3 class=\"elementor-heading-title elementor-size-default\">3. Bilan s\u00e9nologique<\/h3>\t\t\t\t<\/div>\n\t\t\t\t<\/div>\n\t\t<div class=\"elementor-element elementor-element-7dc38b3 e-grid e-con-full wpr-particle-no wpr-jarallax-no wpr-parallax-no wpr-sticky-section-no wpr-equal-height-no e-con e-child\" data-id=\"7dc38b3\" data-element_type=\"container\" data-e-type=\"container\">\n\t\t\t\t<div class=\"elementor-element elementor-element-869ce04 elementor-widget elementor-widget-text-editor\" data-id=\"869ce04\" data-element_type=\"widget\" data-e-type=\"widget\" data-widget_type=\"text-editor.default\">\n\t\t\t\t<div class=\"elementor-widget-container\">\n\t\t\t\t\t\t\t\t\t<p>Vous passez une <strong>mammographie<\/strong>. <br \/>Pensez \u00e0 emmener vos anciens clich\u00e9s de mammographie.<\/p><p>Vous pouvez passer d\u2019autres examens en compl\u00e9ment, si besoin (tomographie ou angiomammographie).<\/p>\t\t\t\t\t\t\t\t<\/div>\n\t\t\t\t<\/div>\n\t\t\t\t<div class=\"elementor-element elementor-element-ff2237b elementor-widget elementor-widget-image\" data-id=\"ff2237b\" data-element_type=\"widget\" data-e-type=\"widget\" data-widget_type=\"image.default\">\n\t\t\t\t<div class=\"elementor-widget-container\">\n\t\t\t\t\t\t\t\t\t\t\t\t\t\t\t<img alt=\"\" decoding=\"async\" width=\"300\" height=\"289\" src=\"https:\/\/doc.becquerel.fr\/wp-content\/uploads\/2024\/06\/mammographie-300x289.jpg\" class=\"attachment-medium size-medium wp-image-10726\" alt=\"\" srcset=\"https:\/\/doc.becquerel.fr\/wp-content\/uploads\/2024\/06\/mammographie-300x289.jpg 300w, https:\/\/doc.becquerel.fr\/wp-content\/uploads\/2024\/06\/mammographie-1024x986.jpg 1024w, https:\/\/doc.becquerel.fr\/wp-content\/uploads\/2024\/06\/mammographie-768x740.jpg 768w, https:\/\/doc.becquerel.fr\/wp-content\/uploads\/2024\/06\/mammographie-16x16.jpg 16w, https:\/\/doc.becquerel.fr\/wp-content\/uploads\/2024\/06\/mammographie-40x40.jpg 40w, https:\/\/doc.becquerel.fr\/wp-content\/uploads\/2024\/06\/mammographie-1536x1479.jpg 1536w, https:\/\/doc.becquerel.fr\/wp-content\/uploads\/2024\/06\/mammographie-2048x1972.jpg 2048w, https:\/\/doc.becquerel.fr\/wp-content\/uploads\/2024\/06\/mammographie-18x18.jpg 18w, https:\/\/doc.becquerel.fr\/wp-content\/uploads\/2024\/06\/mammographie-20x20.jpg 20w\" sizes=\"(max-width: 300px) 100vw, 300px\" \/>\t\t\t\t\t\t\t\t\t\t\t\t\t\t\t<\/div>\n\t\t\t\t<\/div>\n\t\t\t\t<\/div>\n\t\t\t\t<div class=\"elementor-element elementor-element-ae388c9 elementor-widget elementor-widget-heading\" data-id=\"ae388c9\" data-element_type=\"widget\" data-e-type=\"widget\" data-widget_type=\"heading.default\">\n\t\t\t\t<div class=\"elementor-widget-container\">\n\t\t\t\t\t<h3 class=\"elementor-heading-title elementor-size-default\">4. Consultation chirurgicale<\/h3>\t\t\t\t<\/div>\n\t\t\t\t<\/div>\n\t\t\t\t<div class=\"elementor-element elementor-element-8fbef8c elementor-widget elementor-widget-text-editor\" data-id=\"8fbef8c\" data-element_type=\"widget\" data-e-type=\"widget\" data-widget_type=\"text-editor.default\">\n\t\t\t\t<div class=\"elementor-widget-container\">\n\t\t\t\t\t\t\t\t\t<p>Vous rencontrez un chirurgien pour :<\/p><ul><li>Faire le point avec vous sur vos ant\u00e9c\u00e9dents m\u00e9dicaux personnels ou familiaux<\/li><li>R\u00e9aliser un examen clinique<\/li><\/ul>\t\t\t\t\t\t\t\t<\/div>\n\t\t\t\t<\/div>\n\t\t\t\t<div class=\"elementor-element elementor-element-c126906 elementor-widget elementor-widget-heading\" data-id=\"c126906\" data-element_type=\"widget\" data-e-type=\"widget\" data-widget_type=\"heading.default\">\n\t\t\t\t<div class=\"elementor-widget-container\">\n\t\t\t\t\t<h3 class=\"elementor-heading-title elementor-size-default\">5. Consultation avec un radiologue<\/h3>\t\t\t\t<\/div>\n\t\t\t\t<\/div>\n\t\t<div class=\"elementor-element elementor-element-773778d e-grid e-con-full wpr-particle-no wpr-jarallax-no wpr-parallax-no wpr-sticky-section-no wpr-equal-height-no e-con e-child\" data-id=\"773778d\" data-element_type=\"container\" data-e-type=\"container\">\n\t\t\t\t<div class=\"elementor-element elementor-element-eedb6b1 elementor-widget elementor-widget-text-editor\" data-id=\"eedb6b1\" data-element_type=\"widget\" data-e-type=\"widget\" data-widget_type=\"text-editor.default\">\n\t\t\t\t<div class=\"elementor-widget-container\">\n\t\t\t\t\t\t\t\t\t<p>Le radiologue va :<\/p><ul><li>Analyser vos clich\u00e9s d\u2019examens<\/li><li>R\u00e9aliser une <span style=\"color: #c41d68;\">\u00e9chographie mammaire et axillaire<\/span><\/li><li>Faire un pr\u00e9l\u00e8vement biopsique, sous anesth\u00e9sie locale, au niveau de la zone suspecte<\/li><\/ul><p><span style=\"color: #c41d68;\">Echographie mammaire et axillaire<span style=\"color: #000000;\"> = techniques d\u2019examens par ultrasons des seins et des ganglions<\/span><\/span><\/p>\t\t\t\t\t\t\t\t<\/div>\n\t\t\t\t<\/div>\n\t\t\t\t<div class=\"elementor-element elementor-element-42d081b elementor-widget elementor-widget-image\" data-id=\"42d081b\" data-element_type=\"widget\" data-e-type=\"widget\" data-widget_type=\"image.default\">\n\t\t\t\t<div class=\"elementor-widget-container\">\n\t\t\t\t\t\t\t\t\t\t\t\t\t\t\t<img alt=\"\" loading=\"lazy\" decoding=\"async\" width=\"768\" height=\"1086\" src=\"https:\/\/doc.becquerel.fr\/wp-content\/uploads\/2024\/06\/Illustration200-1-768x1086.jpg\" class=\"attachment-medium_large size-medium_large wp-image-10722\" alt=\"\" srcset=\"https:\/\/doc.becquerel.fr\/wp-content\/uploads\/2024\/06\/Illustration200-1-768x1086.jpg 768w, https:\/\/doc.becquerel.fr\/wp-content\/uploads\/2024\/06\/Illustration200-1-212x300.jpg 212w, https:\/\/doc.becquerel.fr\/wp-content\/uploads\/2024\/06\/Illustration200-1-724x1024.jpg 724w, https:\/\/doc.becquerel.fr\/wp-content\/uploads\/2024\/06\/Illustration200-1-1086x1536.jpg 1086w, https:\/\/doc.becquerel.fr\/wp-content\/uploads\/2024\/06\/Illustration200-1-1448x2048.jpg 1448w, https:\/\/doc.becquerel.fr\/wp-content\/uploads\/2024\/06\/Illustration200-1-scaled.jpg 1810w\" sizes=\"(max-width: 768px) 100vw, 768px\" \/>\t\t\t\t\t\t\t\t\t\t\t\t\t\t\t<\/div>\n\t\t\t\t<\/div>\n\t\t\t\t<\/div>\n\t\t\t\t<div class=\"elementor-element elementor-element-92696ff elementor-widget elementor-widget-heading\" data-id=\"92696ff\" data-element_type=\"widget\" data-e-type=\"widget\" data-widget_type=\"heading.default\">\n\t\t\t\t<div class=\"elementor-widget-container\">\n\t\t\t\t\t<h3 class=\"elementor-heading-title elementor-size-default\">6. Lecture de vos examens par un m\u00e9decin anatomopathologiste<\/h3>\t\t\t\t<\/div>\n\t\t\t\t<\/div>\n\t\t\t\t<div class=\"elementor-element elementor-element-2592ee3 elementor-widget elementor-widget-text-editor\" data-id=\"2592ee3\" data-element_type=\"widget\" data-e-type=\"widget\" data-widget_type=\"text-editor.default\">\n\t\t\t\t<div class=\"elementor-widget-container\">\n\t\t\t\t\t\t\t\t\t<p>\u00c0 partir du pr\u00e9l\u00e8vement biopsique, un <span style=\"color: #c41d68;\">diagnostic cytologique<\/span> rapide est effectu\u00e9 le jour m\u00eame.<br \/><span style=\"color: #c41d68;\">Diagnostic cytologique<\/span> = analyse au microscope des cellules pr\u00e9lev\u00e9es au moment de la biopsie<\/p><p>Le <span style=\"color: #c41d68;\">r\u00e9sultat histologique<\/span> d\u00e9finitif est adress\u00e9 au m\u00e9decin prescripteur en fin de semaine. <br \/><span style=\"color: #c41d68;\">R\u00e9sultat histologique<\/span> = r\u00e9sultat d\u2019analyse au microscope d\u2019un morceau de tissu pr\u00e9lev\u00e9 au moment de la biopsie<\/p>\t\t\t\t\t\t\t\t<\/div>\n\t\t\t\t<\/div>\n\t\t\t\t<div class=\"elementor-element elementor-element-ac5fdaf elementor-widget elementor-widget-heading\" data-id=\"ac5fdaf\" data-element_type=\"widget\" data-e-type=\"widget\" data-widget_type=\"heading.default\">\n\t\t\t\t<div class=\"elementor-widget-container\">\n\t\t\t\t\t<h3 class=\"elementor-heading-title elementor-size-default\">7. Consultation m\u00e9dicale et r\u00e9sultats<\/h3>\t\t\t\t<\/div>\n\t\t\t\t<\/div>\n\t\t\t\t<div class=\"elementor-element elementor-element-8f093e7 elementor-widget elementor-widget-text-editor\" data-id=\"8f093e7\" data-element_type=\"widget\" data-e-type=\"widget\" data-widget_type=\"text-editor.default\">\n\t\t\t\t<div class=\"elementor-widget-container\">\n\t\t\t\t\t\t\t\t\t<p>L\u2019un des <strong>m\u00e9decins<\/strong> que vous avez rencontr\u00e9 vous re\u00e7oit et vous informe des r\u00e9sultats de vos examens.<br \/>Si un cancer du sein est diagnostiqu\u00e9, le m\u00e9decin envisage avec vous les diff\u00e9rentes modalit\u00e9s de prise en charge th\u00e9rapeutique.<\/p><p>Vous pouvez avoir une consultation avec une <strong>infirmi\u00e8re<\/strong> pour :<\/p><ul><li>Expliquer ou reformuler ce qui vous a \u00e9t\u00e9 dit<\/li><li>Apporter des informations compl\u00e9mentaires sur le d\u00e9roulement des soins<\/li><li>R\u00e9pondre \u00e0 vos questions<\/li><\/ul><p>L\u2019assistante m\u00e9dicale organise avec vous la planification des prochains rendez-vous.<\/p>\t\t\t\t\t\t\t\t<\/div>\n\t\t\t\t<\/div>\n\t\t<div class=\"elementor-element elementor-element-912a9d7 e-con-full e-flex wpr-particle-no wpr-jarallax-no wpr-parallax-no wpr-sticky-section-no wpr-equal-height-no e-con e-child\" data-id=\"912a9d7\" data-element_type=\"container\" data-e-type=\"container\">\n\t\t\t\t<div class=\"elementor-element elementor-element-ab3ecf0 elementor-widget elementor-widget-text-editor\" data-id=\"ab3ecf0\" data-element_type=\"widget\" data-e-type=\"widget\" data-widget_type=\"text-editor.default\">\n\t\t\t\t<div class=\"elementor-widget-container\">\n\t\t\t\t\t\t\t\t\t<p><strong><span style=\"color: #c21d68;\">Un compte-rendu sera envoy\u00e9 au m\u00e9decin qui vous a adress\u00e9e au Centre Henri Becquerel, pour l\u2019informer des conclusions diagnostiques et des \u00e9ventuelles modalit\u00e9s de traitement.<\/span><\/strong><\/p>\t\t\t\t\t\t\t\t<\/div>\n\t\t\t\t<\/div>\n\t\t\t\t<\/div>\n\t\t<div class=\"elementor-element elementor-element-daecdf8 e-con-full e-flex wpr-particle-no wpr-jarallax-no wpr-parallax-no wpr-sticky-section-no wpr-equal-height-no e-con e-child\" data-id=\"daecdf8\" data-element_type=\"container\" data-e-type=\"container\" data-settings=\"{&quot;background_background&quot;:&quot;classic&quot;}\">\n\t\t\t\t<div class=\"elementor-element elementor-element-65b849e elementor-widget elementor-widget-heading\" data-id=\"65b849e\" data-element_type=\"widget\" data-e-type=\"widget\" data-widget_type=\"heading.default\">\n\t\t\t\t<div class=\"elementor-widget-container\">\n\t\t\t\t\t<h3 class=\"elementor-heading-title elementor-size-default\">Cas particuliers<\/h3>\t\t\t\t<\/div>\n\t\t\t\t<\/div>\n\t\t\t\t<div class=\"elementor-element elementor-element-ca3540e elementor-widget elementor-widget-text-editor\" data-id=\"ca3540e\" data-element_type=\"widget\" data-e-type=\"widget\" data-widget_type=\"text-editor.default\">\n\t\t\t\t<div class=\"elementor-widget-container\">\n\t\t\t\t\t\t\t\t\t<p><span style=\"color: #ffffff;\">Dans certains cas, vous pouvez avoir acc\u00e8s le jour m\u00eame \u00e0 une consultation avec un oncologue ou un radioth\u00e9rapeute.<\/span><\/p>\t\t\t\t\t\t\t\t<\/div>\n\t\t\t\t<\/div>\n\t\t\t\t<\/div>\n\t\t<div class=\"elementor-element elementor-element-5f5cfab e-con-full e-flex wpr-particle-no wpr-jarallax-no wpr-parallax-no wpr-sticky-section-no wpr-equal-height-no e-con e-child\" data-id=\"5f5cfab\" data-element_type=\"container\" data-e-type=\"container\">\n\t\t\t\t<div class=\"elementor-element elementor-element-352559d elementor-widget elementor-widget-heading\" data-id=\"352559d\" data-element_type=\"widget\" data-e-type=\"widget\" data-widget_type=\"heading.default\">\n\t\t\t\t<div class=\"elementor-widget-container\">\n\t\t\t\t\t<h3 class=\"elementor-heading-title elementor-size-default\">  Soutien psychologique<\/h3>\t\t\t\t<\/div>\n\t\t\t\t<\/div>\n\t\t\t\t<div class=\"elementor-element elementor-element-4c98a04 elementor-widget elementor-widget-text-editor\" data-id=\"4c98a04\" data-element_type=\"widget\" data-e-type=\"widget\" data-widget_type=\"text-editor.default\">\n\t\t\t\t<div class=\"elementor-widget-container\">\n\t\t\t\t\t\t\t\t\t<p>Vous pouvez rencontrer un psychologue du Centre.<br \/>Ce soutien est gratuit.<\/p><p><strong><span style=\"color: #c21d68;\">Pour prendre rendez-vous : 02 32 08 29 18<\/span><\/strong><\/p>\t\t\t\t\t\t\t\t<\/div>\n\t\t\t\t<\/div>\n\t\t\t\t<\/div>\n\t\t\t\t<div class=\"elementor-element elementor-element-80aa558 elementor-widget elementor-widget-spacer\" data-id=\"80aa558\" data-element_type=\"widget\" data-e-type=\"widget\" data-widget_type=\"spacer.default\">\n\t\t\t\t<div class=\"elementor-widget-container\">\n\t\t\t\t\t\t\t<div class=\"elementor-spacer\">\n\t\t\t<div class=\"elementor-spacer-inner\"><\/div>\n\t\t<\/div>\n\t\t\t\t\t\t<\/div>\n\t\t\t\t<\/div>\n\t\t\t\t\t<\/div>\n\t\t\t\t<\/div>\n\t\t<div class=\"elementor-element elementor-element-46c3040 e-flex e-con-boxed wpr-particle-no wpr-jarallax-no wpr-parallax-no wpr-sticky-section-no wpr-equal-height-no e-con e-parent\" data-id=\"46c3040\" data-element_type=\"container\" data-e-type=\"container\" data-settings=\"{&quot;background_background&quot;:&quot;classic&quot;}\">\n\t\t\t\t\t<div class=\"e-con-inner\">\n\t\t\t\t<div class=\"elementor-element elementor-element-67b70fc elementor-widget elementor-widget-heading\" data-id=\"67b70fc\" data-element_type=\"widget\" data-e-type=\"widget\" data-widget_type=\"heading.default\">\n\t\t\t\t<div class=\"elementor-widget-container\">\n\t\t\t\t\t<h2 class=\"elementor-heading-title elementor-size-default\">Informations pratiques<\/h2>\t\t\t\t<\/div>\n\t\t\t\t<\/div>\n\t\t\t\t<div class=\"elementor-element elementor-element-3937237 elementor-widget elementor-widget-text-editor\" data-id=\"3937237\" data-element_type=\"widget\" data-e-type=\"widget\" data-widget_type=\"text-editor.default\">\n\t\t\t\t<div class=\"elementor-widget-container\">\n\t\t\t\t\t\t\t\t\t<p><strong>Vous n\u2019avez pas besoin d\u2019\u00eatre \u00e0 jeun.<\/strong><\/p><p>Vous devez apporter :<\/p><ul><li>Votre carte vitale + attestation papier<\/li><li>Votre carte de mutuelle<\/li><li>Votre pi\u00e8ce d\u2019identit\u00e9<\/li><li>Les informations sur vos ant\u00e9c\u00e9dents m\u00e9dicaux<\/li><li>La liste de vos traitements (avec les ordonnances r\u00e9centes)<\/li><\/ul>\t\t\t\t\t\t\t\t<\/div>\n\t\t\t\t<\/div>\n\t\t<div class=\"elementor-element elementor-element-ee2ea56 e-con-full e-flex wpr-particle-no wpr-jarallax-no wpr-parallax-no wpr-sticky-section-no wpr-equal-height-no e-con e-child\" data-id=\"ee2ea56\" data-element_type=\"container\" data-e-type=\"container\" data-settings=\"{&quot;background_background&quot;:&quot;classic&quot;}\">\n\t\t\t\t<div class=\"elementor-element elementor-element-557b4fa elementor-widget elementor-widget-text-editor\" data-id=\"557b4fa\" data-element_type=\"widget\" data-e-type=\"widget\" data-widget_type=\"text-editor.default\">\n\t\t\t\t<div class=\"elementor-widget-container\">\n\t\t\t\t\t\t\t\t\t<p><span style=\"color: #c21d68;\"><strong>Si vous prenez des anticoagulants, informez votre m\u00e9decin pour adapter le traitement avant la journ\u00e9e.<\/strong><\/span><\/p>\t\t\t\t\t\t\t\t<\/div>\n\t\t\t\t<\/div>\n\t\t\t\t<\/div>\n\t\t\t\t<div class=\"elementor-element elementor-element-1b8bb8a elementor-widget elementor-widget-heading\" data-id=\"1b8bb8a\" data-element_type=\"widget\" data-e-type=\"widget\" data-widget_type=\"heading.default\">\n\t\t\t\t<div class=\"elementor-widget-container\">\n\t\t\t\t\t<h3 class=\"elementor-heading-title elementor-size-default\">Dur\u00e9e<\/h3>\t\t\t\t<\/div>\n\t\t\t\t<\/div>\n\t\t\t\t<div class=\"elementor-element elementor-element-fcdd83f elementor-widget elementor-widget-text-editor\" data-id=\"fcdd83f\" data-element_type=\"widget\" data-e-type=\"widget\" data-widget_type=\"text-editor.default\">\n\t\t\t\t<div class=\"elementor-widget-container\">\n\t\t\t\t\t\t\t\t\t<p><span style=\"color: #ffffff;\">Pr\u00e9parez-vous \u00e0 rester toute la journ\u00e9e, sans pouvoir quitter l\u2019\u00e9tablissement. <br \/>Cela peut sembler long.<\/span><br \/><span style=\"color: #ffffff;\">Il est conseill\u00e9 de venir accompagn\u00e9e.<\/span><\/p>\t\t\t\t\t\t\t\t<\/div>\n\t\t\t\t<\/div>\n\t\t\t\t<div class=\"elementor-element elementor-element-6510582 elementor-widget elementor-widget-heading\" data-id=\"6510582\" data-element_type=\"widget\" data-e-type=\"widget\" data-widget_type=\"heading.default\">\n\t\t\t\t<div class=\"elementor-widget-container\">\n\t\t\t\t\t<h3 class=\"elementor-heading-title elementor-size-default\">Repas<\/h3>\t\t\t\t<\/div>\n\t\t\t\t<\/div>\n\t\t\t\t<div class=\"elementor-element elementor-element-511ace4 elementor-widget elementor-widget-text-editor\" data-id=\"511ace4\" data-element_type=\"widget\" data-e-type=\"widget\" data-widget_type=\"text-editor.default\">\n\t\t\t\t<div class=\"elementor-widget-container\">\n\t\t\t\t\t\t\t\t\t<p><span style=\"color: #ffffff;\">Un d\u00e9jeuner vous sera offert \u00e0 la caf\u00e9t\u00e9ria. <br \/>Un ticket vous sera donn\u00e9 \u00e0 votre arriv\u00e9e. <br \/>Votre accompagnant peut acheter un repas sur place.<\/span><\/p>\t\t\t\t\t\t\t\t<\/div>\n\t\t\t\t<\/div>\n\t\t\t\t\t<\/div>\n\t\t\t\t<\/div>\n\t\t<div class=\"elementor-element elementor-element-ca0052f e-flex e-con-boxed wpr-particle-no wpr-jarallax-no wpr-parallax-no wpr-sticky-section-no wpr-equal-height-no e-con e-parent\" data-id=\"ca0052f\" data-element_type=\"container\" data-e-type=\"container\">\n\t\t\t\t\t<div class=\"e-con-inner\">\n\t\t\t\t<div class=\"elementor-element elementor-element-96ed0eb elementor-widget elementor-widget-spacer\" data-id=\"96ed0eb\" data-element_type=\"widget\" data-e-type=\"widget\" data-widget_type=\"spacer.default\">\n\t\t\t\t<div class=\"elementor-widget-container\">\n\t\t\t\t\t\t\t<div class=\"elementor-spacer\">\n\t\t\t<div class=\"elementor-spacer-inner\"><\/div>\n\t\t<\/div>\n\t\t\t\t\t\t<\/div>\n\t\t\t\t<\/div>\n\t\t\t\t<div class=\"elementor-element elementor-element-cc9cf92 elementor-widget elementor-widget-heading\" data-id=\"cc9cf92\" data-element_type=\"widget\" data-e-type=\"widget\" data-widget_type=\"heading.default\">\n\t\t\t\t<div class=\"elementor-widget-container\">\n\t\t\t\t\t<h2 class=\"elementor-heading-title elementor-size-default\">Venir \u00e0 Becquerel<\/h2>\t\t\t\t<\/div>\n\t\t\t\t<\/div>\n\t\t\t\t<div class=\"elementor-element elementor-element-2ea3916 elementor-widget elementor-widget-text-editor\" data-id=\"2ea3916\" data-element_type=\"widget\" data-e-type=\"widget\" data-widget_type=\"text-editor.default\">\n\t\t\t\t<div class=\"elementor-widget-container\">\n\t\t\t\t\t\t\t\t\t<p>Becquerel est situ\u00e9 rue d\u2019Amiens \u00e0 Rouen rive droite.<br \/>Il se trouve proche du CHU et du centre-ville.<\/p>\t\t\t\t\t\t\t\t<\/div>\n\t\t\t\t<\/div>\n\t\t\t\t<div class=\"elementor-element elementor-element-28e07ca elementor-widget elementor-widget-heading\" data-id=\"28e07ca\" data-element_type=\"widget\" data-e-type=\"widget\" data-widget_type=\"heading.default\">\n\t\t\t\t<div class=\"elementor-widget-container\">\n\t\t\t\t\t<h3 class=\"elementor-heading-title elementor-size-default\">Vous pouvez venir<\/h3>\t\t\t\t<\/div>\n\t\t\t\t<\/div>\n\t\t\t\t<div class=\"elementor-element elementor-element-9a64ad3 elementor-widget elementor-widget-text-editor\" data-id=\"9a64ad3\" data-element_type=\"widget\" data-e-type=\"widget\" data-widget_type=\"text-editor.default\">\n\t\t\t\t<div class=\"elementor-widget-container\">\n\t\t\t\t\t\t\t\t\t<ul><li>En transports sanitaires<\/li><li>En train<br \/>(Prenez ensuite le TEOR T4 jusqu&rsquo;\u00e0 l&rsquo;arr\u00eat CHU)<\/li><li>En bus ou TEOR<\/li><li>En voiture<br \/>(Les stationnements \u00e0 proximit\u00e9 sont payants)<\/li><\/ul>\t\t\t\t\t\t\t\t<\/div>\n\t\t\t\t<\/div>\n\t\t\t\t<div class=\"elementor-element elementor-element-f3591a9 elementor-widget elementor-widget-image\" data-id=\"f3591a9\" data-element_type=\"widget\" data-e-type=\"widget\" data-widget_type=\"image.default\">\n\t\t\t\t<div class=\"elementor-widget-container\">\n\t\t\t\t\t\t\t\t\t\t\t\t\t\t\t<img alt=\"\" loading=\"lazy\" decoding=\"async\" width=\"725\" height=\"582\" src=\"https:\/\/doc.becquerel.fr\/wp-content\/uploads\/2025\/09\/plan.jpg\" class=\"attachment-large size-large wp-image-12426\" alt=\"\" srcset=\"https:\/\/doc.becquerel.fr\/wp-content\/uploads\/2025\/09\/plan.jpg 725w, https:\/\/doc.becquerel.fr\/wp-content\/uploads\/2025\/09\/plan-300x241.jpg 300w\" sizes=\"(max-width: 725px) 100vw, 725px\" \/>\t\t\t\t\t\t\t\t\t\t\t\t\t\t\t<\/div>\n\t\t\t\t<\/div>\n\t\t\t\t<div class=\"elementor-element elementor-element-32fb19a elementor-widget elementor-widget-spacer\" data-id=\"32fb19a\" data-element_type=\"widget\" data-e-type=\"widget\" data-widget_type=\"spacer.default\">\n\t\t\t\t<div class=\"elementor-widget-container\">\n\t\t\t\t\t\t\t<div class=\"elementor-spacer\">\n\t\t\t<div class=\"elementor-spacer-inner\"><\/div>\n\t\t<\/div>\n\t\t\t\t\t\t<\/div>\n\t\t\t\t<\/div>\n\t\t\t\t\t<\/div>\n\t\t\t\t<\/div>\n\t\t<div class=\"elementor-element elementor-element-2b2b1ee e-flex e-con-boxed wpr-particle-no wpr-jarallax-no wpr-parallax-no wpr-sticky-section-no wpr-equal-height-no e-con e-parent\" data-id=\"2b2b1ee\" data-element_type=\"container\" data-e-type=\"container\" data-settings=\"{&quot;background_background&quot;:&quot;classic&quot;}\">\n\t\t\t\t\t<div class=\"e-con-inner\">\n\t\t\t\t<div class=\"elementor-element elementor-element-438458d elementor-widget elementor-widget-text-editor\" data-id=\"438458d\" data-element_type=\"widget\" data-e-type=\"widget\" data-widget_type=\"text-editor.default\">\n\t\t\t\t<div class=\"elementor-widget-container\">\n\t\t\t\t\t\t\t\t\t<p>Le Centre Henri Becquerel a cr\u00e9\u00e9 la <strong>Journ\u00e9e Sein<\/strong> en 2008.<\/p><p>Cette journ\u00e9e permet de :<\/p><ul><li><strong>R\u00e9duire de plusieurs semaines les d\u00e9lais d\u2019attente pour poser un diagnostic<\/strong><\/li><li><strong>D\u00e9buter un traitement rapidement si besoin<\/strong><\/li><\/ul>\t\t\t\t\t\t\t\t<\/div>\n\t\t\t\t<\/div>\n\t\t\t\t\t<\/div>\n\t\t\t\t<\/div>\n\t\t\t\t<\/div>\n\t\t","protected":false},"excerpt":{"rendered":"<p>Diagnostic rapide des anomalies suspectes du sein Votre m\u00e9decin traitant, gyn\u00e9cologue, sage-femme ou radiologue, a rep\u00e9r\u00e9 une anomalie (clinique ou radiologique) dans l\u2019un de vos seins. Il a souhait\u00e9 que vous preniez rendez-vous \u00e0 la Journ\u00e9e Sein qui a lieu tous les mardis au Centre Henri Becquerel. Demander un rendez-vous \u00e0 la Journ\u00e9e Sein Vous devrez transmettre : Le courrier du m\u00e9decin qui vous adresse Les r\u00e9sultats d\u2019examens r\u00e9cents (mammographies, \u00e9chographies, prise de sang) Votre dossier sera alors \u00e9tudi\u00e9 en comit\u00e9 d\u2019imagerie afin de valider l\u2019accord de rendez-vous. Qu&rsquo;est-ce que la Journ\u00e9e Sein C\u2019est une journ\u00e9e pendant laquelle vous passerez tous les examens permettant d\u2019avoir un premier diagnostic le jour m\u00eame. Vous serez prise en charge par l\u2019\u00e9quipe de l\u2019Unit\u00e9 Sein : M\u00e9decins : chirurgien s\u00e9nologue, radiologue, anatomopathologiste, si besoin oncologue et radioth\u00e9rapeute Infirmi\u00e8re, aide-soignante Manipulateur en radiologie Assistante m\u00e9dicale Vid\u00e9o informative de la Journ\u00e9e Sein D\u00e9roulement de la journ\u00e9e 1. Accueil administratif Pr\u00e9sentez-vous \u00e0 l\u2019accueil principal de Becquerel, puis au Bureau des Entr\u00e9es (BE) pour enregistrer votre dossier. 2. Accueil dans l&rsquo;unit\u00e9 sein Vous \u00eates dirig\u00e9e vers l\u2019Unit\u00e9 Sein, d\u00e9di\u00e9e \u00e0 la Journ\u00e9e Sein. 3. Bilan s\u00e9nologique Vous passez une mammographie. Pensez \u00e0 emmener vos anciens clich\u00e9s de mammographie. Vous pouvez passer d\u2019autres examens en compl\u00e9ment, si besoin (tomographie ou angiomammographie). 4. Consultation chirurgicale Vous rencontrez un chirurgien pour : Faire le point avec vous sur vos ant\u00e9c\u00e9dents m\u00e9dicaux personnels ou familiaux R\u00e9aliser un examen clinique 5. Consultation avec un radiologue Le radiologue va : Analyser vos clich\u00e9s d\u2019examens R\u00e9aliser une \u00e9chographie mammaire et axillaire Faire un pr\u00e9l\u00e8vement biopsique, sous anesth\u00e9sie locale, au niveau de la zone suspecte Echographie mammaire et axillaire = techniques d\u2019examens par ultrasons des seins et des ganglions 6. Lecture de vos examens par un m\u00e9decin anatomopathologiste \u00c0 partir du pr\u00e9l\u00e8vement biopsique, un diagnostic cytologique rapide est effectu\u00e9 le jour m\u00eame.Diagnostic cytologique = analyse au microscope des cellules pr\u00e9lev\u00e9es au moment de la biopsie Le r\u00e9sultat histologique d\u00e9finitif est adress\u00e9 au m\u00e9decin prescripteur en fin de semaine. R\u00e9sultat histologique = r\u00e9sultat d\u2019analyse au microscope d\u2019un morceau de tissu pr\u00e9lev\u00e9 au moment de la biopsie 7. Consultation m\u00e9dicale et r\u00e9sultats L\u2019un des m\u00e9decins que vous avez rencontr\u00e9 vous re\u00e7oit et vous informe des r\u00e9sultats de vos examens.Si un cancer du sein est diagnostiqu\u00e9, le m\u00e9decin envisage avec vous les diff\u00e9rentes modalit\u00e9s de prise en charge th\u00e9rapeutique. Vous pouvez avoir une consultation avec une infirmi\u00e8re pour : Expliquer ou reformuler ce qui vous a \u00e9t\u00e9 dit Apporter des informations compl\u00e9mentaires sur le d\u00e9roulement des soins R\u00e9pondre \u00e0 vos questions L\u2019assistante m\u00e9dicale organise avec vous la planification des prochains rendez-vous. Un compte-rendu sera envoy\u00e9 au m\u00e9decin qui vous a adress\u00e9e au Centre Henri Becquerel, pour l\u2019informer des conclusions diagnostiques et des \u00e9ventuelles modalit\u00e9s de traitement. Cas particuliers Dans certains cas, vous pouvez avoir acc\u00e8s le jour m\u00eame \u00e0 une consultation avec un oncologue ou un radioth\u00e9rapeute. Soutien psychologique Vous pouvez rencontrer un psychologue du Centre.Ce soutien est gratuit. Pour prendre rendez-vous : 02 32 08 29 18 Informations pratiques Vous n\u2019avez pas besoin d\u2019\u00eatre \u00e0 jeun. Vous devez apporter : Votre carte vitale + attestation papier Votre carte de mutuelle Votre pi\u00e8ce d\u2019identit\u00e9 Les informations sur vos ant\u00e9c\u00e9dents m\u00e9dicaux La liste de vos traitements (avec les ordonnances r\u00e9centes) Si vous prenez des anticoagulants, informez votre m\u00e9decin pour adapter le traitement avant la journ\u00e9e. Dur\u00e9e Pr\u00e9parez-vous \u00e0 rester toute la journ\u00e9e, sans pouvoir quitter l\u2019\u00e9tablissement. Cela peut sembler long.Il est conseill\u00e9 de venir accompagn\u00e9e. Repas Un d\u00e9jeuner vous sera offert \u00e0 la caf\u00e9t\u00e9ria. Un ticket vous sera donn\u00e9 \u00e0 votre arriv\u00e9e. Votre accompagnant peut acheter un repas sur place. Venir \u00e0 Becquerel Becquerel est situ\u00e9 rue d\u2019Amiens \u00e0 Rouen rive droite.Il se trouve proche du CHU et du centre-ville. Vous pouvez venir En transports sanitaires En train(Prenez ensuite le TEOR T4 jusqu&rsquo;\u00e0 l&rsquo;arr\u00eat CHU) En bus ou TEOR En voiture(Les stationnements \u00e0 proximit\u00e9 sont payants) Le Centre Henri Becquerel a cr\u00e9\u00e9 la Journ\u00e9e Sein en 2008. Cette journ\u00e9e permet de : R\u00e9duire de plusieurs semaines les d\u00e9lais d\u2019attente pour poser un diagnostic D\u00e9buter un traitement rapidement si besoin<\/p>\n","protected":false},"author":4,"featured_media":0,"parent":11059,"menu_order":30,"comment_status":"open","ping_status":"closed","template":"","doc_tag":[],"doc_badge":[],"class_list":["post-12420","docs","type-docs","status-publish","hentry","no-post-thumbnail"],"acf":[],"author_avatar":"https:\/\/secure.gravatar.com\/avatar\/bac4f10dca2a638ead87aa6a338cd33bc00c180770c2bd0d6e5f3c64abafea3e?s=96&d=mm&r=g","author_name":"Claire D\u00e9sir\u00e9","_links":{"self":[{"href":"https:\/\/doc.becquerel.fr\/index.php?rest_route=\/wp\/v2\/docs\/12420","targetHints":{"allow":["GET"]}}],"collection":[{"href":"https:\/\/doc.becquerel.fr\/index.php?rest_route=\/wp\/v2\/docs"}],"about":[{"href":"https:\/\/doc.becquerel.fr\/index.php?rest_route=\/wp\/v2\/types\/docs"}],"author":[{"embeddable":true,"href":"https:\/\/doc.becquerel.fr\/index.php?rest_route=\/wp\/v2\/users\/4"}],"replies":[{"embeddable":true,"href":"https:\/\/doc.becquerel.fr\/index.php?rest_route=%2Fwp%2Fv2%2Fcomments&post=12420"}],"version-history":[{"count":7,"href":"https:\/\/doc.becquerel.fr\/index.php?rest_route=\/wp\/v2\/docs\/12420\/revisions"}],"predecessor-version":[{"id":12435,"href":"https:\/\/doc.becquerel.fr\/index.php?rest_route=\/wp\/v2\/docs\/12420\/revisions\/12435"}],"up":[{"embeddable":true,"href":"https:\/\/doc.becquerel.fr\/index.php?rest_route=\/wp\/v2\/docs\/11059"}],"wp:attachment":[{"href":"https:\/\/doc.becquerel.fr\/index.php?rest_route=%2Fwp%2Fv2%2Fmedia&parent=12420"}],"wp:term":[{"taxonomy":"doc_tag","embeddable":true,"href":"https:\/\/doc.becquerel.fr\/index.php?rest_route=%2Fwp%2Fv2%2Fdoc_tag&post=12420"},{"taxonomy":"doc_badge","embeddable":true,"href":"https:\/\/doc.becquerel.fr\/index.php?rest_route=%2Fwp%2Fv2%2Fdoc_badge&post=12420"}],"curies":[{"name":"wp","href":"https:\/\/api.w.org\/{rel}","templated":true}]}}